{"id":11219,"date":"2025-10-31T12:22:26","date_gmt":"2025-10-31T11:22:26","guid":{"rendered":"https:\/\/www.ecolenormalecortot.com\/event\/festival-elite-avec-cyprien-lengagne\/"},"modified":"2026-02-03T16:47:01","modified_gmt":"2026-02-03T15:47:01","slug":"festival-elite-avec-cyprien-lengagne","status":"publish","type":"event","link":"https:\/\/www.ecolenormalecortot.com\/en\/event\/festival-elite-avec-cyprien-lengagne\/","title":{"rendered":"Festival Elite avec Cyprien Lengagne"},"content":{"rendered":"\n<p class=\"has-large-font-size\"><strong>Festival Elite avec Cyprien Lengagne<\/strong><\/p>\n\n\n\n<p class=\"has-medium-font-size\">Le Programme \u00c9lite pr\u00e9pare les grands artistes de demain en les accompagnant dans leur projet artistique aux c\u00f4t\u00e9s de ma\u00eetres et solistes internationaux. Ils se produisent dans le cadre du nouveau \u00abFestival \u00c9lite\u00bb port\u00e9 par l\u2019acoustique unique de la <strong><a href=\"https:\/\/sallecortot.com\/\" target=\"_blank\" rel=\"noreferrer noopener\">Salle Cortot<\/a><\/strong>.<\/p>\n\n\n\n<div style=\"height:72px\" aria-hidden=\"true\" class=\"wp-block-spacer\"><\/div>\n\n\n\n<h3 class=\"wp-block-heading\">Programme<\/h3>\n\n\n\n<h2 class=\"wp-block-heading has-medium-font-size\"><strong>Cyprien\u00a0Lengagne, violoncelle<\/strong>\u202f<\/h2>\n\n\n\n<h2 class=\"wp-block-heading has-medium-font-size\"><strong>Gabriel\u00a0Durliat, piano\u00a0<\/strong><\/h2>\n\n\n\n<p style=\"font-size:18px\"><strong>Nadia\u00a0Boulanger\u00a0(1887-1979), <\/strong>Trois\u00a0pi\u00e8ces\u00a0<\/p>\n\n\n\n<ul class=\"wp-block-list\">\n<li style=\"font-size:18px\"><em>Mod\u00e9r\u00e9<\/em>\u00a0\u00a0<\/li>\n\n\n\n<li style=\"font-size:18px\"><em>Sans vitesse et \u00e0 l\u2019aise<\/em>\u00a0\u00a0<\/li>\n\n\n\n<li style=\"font-size:18px\"><em>Vite et nerveusement rythm\u00e9<\/em>\u00a0\u00a0<\/li>\n<\/ul>\n\n\n\n<p style=\"font-size:18px\"><strong>Clara\u00a0Schumann, <\/strong>Trois\u00a0Romances\u00a0op. 22\u00a0<\/p>\n\n\n\n<ul class=\"wp-block-list\">\n<li style=\"font-size:18px\"><em>Andante molto<\/em>\u202f\u00a0\u00a0<\/li>\n\n\n\n<li style=\"font-size:18px\"><em>Allegretto<\/em>\u202f\u00a0\u00a0<\/li>\n\n\n\n<li style=\"font-size:18px\"><em>Leidenschaftlich\u00a0schnell<\/em>\u202f\u00a0\u00a0<\/li>\n<\/ul>\n\n\n\n<p style=\"font-size:18px\"><strong>Alfred\u00a0Schnittke\u00a0(1934-1998),<\/strong> Sonate n\u00b01 pour violoncelle et piano (1978)\u00a0<\/p>\n\n\n\n<ul class=\"wp-block-list\">\n<li style=\"font-size:18px\"><em>Largo<\/em>\u00a0<\/li>\n\n\n\n<li style=\"font-size:18px\"><em>Presto<\/em>\u00a0<\/li>\n\n\n\n<li style=\"font-size:18px\"><em>Largo<\/em>\u00a0<\/li>\n<\/ul>\n\n\n\n<p style=\"font-size:18px\"><strong>Benjamin\u00a0Britten<\/strong> &#8211; Sonate pour violoncelle et piano\u00a0<\/p>\n\n\n\n<ul class=\"wp-block-list\">\n<li style=\"font-size:18px\"><em>Dialogo\u202f: Allegro<\/em>\u202f\u00a0<\/li>\n\n\n\n<li style=\"font-size:18px\"><em>Scherzo-pizzicato\u202f:\u00a0Allegretto<\/em>\u202f\u00a0<\/li>\n\n\n\n<li style=\"font-size:18px\"><em>Elegia\u202f: Lento<\/em>\u202f\u00a0<\/li>\n\n\n\n<li style=\"font-size:18px\"><em>Marcia\u202f:\u00a0Energico<\/em>\u202f\u00a0<\/li>\n\n\n\n<li style=\"font-size:18px\"><em>Moto\u00a0perpetuo\u202f:\u00a0Poco presto<\/em><\/li>\n<\/ul>\n\n\n\n<div style=\"height:100px\" aria-hidden=\"true\" class=\"wp-block-spacer\"><\/div>\n\n\n\n<h3 class=\"wp-block-heading\">Organisateur<\/h3>\n\n\n<div class=\"wp-block-image\">\n<figure class=\"alignleft size-large is-resized\"><img decoding=\"async\" src=\"https:\/\/sallecortot.com\/wp-content\/uploads\/2024\/08\/LOGO-3-LIGNES-BLANC-1024x251.png\" alt=\"\" class=\"wp-image-1353\" style=\"width:218px;height:auto\"\/><\/figure>\n<\/div>\n\n\n<div style=\"height:110px\" aria-hidden=\"true\" class=\"wp-block-spacer\"><\/div>\n\n\n\r\n    <a href=\"https:\/\/sallecortot.com\/la-programmation\/\" target=\"_blank\" class=\"block-cta style-link\">\r\n        Toute la Programmation    <\/a>\r\n","protected":false},"excerpt":{"rendered":"<p>Festival Elite avec Cyprien Lengagne Le Programme \u00c9lite pr\u00e9pare les grands artistes de demain en les accompagnant dans leur projet [&hellip;]<\/p>\n","protected":false},"featured_media":11662,"template":"","meta":{"_acf_changed":false},"event_category":[65],"class_list":["post-11219","event","type-event","status-publish","has-post-thumbnail","hentry","event_category-les-rencontres-musicales-de-cortot"],"acf":{"presentation":"","musicians":"","program":"","host":"","date":"2026-02-25 19:30:00","time_start":"19:30","time_end":"","end_date":"","location_name":"","location_address":"","phone":"","link":"","booking_link":"https:\/\/my.weezevent.com\/festival-elite-2026?_gl=1*mz8f1l*_gcl_au*MzgxMDgzNjk1LjE3NTYzMDIxNTAuMjAzOTc1MjM0LjE3NjAwODYwMTguMTc2MDA4NjAxOA..*_ga*MTQ4NjUxMTEzMi4xNzU5NDE2MjA1*_ga_39H9VBFX7G*czE3NjA0MzY1NzQkbzcxJGcxJHQxNzYwNDM3NjUyJGo2MCRsMCRoMTM0OTcyNjc5MA..","price_from":"Entr\u00e9e libre sur r\u00e9servation.","hide_price":false,"teachers":"","event_type":"Festival \u00c9lite","datetime":"2026-02-25 19:30:00","end_datetime":"","booking_infos":"","source_post_id":"6618"},"yoast_head":"<!-- This site is optimized with the Yoast SEO plugin v27.5 - https:\/\/yoast.com\/product\/yoast-seo-wordpress\/ -->\n<title>Festival Elite avec Cyprien Lengagne - Ecole Normale de Musique de Paris<\/title>\n<meta name=\"robots\" content=\"index, follow, max-snippet:-1, max-image-preview:large, max-video-preview:-1\" \/>\n<link rel=\"canonical\" href=\"https:\/\/www.ecolenormalecortot.com\/en\/event\/festival-elite-avec-cyprien-lengagne\/\" \/>\n<meta property=\"og:locale\" content=\"en_US\" \/>\n<meta property=\"og:type\" content=\"article\" \/>\n<meta property=\"og:title\" content=\"Festival Elite avec Cyprien Lengagne - Ecole Normale de Musique de Paris\" \/>\n<meta property=\"og:description\" content=\"Festival Elite avec Cyprien Lengagne Le Programme \u00c9lite pr\u00e9pare les grands artistes de demain en les accompagnant dans leur projet [&hellip;]\" \/>\n<meta property=\"og:url\" content=\"https:\/\/www.ecolenormalecortot.com\/en\/event\/festival-elite-avec-cyprien-lengagne\/\" \/>\n<meta property=\"og:site_name\" content=\"Ecole Normale de Musique de Paris\" \/>\n<meta property=\"article:modified_time\" content=\"2026-02-03T15:47:01+00:00\" \/>\n<meta property=\"og:image\" content=\"https:\/\/www.ecolenormalecortot.com\/wp-content\/uploads\/2025\/10\/cyprien-lengagne-1110x643-1.png\" \/>\n\t<meta property=\"og:image:width\" content=\"1110\" \/>\n\t<meta property=\"og:image:height\" content=\"643\" \/>\n\t<meta property=\"og:image:type\" content=\"image\/png\" \/>\n<meta name=\"twitter:card\" content=\"summary_large_image\" \/>\n<meta name=\"twitter:label1\" content=\"Est. reading time\" \/>\n\t<meta name=\"twitter:data1\" content=\"2 minutes\" \/>\n<script type=\"application\/ld+json\" class=\"yoast-schema-graph\">{\"@context\":\"https:\\\/\\\/schema.org\",\"@graph\":[{\"@type\":\"WebPage\",\"@id\":\"https:\\\/\\\/www.ecolenormalecortot.com\\\/en\\\/event\\\/festival-elite-avec-cyprien-lengagne\\\/\",\"url\":\"https:\\\/\\\/www.ecolenormalecortot.com\\\/en\\\/event\\\/festival-elite-avec-cyprien-lengagne\\\/\",\"name\":\"Festival Elite avec Cyprien Lengagne - Ecole Normale de Musique de Paris\",\"isPartOf\":{\"@id\":\"https:\\\/\\\/www.ecolenormalecortot.com\\\/en\\\/#website\"},\"primaryImageOfPage\":{\"@id\":\"https:\\\/\\\/www.ecolenormalecortot.com\\\/en\\\/event\\\/festival-elite-avec-cyprien-lengagne\\\/#primaryimage\"},\"image\":{\"@id\":\"https:\\\/\\\/www.ecolenormalecortot.com\\\/en\\\/event\\\/festival-elite-avec-cyprien-lengagne\\\/#primaryimage\"},\"thumbnailUrl\":\"https:\\\/\\\/www.ecolenormalecortot.com\\\/wp-content\\\/uploads\\\/2025\\\/10\\\/cyprien-lengagne-1110x643-1.png\",\"datePublished\":\"2025-10-31T11:22:26+00:00\",\"dateModified\":\"2026-02-03T15:47:01+00:00\",\"breadcrumb\":{\"@id\":\"https:\\\/\\\/www.ecolenormalecortot.com\\\/en\\\/event\\\/festival-elite-avec-cyprien-lengagne\\\/#breadcrumb\"},\"inLanguage\":\"en-US\",\"potentialAction\":[{\"@type\":\"ReadAction\",\"target\":[\"https:\\\/\\\/www.ecolenormalecortot.com\\\/en\\\/event\\\/festival-elite-avec-cyprien-lengagne\\\/\"]}]},{\"@type\":\"ImageObject\",\"inLanguage\":\"en-US\",\"@id\":\"https:\\\/\\\/www.ecolenormalecortot.com\\\/en\\\/event\\\/festival-elite-avec-cyprien-lengagne\\\/#primaryimage\",\"url\":\"https:\\\/\\\/www.ecolenormalecortot.com\\\/wp-content\\\/uploads\\\/2025\\\/10\\\/cyprien-lengagne-1110x643-1.png\",\"contentUrl\":\"https:\\\/\\\/www.ecolenormalecortot.com\\\/wp-content\\\/uploads\\\/2025\\\/10\\\/cyprien-lengagne-1110x643-1.png\",\"width\":1110,\"height\":643},{\"@type\":\"BreadcrumbList\",\"@id\":\"https:\\\/\\\/www.ecolenormalecortot.com\\\/en\\\/event\\\/festival-elite-avec-cyprien-lengagne\\\/#breadcrumb\",\"itemListElement\":[{\"@type\":\"ListItem\",\"position\":1,\"name\":\"Accueil\",\"item\":\"https:\\\/\\\/www.ecolenormalecortot.com\\\/en\\\/\"},{\"@type\":\"ListItem\",\"position\":2,\"name\":\"\u00c9v\u00e8nements\",\"item\":\"https:\\\/\\\/www.ecolenormalecortot.com\\\/en\\\/event\\\/\"},{\"@type\":\"ListItem\",\"position\":3,\"name\":\"Festival Elite avec Cyprien Lengagne\"}]},{\"@type\":\"WebSite\",\"@id\":\"https:\\\/\\\/www.ecolenormalecortot.com\\\/en\\\/#website\",\"url\":\"https:\\\/\\\/www.ecolenormalecortot.com\\\/en\\\/\",\"name\":\"Ecole Normale de Musique de Paris\",\"description\":\"\",\"publisher\":{\"@id\":\"https:\\\/\\\/www.ecolenormalecortot.com\\\/en\\\/#organization\"},\"potentialAction\":[{\"@type\":\"SearchAction\",\"target\":{\"@type\":\"EntryPoint\",\"urlTemplate\":\"https:\\\/\\\/www.ecolenormalecortot.com\\\/en\\\/?s={search_term_string}\"},\"query-input\":{\"@type\":\"PropertyValueSpecification\",\"valueRequired\":true,\"valueName\":\"search_term_string\"}}],\"inLanguage\":\"en-US\"},{\"@type\":\"Organization\",\"@id\":\"https:\\\/\\\/www.ecolenormalecortot.com\\\/en\\\/#organization\",\"name\":\"Ecole Normale de Musique de Paris\",\"url\":\"https:\\\/\\\/www.ecolenormalecortot.com\\\/en\\\/\",\"logo\":{\"@type\":\"ImageObject\",\"inLanguage\":\"en-US\",\"@id\":\"https:\\\/\\\/www.ecolenormalecortot.com\\\/en\\\/#\\\/schema\\\/logo\\\/image\\\/\",\"url\":\"https:\\\/\\\/www.ecolenormalecortot.com\\\/wp-content\\\/uploads\\\/2023\\\/02\\\/android-chrome-512x512-1.png\",\"contentUrl\":\"https:\\\/\\\/www.ecolenormalecortot.com\\\/wp-content\\\/uploads\\\/2023\\\/02\\\/android-chrome-512x512-1.png\",\"width\":512,\"height\":512,\"caption\":\"Ecole Normale de Musique de Paris\"},\"image\":{\"@id\":\"https:\\\/\\\/www.ecolenormalecortot.com\\\/en\\\/#\\\/schema\\\/logo\\\/image\\\/\"}}]}<\/script>\n<!-- \/ Yoast SEO plugin. -->","yoast_head_json":{"title":"Festival Elite avec Cyprien Lengagne - Ecole Normale de Musique de Paris","robots":{"index":"index","follow":"follow","max-snippet":"max-snippet:-1","max-image-preview":"max-image-preview:large","max-video-preview":"max-video-preview:-1"},"canonical":"https:\/\/www.ecolenormalecortot.com\/en\/event\/festival-elite-avec-cyprien-lengagne\/","og_locale":"en_US","og_type":"article","og_title":"Festival Elite avec Cyprien Lengagne - Ecole Normale de Musique de Paris","og_description":"Festival Elite avec Cyprien Lengagne Le Programme \u00c9lite pr\u00e9pare les grands artistes de demain en les accompagnant dans leur projet [&hellip;]","og_url":"https:\/\/www.ecolenormalecortot.com\/en\/event\/festival-elite-avec-cyprien-lengagne\/","og_site_name":"Ecole Normale de Musique de Paris","article_modified_time":"2026-02-03T15:47:01+00:00","og_image":[{"width":1110,"height":643,"url":"https:\/\/www.ecolenormalecortot.com\/wp-content\/uploads\/2025\/10\/cyprien-lengagne-1110x643-1.png","type":"image\/png"}],"twitter_card":"summary_large_image","twitter_misc":{"Est. reading time":"2 minutes"},"schema":{"@context":"https:\/\/schema.org","@graph":[{"@type":"WebPage","@id":"https:\/\/www.ecolenormalecortot.com\/en\/event\/festival-elite-avec-cyprien-lengagne\/","url":"https:\/\/www.ecolenormalecortot.com\/en\/event\/festival-elite-avec-cyprien-lengagne\/","name":"Festival Elite avec Cyprien Lengagne - Ecole Normale de Musique de Paris","isPartOf":{"@id":"https:\/\/www.ecolenormalecortot.com\/en\/#website"},"primaryImageOfPage":{"@id":"https:\/\/www.ecolenormalecortot.com\/en\/event\/festival-elite-avec-cyprien-lengagne\/#primaryimage"},"image":{"@id":"https:\/\/www.ecolenormalecortot.com\/en\/event\/festival-elite-avec-cyprien-lengagne\/#primaryimage"},"thumbnailUrl":"https:\/\/www.ecolenormalecortot.com\/wp-content\/uploads\/2025\/10\/cyprien-lengagne-1110x643-1.png","datePublished":"2025-10-31T11:22:26+00:00","dateModified":"2026-02-03T15:47:01+00:00","breadcrumb":{"@id":"https:\/\/www.ecolenormalecortot.com\/en\/event\/festival-elite-avec-cyprien-lengagne\/#breadcrumb"},"inLanguage":"en-US","potentialAction":[{"@type":"ReadAction","target":["https:\/\/www.ecolenormalecortot.com\/en\/event\/festival-elite-avec-cyprien-lengagne\/"]}]},{"@type":"ImageObject","inLanguage":"en-US","@id":"https:\/\/www.ecolenormalecortot.com\/en\/event\/festival-elite-avec-cyprien-lengagne\/#primaryimage","url":"https:\/\/www.ecolenormalecortot.com\/wp-content\/uploads\/2025\/10\/cyprien-lengagne-1110x643-1.png","contentUrl":"https:\/\/www.ecolenormalecortot.com\/wp-content\/uploads\/2025\/10\/cyprien-lengagne-1110x643-1.png","width":1110,"height":643},{"@type":"BreadcrumbList","@id":"https:\/\/www.ecolenormalecortot.com\/en\/event\/festival-elite-avec-cyprien-lengagne\/#breadcrumb","itemListElement":[{"@type":"ListItem","position":1,"name":"Accueil","item":"https:\/\/www.ecolenormalecortot.com\/en\/"},{"@type":"ListItem","position":2,"name":"\u00c9v\u00e8nements","item":"https:\/\/www.ecolenormalecortot.com\/en\/event\/"},{"@type":"ListItem","position":3,"name":"Festival Elite avec Cyprien Lengagne"}]},{"@type":"WebSite","@id":"https:\/\/www.ecolenormalecortot.com\/en\/#website","url":"https:\/\/www.ecolenormalecortot.com\/en\/","name":"Ecole Normale de Musique de Paris","description":"","publisher":{"@id":"https:\/\/www.ecolenormalecortot.com\/en\/#organization"},"potentialAction":[{"@type":"SearchAction","target":{"@type":"EntryPoint","urlTemplate":"https:\/\/www.ecolenormalecortot.com\/en\/?s={search_term_string}"},"query-input":{"@type":"PropertyValueSpecification","valueRequired":true,"valueName":"search_term_string"}}],"inLanguage":"en-US"},{"@type":"Organization","@id":"https:\/\/www.ecolenormalecortot.com\/en\/#organization","name":"Ecole Normale de Musique de Paris","url":"https:\/\/www.ecolenormalecortot.com\/en\/","logo":{"@type":"ImageObject","inLanguage":"en-US","@id":"https:\/\/www.ecolenormalecortot.com\/en\/#\/schema\/logo\/image\/","url":"https:\/\/www.ecolenormalecortot.com\/wp-content\/uploads\/2023\/02\/android-chrome-512x512-1.png","contentUrl":"https:\/\/www.ecolenormalecortot.com\/wp-content\/uploads\/2023\/02\/android-chrome-512x512-1.png","width":512,"height":512,"caption":"Ecole Normale de Musique de Paris"},"image":{"@id":"https:\/\/www.ecolenormalecortot.com\/en\/#\/schema\/logo\/image\/"}}]}},"_links":{"self":[{"href":"https:\/\/www.ecolenormalecortot.com\/en\/wp-json\/wp\/v2\/event\/11219","targetHints":{"allow":["GET"]}}],"collection":[{"href":"https:\/\/www.ecolenormalecortot.com\/en\/wp-json\/wp\/v2\/event"}],"about":[{"href":"https:\/\/www.ecolenormalecortot.com\/en\/wp-json\/wp\/v2\/types\/event"}],"wp:featuredmedia":[{"embeddable":true,"href":"https:\/\/www.ecolenormalecortot.com\/en\/wp-json\/wp\/v2\/media\/11662"}],"wp:attachment":[{"href":"https:\/\/www.ecolenormalecortot.com\/en\/wp-json\/wp\/v2\/media?parent=11219"}],"wp:term":[{"taxonomy":"event_category","embeddable":true,"href":"https:\/\/www.ecolenormalecortot.com\/en\/wp-json\/wp\/v2\/event_category?post=11219"}],"curies":[{"name":"wp","href":"https:\/\/api.w.org\/{rel}","templated":true}]}}