{"id":11172,"date":"2025-10-27T14:17:18","date_gmt":"2025-10-27T13:17:18","guid":{"rendered":"https:\/\/www.ecolenormalecortot.com\/event\/concert-hommage-au-trio-cortot-thibaud-casals\/"},"modified":"2025-10-27T14:17:18","modified_gmt":"2025-10-27T13:17:18","slug":"concert-hommage-au-trio-cortot-thibaud-casals","status":"publish","type":"event","link":"https:\/\/www.ecolenormalecortot.com\/en\/event\/concert-hommage-au-trio-cortot-thibaud-casals\/","title":{"rendered":"Concert hommage au trio Cortot-Thibaud-Casals"},"content":{"rendered":"\n<p class=\"has-large-font-size\"><strong>Concert hommage au trio Cortot-Thibaud-Casals<\/strong><\/p>\n\n\n\n<p class=\"has-medium-font-size\">Durant plusieurs jours, la Salle Cortot vivra au rythme de quatre journ\u00e9es de festivit\u00e9s musicales pour c\u00e9l\u00e9brer la m\u00e9moire de Valentin Berlinsky. Au programme : concerts et masterclasses.<\/p>\n\n\n\n<div style=\"height:45px\" aria-hidden=\"true\" class=\"wp-block-spacer\"><\/div>\n\n\n<div class=\"wp-block-image\">\n<figure class=\"alignleft size-large is-resized\"><img decoding=\"async\" src=\"https:\/\/sallecortot.com\/wp-content\/uploads\/2025\/09\/Hommage-a-Pablo-Casals-edited.png\" alt=\"\" class=\"wp-image-6917\" style=\"width:121px;height:auto\"\/><figcaption class=\"wp-element-caption\">Pablo Casals, 1876-1973<\/figcaption><\/figure>\n<\/div>\n\n\n<p style=\"font-size:18px\">N\u00e9 en 1876 \u00e0 El Vendrell, en Catalogne, Pablo Casals est l\u2019une des figures les plus embl\u00e9matiques du violoncelle et de l\u2019engagement artistique au XXe si\u00e8cle.<\/p>\n\n\n\n<p style=\"font-size:18px\">Violoncelliste l\u00e9gendaire, Pablo Casals a r\u00e9volutionn\u00e9 l\u2019interpr\u00e9tation de son instrument, notamment en redonnant vie aux Suites de Bach, alors oubli\u00e9es. Musicien extraordinaire, l\u00e9gende du violoncelle, humaniste, il d\u00e9dia sa vie pour la recherche de la paix dans le monde, contre le franquisme et toutes les sortes d\u2019intol\u00e9rance. Une vie de presque un si\u00e8cle, de Barcelone \u00e0 Porto Rico, voyageant sur tous les continents, partenaire des plus grands interpr\u00e8tes, interlocuteur des grandes figures des mondes politique et scientifique.<\/p>\n\n\n\n<div style=\"height:72px\" aria-hidden=\"true\" class=\"wp-block-spacer\"><\/div>\n\n\n\n<h3 class=\"wp-block-heading\">Programme<\/h3>\n\n\n\n<p>SAMEDI 22 NOVEMBRE 2025<\/p>\n\n\n\n<p><strong>20h00 &#8211; SALLE CORTOT<\/strong><\/p>\n\n\n\n<p>CONCERT EN HOMMAGE A CASALS ET AU TRIO CORTOT-THIBAUD-CASALS<\/p>\n\n\n\n<p>Avec Henri Demarquette, Astrig Siranossian, Benedict Kloeckner, R\u00e9gis Pasquier, Bruno Rigutto, Olivier Gardon, Sandra Chamoux, Suzana Bartal&#8230;<\/p>\n\n\n\n<p>CASALS : <em>Sardane, pour ensemble de violoncelles<\/em><em><\/em><\/p>\n\n\n\n<p>BACH<em> <\/em>:<em> <\/em><em>1ere suite pour violoncelle, Pr\u00e9lude et courante (en ouverture du 1er festival de Prades ,le 2 juin 1950)<\/em><em><\/em><\/p>\n\n\n\n<p>SCHUMANN : <em>Trio avec piano, 1e-3e-4e mvts<\/em><em><\/em><\/p>\n\n\n\n<p><em>(Premi\u00e8re pr\u00e9sentation du Trio Cortot-Thibaud-Casals \u00e0 Paris, 25 mai 1906)<\/em><em><\/em><\/p>\n\n\n\n<p>CASALS : <em>Po\u00e8me pour violoncelle et piano<\/em><em><\/em><\/p>\n\n\n\n<p>SCHUBERT : <em>Quintette \u00e0 deux violoncelles, Adagio<\/em><em><\/em><\/p>\n\n\n\n<p><em>(Prades 27 juin 1952, I.Stern, A.Schneider, M.Katims, P.Casals, P.Tortelier)<\/em><em><\/em><\/p>\n\n\n\n<p>GRANADOS : <em>Danza espagnola , pour violoncelle et piano (14 avril 1916, New York)<\/em><em><\/em><\/p>\n\n\n\n<p>CASALS : <em>Chant des oiseaux, ensemble de violoncelles<\/em><\/p>\n\n\n\n<div style=\"height:67px\" aria-hidden=\"true\" class=\"wp-block-spacer\"><\/div>\n\n\n\n<h3 class=\"wp-block-heading\">Programme des Journ\u00e9es Pablo Casals<\/h3>\n\n\n\n<p><strong>VENDREDI 21 NOVEMBRE 2025 &#8211; Masterclasses publiques<\/strong><\/p>\n\n\n\n<p><strong><strong><strong>12H30 &#8211; SALLE CORTOT &#8211; MASTERCLASS DE MICHEL LETHIEC &amp; QUATUOR NOVO<\/strong><\/strong><\/strong><\/p>\n\n\n\n<p>Avec Michel Lethiec, le Quatuor Novo et des \u00e9tudiants de l\u2019\u00c9cole Normale de Musique.<\/p>\n\n\n\n<p><strong><a href=\"https:\/\/sallecortot.com\/event\/hommage-a-pablo-casals-masterclass-michel-lethiec-quatuor-novo\/\" target=\"_blank\" rel=\"noreferrer noopener\">Plus d&#8217;infos<\/a><\/strong><\/p>\n\n\n\n<div style=\"height:34px\" aria-hidden=\"true\" class=\"wp-block-spacer\"><\/div>\n\n\n\n<p><strong><strong>15H00 &#8211; SALLE CORTOT &#8211; MASTERCLASS DU TRIO WANDERER<\/strong><\/strong><\/p>\n\n\n\n<p>Avec le Trio Wanderer et des trios du programme Elite<\/p>\n\n\n\n<p><strong><a href=\"https:\/\/sallecortot.com\/event\/hommage-a-pablo-casals-masterclass-avec-le-trio-wanderer\/\" target=\"_blank\" rel=\"noreferrer noopener\">Plus d&#8217;infos<\/a><\/strong><\/p>\n\n\n\n<div style=\"height:67px\" aria-hidden=\"true\" class=\"wp-block-spacer\"><\/div>\n\n\n\n<p><strong>SAMEDI 22 NOVEMBRE 2025<\/strong><\/p>\n\n\n\n<p><strong>15H00 &#8211; SALLE CORTOT &#8211; CONF\u00c9RENCE \u00ab PABLO CASALS, L\u2019ARCHET DE LA PAIX \u00bb<\/strong><\/p>\n\n\n\n<p>A travers des photos, des vid\u00e9os, des enregistrements et des interviews, Michel Lethiec nous entraine sur les pas de cet exceptionnel artiste, fondateur du Festival de Prades et du Festival de Porto Rico\u2026et l\u2019un des fondateurs de L\u2019\u00c9cole Normale de Musique de Paris.<\/p>\n\n\n\n<p><strong><a href=\"https:\/\/sallecortot.com\/event\/hommage-a-pablo-casals-conference-de-michel-lethiec-pablo-casals-larchet-de-la-paix\/\" target=\"_blank\" rel=\"noreferrer noopener\">Plus d&#8217;infos<\/a><\/strong><\/p>\n\n\n\n<div style=\"height:34px\" aria-hidden=\"true\" class=\"wp-block-spacer\"><\/div>\n\n\n\n<p><strong>17H00 &#8211; SALLE CORTOT<\/strong><\/p>\n\n\n\n<p>CONCERT GRATUIT DONN\u00c9 PAR LES \u00c9TUDIANTS DES MASTERCLASSES<\/p>\n\n\n\n<p><strong><a href=\"https:\/\/sallecortot.com\/event\/hommage-a-pablo-casals-concert-de-restitution-des-etudiants\/\" target=\"_blank\" rel=\"noreferrer noopener\">Plus d&#8217;infos<\/a><\/strong><\/p>\n\n\n\n<div style=\"height:34px\" aria-hidden=\"true\" class=\"wp-block-spacer\"><\/div>\n\n\n\n<p><strong>20h00 &#8211;<\/strong><strong> <\/strong><strong>SALLE CORTOT<\/strong><strong><\/strong><\/p>\n\n\n\n<p>CONCERT en HOMMAGE A CASALS ET AU TRIO CORTOT-THIBAUD-CASALS<\/p>\n\n\n\n<p>Avec Henri Demarquette, Astrig Siranossian, Benedict Kloeckner, R\u00e9gis Pasquier, Bruno Rigutto, Olivier Gardon, Sandra Chamoux, Suzana Bartal&#8230;<\/p>\n\n\n\n<div style=\"height:100px\" aria-hidden=\"true\" class=\"wp-block-spacer\"><\/div>\n\n\n\n<h3 class=\"wp-block-heading\">Organisateurs<\/h3>\n\n\n<div class=\"wp-block-image\">\n<figure class=\"alignleft size-large is-resized\"><a href=\"https:\/\/www.ecolenormalecortot.com\/\" target=\"_blank\" rel=\" noreferrer noopener\"><img decoding=\"async\" src=\"https:\/\/sallecortot.com\/wp-content\/uploads\/2024\/08\/LOGO-3-LIGNES-BLANC-1024x251.png\" alt=\"\" class=\"wp-image-1353\" style=\"width:193px;height:auto\"\/><\/a><\/figure>\n<\/div>\n\n<div class=\"wp-block-image\">\n<figure class=\"alignleft size-large is-resized\"><a href=\"https:\/\/sallecortot.com\/\" target=\"_blank\" rel=\" noreferrer noopener\"><img decoding=\"async\" src=\"https:\/\/sallecortot.com\/wp-content\/uploads\/2025\/03\/LOGO-SALLE-CORTOT-RVB-edited-1024x631.png\" alt=\"\" class=\"wp-image-3931\" style=\"width:89px;height:auto\"\/><\/a><\/figure>\n<\/div>\n\n\n<div style=\"height:110px\" aria-hidden=\"true\" class=\"wp-block-spacer\"><\/div>\n\n\n\r\n    <a href=\"https:\/\/sallecortot.com\/la-programmation\/\" target=\"_blank\" class=\"block-cta style-link\">\r\n        Toute la Programmation    <\/a>\r\n","protected":false},"excerpt":{"rendered":"<p>Concert hommage au trio Cortot-Thibaud-Casals Durant plusieurs jours, la Salle Cortot vivra au rythme de quatre journ\u00e9es de festivit\u00e9s musicales [&hellip;]<\/p>\n","protected":false},"featured_media":11170,"template":"","meta":{"_acf_changed":false},"event_category":[65],"class_list":["post-11172","event","type-event","status-publish","has-post-thumbnail","hentry","event_category-les-rencontres-musicales-de-cortot"],"acf":{"presentation":"","musicians":"","program":"","host":"","date":"2025-11-22 20:00:00","time_start":"20:00","time_end":null,"end_date":null,"location_name":"","location_address":"","phone":"","link":null,"booking_link":"https:\/\/my.weezevent.com\/journees-pablo-casals-concert-de-restitution-des-etudiants-1?_gl=1*1vjtv3r*_gcl_au*MzgxMDgzNjk1LjE3NTYzMDIxNTAuMjAzOTc1MjM0LjE3NjAwODYwMTguMTc2MDA4NjAxOA..*_ga*MTQ4NjUxMTEzMi4xNzU5NDE2MjA1*_ga_39H9VBFX7G*czE3NjA0NDI0MjckbzcyJGcxJHQxNzYwNDQ1MTcyJGoyNiRsMCRoMTQyNTc0NzA5NA..","price_from":"<p>Entr\u00e9e libre sur r\u00e9servation.<\/p>\n","hide_price":false,"teachers":null,"event_type":"Journ\u00e9es Pablo Casals","datetime":"2025-11-22 20:00:00","end_datetime":"2025-11-22 21:30:00","booking_infos":"","source_post_id":"6924"},"yoast_head":"<!-- This site is optimized with the Yoast SEO plugin v27.5 - https:\/\/yoast.com\/product\/yoast-seo-wordpress\/ -->\n<title>Concert hommage au trio Cortot-Thibaud-Casals - Ecole Normale de Musique de Paris<\/title>\n<meta name=\"robots\" content=\"index, follow, max-snippet:-1, max-image-preview:large, max-video-preview:-1\" \/>\n<link rel=\"canonical\" href=\"https:\/\/www.ecolenormalecortot.com\/en\/event\/concert-hommage-au-trio-cortot-thibaud-casals\/\" \/>\n<meta property=\"og:locale\" content=\"en_US\" \/>\n<meta property=\"og:type\" content=\"article\" \/>\n<meta property=\"og:title\" content=\"Concert hommage au trio Cortot-Thibaud-Casals - Ecole Normale de Musique de Paris\" \/>\n<meta property=\"og:description\" content=\"Concert hommage au trio Cortot-Thibaud-Casals Durant plusieurs jours, la Salle Cortot vivra au rythme de quatre journ\u00e9es de festivit\u00e9s musicales [&hellip;]\" \/>\n<meta property=\"og:url\" content=\"https:\/\/www.ecolenormalecortot.com\/en\/event\/concert-hommage-au-trio-cortot-thibaud-casals\/\" \/>\n<meta property=\"og:site_name\" content=\"Ecole Normale de Musique de Paris\" \/>\n<meta property=\"og:image\" content=\"https:\/\/www.ecolenormalecortot.com\/wp-content\/uploads\/2024\/07\/Bruno-Rigutto.png\" \/>\n\t<meta property=\"og:image:width\" content=\"2000\" \/>\n\t<meta property=\"og:image:height\" content=\"1414\" \/>\n\t<meta property=\"og:image:type\" content=\"image\/png\" \/>\n<meta name=\"twitter:card\" content=\"summary_large_image\" \/>\n<meta name=\"twitter:label1\" content=\"Est. reading time\" \/>\n\t<meta name=\"twitter:data1\" content=\"2 minutes\" \/>\n<script type=\"application\/ld+json\" class=\"yoast-schema-graph\">{\"@context\":\"https:\\\/\\\/schema.org\",\"@graph\":[{\"@type\":\"WebPage\",\"@id\":\"https:\\\/\\\/www.ecolenormalecortot.com\\\/en\\\/event\\\/concert-hommage-au-trio-cortot-thibaud-casals\\\/\",\"url\":\"https:\\\/\\\/www.ecolenormalecortot.com\\\/en\\\/event\\\/concert-hommage-au-trio-cortot-thibaud-casals\\\/\",\"name\":\"Concert hommage au trio Cortot-Thibaud-Casals - Ecole Normale de Musique de Paris\",\"isPartOf\":{\"@id\":\"https:\\\/\\\/www.ecolenormalecortot.com\\\/en\\\/#website\"},\"primaryImageOfPage\":{\"@id\":\"https:\\\/\\\/www.ecolenormalecortot.com\\\/en\\\/event\\\/concert-hommage-au-trio-cortot-thibaud-casals\\\/#primaryimage\"},\"image\":{\"@id\":\"https:\\\/\\\/www.ecolenormalecortot.com\\\/en\\\/event\\\/concert-hommage-au-trio-cortot-thibaud-casals\\\/#primaryimage\"},\"thumbnailUrl\":\"https:\\\/\\\/www.ecolenormalecortot.com\\\/wp-content\\\/uploads\\\/2025\\\/10\\\/Hommage-a-Pablo-Casals.png\",\"datePublished\":\"2025-10-27T13:17:18+00:00\",\"breadcrumb\":{\"@id\":\"https:\\\/\\\/www.ecolenormalecortot.com\\\/en\\\/event\\\/concert-hommage-au-trio-cortot-thibaud-casals\\\/#breadcrumb\"},\"inLanguage\":\"en-US\",\"potentialAction\":[{\"@type\":\"ReadAction\",\"target\":[\"https:\\\/\\\/www.ecolenormalecortot.com\\\/en\\\/event\\\/concert-hommage-au-trio-cortot-thibaud-casals\\\/\"]}]},{\"@type\":\"ImageObject\",\"inLanguage\":\"en-US\",\"@id\":\"https:\\\/\\\/www.ecolenormalecortot.com\\\/en\\\/event\\\/concert-hommage-au-trio-cortot-thibaud-casals\\\/#primaryimage\",\"url\":\"https:\\\/\\\/www.ecolenormalecortot.com\\\/wp-content\\\/uploads\\\/2025\\\/10\\\/Hommage-a-Pablo-Casals.png\",\"contentUrl\":\"https:\\\/\\\/www.ecolenormalecortot.com\\\/wp-content\\\/uploads\\\/2025\\\/10\\\/Hommage-a-Pablo-Casals.png\",\"width\":1110,\"height\":643},{\"@type\":\"BreadcrumbList\",\"@id\":\"https:\\\/\\\/www.ecolenormalecortot.com\\\/en\\\/event\\\/concert-hommage-au-trio-cortot-thibaud-casals\\\/#breadcrumb\",\"itemListElement\":[{\"@type\":\"ListItem\",\"position\":1,\"name\":\"Accueil\",\"item\":\"https:\\\/\\\/www.ecolenormalecortot.com\\\/en\\\/\"},{\"@type\":\"ListItem\",\"position\":2,\"name\":\"\u00c9v\u00e8nements\",\"item\":\"https:\\\/\\\/www.ecolenormalecortot.com\\\/en\\\/event\\\/\"},{\"@type\":\"ListItem\",\"position\":3,\"name\":\"Concert hommage au trio Cortot-Thibaud-Casals\"}]},{\"@type\":\"WebSite\",\"@id\":\"https:\\\/\\\/www.ecolenormalecortot.com\\\/en\\\/#website\",\"url\":\"https:\\\/\\\/www.ecolenormalecortot.com\\\/en\\\/\",\"name\":\"Ecole Normale de Musique de Paris\",\"description\":\"\",\"publisher\":{\"@id\":\"https:\\\/\\\/www.ecolenormalecortot.com\\\/en\\\/#organization\"},\"potentialAction\":[{\"@type\":\"SearchAction\",\"target\":{\"@type\":\"EntryPoint\",\"urlTemplate\":\"https:\\\/\\\/www.ecolenormalecortot.com\\\/en\\\/?s={search_term_string}\"},\"query-input\":{\"@type\":\"PropertyValueSpecification\",\"valueRequired\":true,\"valueName\":\"search_term_string\"}}],\"inLanguage\":\"en-US\"},{\"@type\":\"Organization\",\"@id\":\"https:\\\/\\\/www.ecolenormalecortot.com\\\/en\\\/#organization\",\"name\":\"Ecole Normale de Musique de Paris\",\"url\":\"https:\\\/\\\/www.ecolenormalecortot.com\\\/en\\\/\",\"logo\":{\"@type\":\"ImageObject\",\"inLanguage\":\"en-US\",\"@id\":\"https:\\\/\\\/www.ecolenormalecortot.com\\\/en\\\/#\\\/schema\\\/logo\\\/image\\\/\",\"url\":\"https:\\\/\\\/www.ecolenormalecortot.com\\\/wp-content\\\/uploads\\\/2023\\\/02\\\/android-chrome-512x512-1.png\",\"contentUrl\":\"https:\\\/\\\/www.ecolenormalecortot.com\\\/wp-content\\\/uploads\\\/2023\\\/02\\\/android-chrome-512x512-1.png\",\"width\":512,\"height\":512,\"caption\":\"Ecole Normale de Musique de Paris\"},\"image\":{\"@id\":\"https:\\\/\\\/www.ecolenormalecortot.com\\\/en\\\/#\\\/schema\\\/logo\\\/image\\\/\"}}]}<\/script>\n<!-- \/ Yoast SEO plugin. -->","yoast_head_json":{"title":"Concert hommage au trio Cortot-Thibaud-Casals - Ecole Normale de Musique de Paris","robots":{"index":"index","follow":"follow","max-snippet":"max-snippet:-1","max-image-preview":"max-image-preview:large","max-video-preview":"max-video-preview:-1"},"canonical":"https:\/\/www.ecolenormalecortot.com\/en\/event\/concert-hommage-au-trio-cortot-thibaud-casals\/","og_locale":"en_US","og_type":"article","og_title":"Concert hommage au trio Cortot-Thibaud-Casals - Ecole Normale de Musique de Paris","og_description":"Concert hommage au trio Cortot-Thibaud-Casals Durant plusieurs jours, la Salle Cortot vivra au rythme de quatre journ\u00e9es de festivit\u00e9s musicales [&hellip;]","og_url":"https:\/\/www.ecolenormalecortot.com\/en\/event\/concert-hommage-au-trio-cortot-thibaud-casals\/","og_site_name":"Ecole Normale de Musique de Paris","og_image":[{"width":2000,"height":1414,"url":"https:\/\/www.ecolenormalecortot.com\/wp-content\/uploads\/2024\/07\/Bruno-Rigutto.png","type":"image\/png"}],"twitter_card":"summary_large_image","twitter_misc":{"Est. reading time":"2 minutes"},"schema":{"@context":"https:\/\/schema.org","@graph":[{"@type":"WebPage","@id":"https:\/\/www.ecolenormalecortot.com\/en\/event\/concert-hommage-au-trio-cortot-thibaud-casals\/","url":"https:\/\/www.ecolenormalecortot.com\/en\/event\/concert-hommage-au-trio-cortot-thibaud-casals\/","name":"Concert hommage au trio Cortot-Thibaud-Casals - Ecole Normale de Musique de Paris","isPartOf":{"@id":"https:\/\/www.ecolenormalecortot.com\/en\/#website"},"primaryImageOfPage":{"@id":"https:\/\/www.ecolenormalecortot.com\/en\/event\/concert-hommage-au-trio-cortot-thibaud-casals\/#primaryimage"},"image":{"@id":"https:\/\/www.ecolenormalecortot.com\/en\/event\/concert-hommage-au-trio-cortot-thibaud-casals\/#primaryimage"},"thumbnailUrl":"https:\/\/www.ecolenormalecortot.com\/wp-content\/uploads\/2025\/10\/Hommage-a-Pablo-Casals.png","datePublished":"2025-10-27T13:17:18+00:00","breadcrumb":{"@id":"https:\/\/www.ecolenormalecortot.com\/en\/event\/concert-hommage-au-trio-cortot-thibaud-casals\/#breadcrumb"},"inLanguage":"en-US","potentialAction":[{"@type":"ReadAction","target":["https:\/\/www.ecolenormalecortot.com\/en\/event\/concert-hommage-au-trio-cortot-thibaud-casals\/"]}]},{"@type":"ImageObject","inLanguage":"en-US","@id":"https:\/\/www.ecolenormalecortot.com\/en\/event\/concert-hommage-au-trio-cortot-thibaud-casals\/#primaryimage","url":"https:\/\/www.ecolenormalecortot.com\/wp-content\/uploads\/2025\/10\/Hommage-a-Pablo-Casals.png","contentUrl":"https:\/\/www.ecolenormalecortot.com\/wp-content\/uploads\/2025\/10\/Hommage-a-Pablo-Casals.png","width":1110,"height":643},{"@type":"BreadcrumbList","@id":"https:\/\/www.ecolenormalecortot.com\/en\/event\/concert-hommage-au-trio-cortot-thibaud-casals\/#breadcrumb","itemListElement":[{"@type":"ListItem","position":1,"name":"Accueil","item":"https:\/\/www.ecolenormalecortot.com\/en\/"},{"@type":"ListItem","position":2,"name":"\u00c9v\u00e8nements","item":"https:\/\/www.ecolenormalecortot.com\/en\/event\/"},{"@type":"ListItem","position":3,"name":"Concert hommage au trio Cortot-Thibaud-Casals"}]},{"@type":"WebSite","@id":"https:\/\/www.ecolenormalecortot.com\/en\/#website","url":"https:\/\/www.ecolenormalecortot.com\/en\/","name":"Ecole Normale de Musique de Paris","description":"","publisher":{"@id":"https:\/\/www.ecolenormalecortot.com\/en\/#organization"},"potentialAction":[{"@type":"SearchAction","target":{"@type":"EntryPoint","urlTemplate":"https:\/\/www.ecolenormalecortot.com\/en\/?s={search_term_string}"},"query-input":{"@type":"PropertyValueSpecification","valueRequired":true,"valueName":"search_term_string"}}],"inLanguage":"en-US"},{"@type":"Organization","@id":"https:\/\/www.ecolenormalecortot.com\/en\/#organization","name":"Ecole Normale de Musique de Paris","url":"https:\/\/www.ecolenormalecortot.com\/en\/","logo":{"@type":"ImageObject","inLanguage":"en-US","@id":"https:\/\/www.ecolenormalecortot.com\/en\/#\/schema\/logo\/image\/","url":"https:\/\/www.ecolenormalecortot.com\/wp-content\/uploads\/2023\/02\/android-chrome-512x512-1.png","contentUrl":"https:\/\/www.ecolenormalecortot.com\/wp-content\/uploads\/2023\/02\/android-chrome-512x512-1.png","width":512,"height":512,"caption":"Ecole Normale de Musique de Paris"},"image":{"@id":"https:\/\/www.ecolenormalecortot.com\/en\/#\/schema\/logo\/image\/"}}]}},"_links":{"self":[{"href":"https:\/\/www.ecolenormalecortot.com\/en\/wp-json\/wp\/v2\/event\/11172","targetHints":{"allow":["GET"]}}],"collection":[{"href":"https:\/\/www.ecolenormalecortot.com\/en\/wp-json\/wp\/v2\/event"}],"about":[{"href":"https:\/\/www.ecolenormalecortot.com\/en\/wp-json\/wp\/v2\/types\/event"}],"wp:featuredmedia":[{"embeddable":true,"href":"https:\/\/www.ecolenormalecortot.com\/en\/wp-json\/wp\/v2\/media\/11170"}],"wp:attachment":[{"href":"https:\/\/www.ecolenormalecortot.com\/en\/wp-json\/wp\/v2\/media?parent=11172"}],"wp:term":[{"taxonomy":"event_category","embeddable":true,"href":"https:\/\/www.ecolenormalecortot.com\/en\/wp-json\/wp\/v2\/event_category?post=11172"}],"curies":[{"name":"wp","href":"https:\/\/api.w.org\/{rel}","templated":true}]}}