{"id":11123,"date":"2025-10-14T10:29:57","date_gmt":"2025-10-14T08:29:57","guid":{"rendered":"https:\/\/www.ecolenormalecortot.com\/event\/concert-de-midi-et-demi-avec-arisa-fujisawa-piano\/"},"modified":"2025-11-04T10:46:09","modified_gmt":"2025-11-04T09:46:09","slug":"concert-de-midi-et-demi-avec-arisa-fujisawa-piano","status":"publish","type":"event","link":"https:\/\/www.ecolenormalecortot.com\/en\/event\/concert-de-midi-et-demi-avec-arisa-fujisawa-piano\/","title":{"rendered":"Concert de midi et demi avec Arisa Fujisawa, piano"},"content":{"rendered":"\n<h3 class=\"wp-block-heading has-large-font-size\">Concert de midi et demi avec Arisa Fujisawa, piano<\/h3>\n\n\n\n<p class=\"has-medium-font-size\">Les Concerts de Midi et Demi sont donn\u00e9s par les dipl\u00f4m\u00e9s, les \u00e9tudiants des niveaux sup\u00e9rieurs et les professeurs de l\u2019\u00c9cole Normale de Musique de Paris.<\/p>\n\n\n\n<p>Ils sont coordonn\u00e9s et pr\u00e9sent\u00e9s par St\u00e9phane Fri\u00e9d\u00e9rich.<\/p>\n\n\n\n<p class=\"has-medium-font-size\"><em>Entr\u00e9e libre sous r\u00e9serve des places disponibles.<\/em><\/p>\n\n\n\n<div style=\"height:45px\" aria-hidden=\"true\" class=\"wp-block-spacer\"><\/div>\n\n\n\n<p class=\"has-medium-font-size\"><\/p>\n\n\n\n<h3 class=\"wp-block-heading\">Programme<\/h3>\n\n\n\n<p class=\"has-medium-font-size\"><strong>Arisa FUJISAWA, piano<\/strong><\/p>\n\n\n\n<p style=\"font-size:18px\">Ludwig van Beethoven&nbsp;: Sonate n\u00b03 op.2 n\u00b03&nbsp;<\/p>\n\n\n\n<p style=\"font-size:18px\">Maurice Ravel&nbsp;: Scarbo, extrait de Gaspard de la nuit<\/p>\n\n\n\n<p style=\"font-size:18px\">Claude Debussy&nbsp;: Les Collines d\u2019Anacapri \u2013 Feux d\u2019artifice, extraits des Pr\u00e9ludes<\/p>\n\n\n\n<p style=\"font-size:18px\">Fr\u00e9d\u00e9ric Chopin&nbsp;: Sonate n\u00b02 op.35<\/p>\n\n\n\n<p style=\"font-size:18px\">Claude Debussy&nbsp;: Clair de Lune, extrait de la Suite Bergamasque.<\/p>\n\n\n\n<div style=\"height:100px\" aria-hidden=\"true\" class=\"wp-block-spacer\"><\/div>\n\n\n\n<h3 class=\"wp-block-heading\">Arisa Fujisawa, piano<\/h3>\n\n\n\n<div class=\"wp-block-group\"><div class=\"wp-block-group__inner-container is-layout-constrained wp-block-group-is-layout-constrained\">\n<div class=\"wp-block-group\" style=\"font-size:17px\"><div class=\"wp-block-group__inner-container is-layout-constrained wp-block-group-is-layout-constrained\">\n<p style=\"font-size:17px\">Arisa Fujisawa est une pianiste japonaise talentueuse. Elle a obtenu un Master en Musique, sp\u00e9cialit\u00e9 Piano, \u00e0 l\u2019\u00c9cole Sup\u00e9rieure du Tokyo College of Music. Elle y a d\u00e9croch\u00e9 les honneurs du Dipl\u00f4me Principal de Fin d\u2019\u00c9tudes.&nbsp;<\/p>\n\n\n\n<p style=\"font-size:17px\">Par la suite, elle a termin\u00e9 le Dipl\u00f4me d\u2019Artiste \u00e0 l\u2019\u00c9cole Normale de Musique de Paris dans la classe de Pascal Rog\u00e9, avec la mention tr\u00e8s bien avec f\u00e9licitations du jury, et poursuit actuellement son perfectionnement dans le cadre du cycle de Perfectionnement.<\/p>\n\n\n\n<p style=\"font-size:17px\">Arisa a remport\u00e9 de nombreux prix internationaux. Elle a re\u00e7u le Prix Sp\u00e9cial de Musique Fran\u00e7aise au 2\u1d49 Concours International de Piano Samson Fran\u00e7ois(France). Elle a \u00e9t\u00e9 s\u00e9lectionn\u00e9e pour les \u00e9preuves \u00e9liminatoires du Concours Long-Thibaud 2022 et 2025(France). Elle a d\u00e9croch\u00e9 le 1er Prix et le Prix Chopin Night au 3\u1d49 Festival Nohan \u2013 Concours Chopin au Japon. Elle a aussi remport\u00e9 le 1er Prix au 1er Concours International de Piano Debussy(Japan).<\/p>\n\n\n\n<p style=\"font-size:17px\">2e concours international de musique Liszt : Prix d&#8217;interpr\u00e9tation pour piano<\/p>\n\n\n\n<p style=\"font-size:17px\">1er Prix &#8220;Piano solo&#8221; 1er Prix, (Italie)<\/p>\n\n\n\n<p style=\"font-size:17px\">Premier prix au concours international de piano d&#8217;Orbetello (Italie), &nbsp;<\/p>\n\n\n\n<p style=\"font-size:17px\">2\u1d49 prix (meilleur classement) au 10\u1d49 Concours international de piano de Troisdorf (Allemagne),<\/p>\n\n\n\n<p style=\"font-size:17px\">1er prix au 22\u1d49 Concours international de piano du Ch\u00e2teau (France),<\/p>\n\n\n\n<p style=\"font-size:17px\">1er prix au 99\u1d49 Concours International L\u00e9opold Bellan (Paris)<\/p>\n\n\n\n<p style=\"font-size:17px\">&nbsp;Beaucoup d&#8217;autres<\/p>\n\n\n\n<p style=\"font-size:17px\">Elle s&#8217;est produit dans de nombreux festivals de musique et concerts, non seulement au Japon mais aussi dans d&#8217;autres parties du monde, notamment au festival de Nohant, \u00e0 la nuit de Chopin, en France, en Pologne, en Italie, en Allemagne et en Hongrie.<\/p>\n\n\n\n<p style=\"font-size:17px\">Bourse de l&#8217;Institut japonais des arts.<\/p>\n<\/div><\/div>\n<\/div><\/div>\n\n\n\n<div style=\"height:100px\" aria-hidden=\"true\" class=\"wp-block-spacer\"><\/div>\n\n\n\n\n\n<h3 class=\"wp-block-heading\">\u00c0 propos<\/h3>\n\n\n\n<p class=\"has-medium-font-size\">Pr\u00e8s de 70 Concerts de Midi et Demi sont donn\u00e9s chaque ann\u00e9e \u00e0 la&nbsp;<a href=\"https:\/\/sallecortot.com\/\">Salle Cortot<\/a>&nbsp;par les \u00e9tudiants des niveaux sup\u00e9rieurs de l\u2019\u00c9cole normale de musique de Paris.<br><br>Apr\u00e8s plus de 40 ans d\u2019existence, ces concerts sont une v\u00e9ritable institution et attirent leur propre public d\u2019habitu\u00e9s. Ils sont pr\u00e9sent\u00e9 par le journaliste musical St\u00e9phane Fri\u00e9d\u00e9rich.<\/p>\n\n\n\n<p class=\"has-medium-font-size\"><em>Entr\u00e9e libre sous r\u00e9serve des places disponibles.<\/em><\/p>\n\n\n\n<div style=\"height:45px\" aria-hidden=\"true\" class=\"wp-block-spacer\"><\/div>\n\n\n\n\n\n<h3 class=\"wp-block-heading\">Organisateur<\/h3>\n\n\n\n\n\n<figure class=\"wp-block-image size-large is-resized\"><img decoding=\"async\" src=\"https:\/\/sallecortot.com\/wp-content\/uploads\/2024\/08\/LOGO-3-LIGNES-BLANC-1024x251.png\" alt=\"\u00c9cole normale de Musique de Paris Alfred Cortot\" class=\"wp-image-1353\" style=\"width:254px;height:auto\"\/><\/figure>\n\n\n\n<p><\/p>\n","protected":false},"excerpt":{"rendered":"<p>Concert de midi et demi avec Arisa Fujisawa, piano Les Concerts de Midi et Demi sont donn\u00e9s par les dipl\u00f4m\u00e9s, [&hellip;]<\/p>\n","protected":false},"featured_media":11121,"template":"","meta":{"_acf_changed":false},"event_category":[168],"class_list":["post-11123","event","type-event","status-publish","has-post-thumbnail","hentry","event_category-concerts-de-midi-et-demi"],"acf":{"presentation":"","musicians":"","program":"","host":"","date":"2025-11-19 12:30:00","time_start":"12:30","time_end":null,"end_date":null,"location_name":"","location_address":"","phone":"","link":null,"booking_link":"","price_from":"<p>Entr\u00e9e libre.<\/p>\n","hide_price":false,"teachers":null,"event_type":"","datetime":"2025-11-19 12:30:00","end_datetime":"2025-11-19 13:30:00","booking_infos":"","source_post_id":"7206"},"yoast_head":"<!-- This site is optimized with the Yoast SEO plugin v27.5 - https:\/\/yoast.com\/product\/yoast-seo-wordpress\/ -->\n<title>Concert de midi et demi avec Arisa Fujisawa, piano - Ecole Normale de Musique de Paris<\/title>\n<meta name=\"robots\" content=\"index, follow, max-snippet:-1, max-image-preview:large, max-video-preview:-1\" \/>\n<link rel=\"canonical\" href=\"https:\/\/www.ecolenormalecortot.com\/en\/event\/concert-de-midi-et-demi-avec-arisa-fujisawa-piano\/\" \/>\n<meta property=\"og:locale\" content=\"en_US\" \/>\n<meta property=\"og:type\" content=\"article\" \/>\n<meta property=\"og:title\" content=\"Concert de midi et demi avec Arisa Fujisawa, piano - Ecole Normale de Musique de Paris\" \/>\n<meta property=\"og:description\" content=\"Concert de midi et demi avec Arisa Fujisawa, piano Les Concerts de Midi et Demi sont donn\u00e9s par les dipl\u00f4m\u00e9s, [&hellip;]\" \/>\n<meta property=\"og:url\" content=\"https:\/\/www.ecolenormalecortot.com\/en\/event\/concert-de-midi-et-demi-avec-arisa-fujisawa-piano\/\" \/>\n<meta property=\"og:site_name\" content=\"Ecole Normale de Musique de Paris\" \/>\n<meta property=\"article:modified_time\" content=\"2025-11-04T09:46:09+00:00\" \/>\n<meta property=\"og:image\" content=\"https:\/\/www.ecolenormalecortot.com\/wp-content\/uploads\/2025\/10\/LD-20250116-0055-scaled-1.jpg\" \/>\n\t<meta property=\"og:image:width\" content=\"2560\" \/>\n\t<meta property=\"og:image:height\" content=\"1707\" \/>\n\t<meta property=\"og:image:type\" content=\"image\/jpeg\" \/>\n<meta name=\"twitter:card\" content=\"summary_large_image\" \/>\n<meta name=\"twitter:label1\" content=\"Est. reading time\" \/>\n\t<meta name=\"twitter:data1\" content=\"2 minutes\" \/>\n<script type=\"application\/ld+json\" class=\"yoast-schema-graph\">{\"@context\":\"https:\\\/\\\/schema.org\",\"@graph\":[{\"@type\":\"WebPage\",\"@id\":\"https:\\\/\\\/www.ecolenormalecortot.com\\\/en\\\/event\\\/concert-de-midi-et-demi-avec-arisa-fujisawa-piano\\\/\",\"url\":\"https:\\\/\\\/www.ecolenormalecortot.com\\\/en\\\/event\\\/concert-de-midi-et-demi-avec-arisa-fujisawa-piano\\\/\",\"name\":\"Concert de midi et demi avec Arisa Fujisawa, piano - Ecole Normale de Musique de Paris\",\"isPartOf\":{\"@id\":\"https:\\\/\\\/www.ecolenormalecortot.com\\\/en\\\/#website\"},\"primaryImageOfPage\":{\"@id\":\"https:\\\/\\\/www.ecolenormalecortot.com\\\/en\\\/event\\\/concert-de-midi-et-demi-avec-arisa-fujisawa-piano\\\/#primaryimage\"},\"image\":{\"@id\":\"https:\\\/\\\/www.ecolenormalecortot.com\\\/en\\\/event\\\/concert-de-midi-et-demi-avec-arisa-fujisawa-piano\\\/#primaryimage\"},\"thumbnailUrl\":\"https:\\\/\\\/www.ecolenormalecortot.com\\\/wp-content\\\/uploads\\\/2025\\\/10\\\/LD-20250116-0055-scaled-1.jpg\",\"datePublished\":\"2025-10-14T08:29:57+00:00\",\"dateModified\":\"2025-11-04T09:46:09+00:00\",\"breadcrumb\":{\"@id\":\"https:\\\/\\\/www.ecolenormalecortot.com\\\/en\\\/event\\\/concert-de-midi-et-demi-avec-arisa-fujisawa-piano\\\/#breadcrumb\"},\"inLanguage\":\"en-US\",\"potentialAction\":[{\"@type\":\"ReadAction\",\"target\":[\"https:\\\/\\\/www.ecolenormalecortot.com\\\/en\\\/event\\\/concert-de-midi-et-demi-avec-arisa-fujisawa-piano\\\/\"]}]},{\"@type\":\"ImageObject\",\"inLanguage\":\"en-US\",\"@id\":\"https:\\\/\\\/www.ecolenormalecortot.com\\\/en\\\/event\\\/concert-de-midi-et-demi-avec-arisa-fujisawa-piano\\\/#primaryimage\",\"url\":\"https:\\\/\\\/www.ecolenormalecortot.com\\\/wp-content\\\/uploads\\\/2025\\\/10\\\/LD-20250116-0055-scaled-1.jpg\",\"contentUrl\":\"https:\\\/\\\/www.ecolenormalecortot.com\\\/wp-content\\\/uploads\\\/2025\\\/10\\\/LD-20250116-0055-scaled-1.jpg\",\"width\":2560,\"height\":1707},{\"@type\":\"BreadcrumbList\",\"@id\":\"https:\\\/\\\/www.ecolenormalecortot.com\\\/en\\\/event\\\/concert-de-midi-et-demi-avec-arisa-fujisawa-piano\\\/#breadcrumb\",\"itemListElement\":[{\"@type\":\"ListItem\",\"position\":1,\"name\":\"Accueil\",\"item\":\"https:\\\/\\\/www.ecolenormalecortot.com\\\/en\\\/\"},{\"@type\":\"ListItem\",\"position\":2,\"name\":\"\u00c9v\u00e8nements\",\"item\":\"https:\\\/\\\/www.ecolenormalecortot.com\\\/en\\\/event\\\/\"},{\"@type\":\"ListItem\",\"position\":3,\"name\":\"Concert de midi et demi avec Arisa Fujisawa, piano\"}]},{\"@type\":\"WebSite\",\"@id\":\"https:\\\/\\\/www.ecolenormalecortot.com\\\/en\\\/#website\",\"url\":\"https:\\\/\\\/www.ecolenormalecortot.com\\\/en\\\/\",\"name\":\"Ecole Normale de Musique de Paris\",\"description\":\"\",\"publisher\":{\"@id\":\"https:\\\/\\\/www.ecolenormalecortot.com\\\/en\\\/#organization\"},\"potentialAction\":[{\"@type\":\"SearchAction\",\"target\":{\"@type\":\"EntryPoint\",\"urlTemplate\":\"https:\\\/\\\/www.ecolenormalecortot.com\\\/en\\\/?s={search_term_string}\"},\"query-input\":{\"@type\":\"PropertyValueSpecification\",\"valueRequired\":true,\"valueName\":\"search_term_string\"}}],\"inLanguage\":\"en-US\"},{\"@type\":\"Organization\",\"@id\":\"https:\\\/\\\/www.ecolenormalecortot.com\\\/en\\\/#organization\",\"name\":\"Ecole Normale de Musique de Paris\",\"url\":\"https:\\\/\\\/www.ecolenormalecortot.com\\\/en\\\/\",\"logo\":{\"@type\":\"ImageObject\",\"inLanguage\":\"en-US\",\"@id\":\"https:\\\/\\\/www.ecolenormalecortot.com\\\/en\\\/#\\\/schema\\\/logo\\\/image\\\/\",\"url\":\"https:\\\/\\\/www.ecolenormalecortot.com\\\/wp-content\\\/uploads\\\/2023\\\/02\\\/android-chrome-512x512-1.png\",\"contentUrl\":\"https:\\\/\\\/www.ecolenormalecortot.com\\\/wp-content\\\/uploads\\\/2023\\\/02\\\/android-chrome-512x512-1.png\",\"width\":512,\"height\":512,\"caption\":\"Ecole Normale de Musique de Paris\"},\"image\":{\"@id\":\"https:\\\/\\\/www.ecolenormalecortot.com\\\/en\\\/#\\\/schema\\\/logo\\\/image\\\/\"}}]}<\/script>\n<!-- \/ Yoast SEO plugin. -->","yoast_head_json":{"title":"Concert de midi et demi avec Arisa Fujisawa, piano - Ecole Normale de Musique de Paris","robots":{"index":"index","follow":"follow","max-snippet":"max-snippet:-1","max-image-preview":"max-image-preview:large","max-video-preview":"max-video-preview:-1"},"canonical":"https:\/\/www.ecolenormalecortot.com\/en\/event\/concert-de-midi-et-demi-avec-arisa-fujisawa-piano\/","og_locale":"en_US","og_type":"article","og_title":"Concert de midi et demi avec Arisa Fujisawa, piano - Ecole Normale de Musique de Paris","og_description":"Concert de midi et demi avec Arisa Fujisawa, piano Les Concerts de Midi et Demi sont donn\u00e9s par les dipl\u00f4m\u00e9s, [&hellip;]","og_url":"https:\/\/www.ecolenormalecortot.com\/en\/event\/concert-de-midi-et-demi-avec-arisa-fujisawa-piano\/","og_site_name":"Ecole Normale de Musique de Paris","article_modified_time":"2025-11-04T09:46:09+00:00","og_image":[{"width":2560,"height":1707,"url":"https:\/\/www.ecolenormalecortot.com\/wp-content\/uploads\/2025\/10\/LD-20250116-0055-scaled-1.jpg","type":"image\/jpeg"}],"twitter_card":"summary_large_image","twitter_misc":{"Est. reading time":"2 minutes"},"schema":{"@context":"https:\/\/schema.org","@graph":[{"@type":"WebPage","@id":"https:\/\/www.ecolenormalecortot.com\/en\/event\/concert-de-midi-et-demi-avec-arisa-fujisawa-piano\/","url":"https:\/\/www.ecolenormalecortot.com\/en\/event\/concert-de-midi-et-demi-avec-arisa-fujisawa-piano\/","name":"Concert de midi et demi avec Arisa Fujisawa, piano - Ecole Normale de Musique de Paris","isPartOf":{"@id":"https:\/\/www.ecolenormalecortot.com\/en\/#website"},"primaryImageOfPage":{"@id":"https:\/\/www.ecolenormalecortot.com\/en\/event\/concert-de-midi-et-demi-avec-arisa-fujisawa-piano\/#primaryimage"},"image":{"@id":"https:\/\/www.ecolenormalecortot.com\/en\/event\/concert-de-midi-et-demi-avec-arisa-fujisawa-piano\/#primaryimage"},"thumbnailUrl":"https:\/\/www.ecolenormalecortot.com\/wp-content\/uploads\/2025\/10\/LD-20250116-0055-scaled-1.jpg","datePublished":"2025-10-14T08:29:57+00:00","dateModified":"2025-11-04T09:46:09+00:00","breadcrumb":{"@id":"https:\/\/www.ecolenormalecortot.com\/en\/event\/concert-de-midi-et-demi-avec-arisa-fujisawa-piano\/#breadcrumb"},"inLanguage":"en-US","potentialAction":[{"@type":"ReadAction","target":["https:\/\/www.ecolenormalecortot.com\/en\/event\/concert-de-midi-et-demi-avec-arisa-fujisawa-piano\/"]}]},{"@type":"ImageObject","inLanguage":"en-US","@id":"https:\/\/www.ecolenormalecortot.com\/en\/event\/concert-de-midi-et-demi-avec-arisa-fujisawa-piano\/#primaryimage","url":"https:\/\/www.ecolenormalecortot.com\/wp-content\/uploads\/2025\/10\/LD-20250116-0055-scaled-1.jpg","contentUrl":"https:\/\/www.ecolenormalecortot.com\/wp-content\/uploads\/2025\/10\/LD-20250116-0055-scaled-1.jpg","width":2560,"height":1707},{"@type":"BreadcrumbList","@id":"https:\/\/www.ecolenormalecortot.com\/en\/event\/concert-de-midi-et-demi-avec-arisa-fujisawa-piano\/#breadcrumb","itemListElement":[{"@type":"ListItem","position":1,"name":"Accueil","item":"https:\/\/www.ecolenormalecortot.com\/en\/"},{"@type":"ListItem","position":2,"name":"\u00c9v\u00e8nements","item":"https:\/\/www.ecolenormalecortot.com\/en\/event\/"},{"@type":"ListItem","position":3,"name":"Concert de midi et demi avec Arisa Fujisawa, piano"}]},{"@type":"WebSite","@id":"https:\/\/www.ecolenormalecortot.com\/en\/#website","url":"https:\/\/www.ecolenormalecortot.com\/en\/","name":"Ecole Normale de Musique de Paris","description":"","publisher":{"@id":"https:\/\/www.ecolenormalecortot.com\/en\/#organization"},"potentialAction":[{"@type":"SearchAction","target":{"@type":"EntryPoint","urlTemplate":"https:\/\/www.ecolenormalecortot.com\/en\/?s={search_term_string}"},"query-input":{"@type":"PropertyValueSpecification","valueRequired":true,"valueName":"search_term_string"}}],"inLanguage":"en-US"},{"@type":"Organization","@id":"https:\/\/www.ecolenormalecortot.com\/en\/#organization","name":"Ecole Normale de Musique de Paris","url":"https:\/\/www.ecolenormalecortot.com\/en\/","logo":{"@type":"ImageObject","inLanguage":"en-US","@id":"https:\/\/www.ecolenormalecortot.com\/en\/#\/schema\/logo\/image\/","url":"https:\/\/www.ecolenormalecortot.com\/wp-content\/uploads\/2023\/02\/android-chrome-512x512-1.png","contentUrl":"https:\/\/www.ecolenormalecortot.com\/wp-content\/uploads\/2023\/02\/android-chrome-512x512-1.png","width":512,"height":512,"caption":"Ecole Normale de Musique de Paris"},"image":{"@id":"https:\/\/www.ecolenormalecortot.com\/en\/#\/schema\/logo\/image\/"}}]}},"_links":{"self":[{"href":"https:\/\/www.ecolenormalecortot.com\/en\/wp-json\/wp\/v2\/event\/11123","targetHints":{"allow":["GET"]}}],"collection":[{"href":"https:\/\/www.ecolenormalecortot.com\/en\/wp-json\/wp\/v2\/event"}],"about":[{"href":"https:\/\/www.ecolenormalecortot.com\/en\/wp-json\/wp\/v2\/types\/event"}],"wp:featuredmedia":[{"embeddable":true,"href":"https:\/\/www.ecolenormalecortot.com\/en\/wp-json\/wp\/v2\/media\/11121"}],"wp:attachment":[{"href":"https:\/\/www.ecolenormalecortot.com\/en\/wp-json\/wp\/v2\/media?parent=11123"}],"wp:term":[{"taxonomy":"event_category","embeddable":true,"href":"https:\/\/www.ecolenormalecortot.com\/en\/wp-json\/wp\/v2\/event_category?post=11123"}],"curies":[{"name":"wp","href":"https:\/\/api.w.org\/{rel}","templated":true}]}}