{"id":10933,"date":"2025-09-18T11:51:23","date_gmt":"2025-09-18T09:51:23","guid":{"rendered":"https:\/\/www.ecolenormalecortot.com\/event\/concert-de-midi-et-demi-avec-toma-bervetsky-violon-alice-power-piano\/"},"modified":"2025-10-10T11:24:12","modified_gmt":"2025-10-10T09:24:12","slug":"concert-de-midi-et-demi-avec-toma-bervetsky-violon-alice-power-piano","status":"publish","type":"event","link":"https:\/\/www.ecolenormalecortot.com\/en\/event\/concert-de-midi-et-demi-avec-toma-bervetsky-violon-alice-power-piano\/","title":{"rendered":"Concert de midi et demi avec Louisa Sophia JEFFERSON, piano &amp; Kotaro SHIGEMORI, piano"},"content":{"rendered":"\n<h3 class=\"wp-block-heading has-large-font-size\">Concert de midi et demi avec Louisa Sophia JEFFERSON, piano &amp; Kotaro SHIGEMORI, piano<\/h3>\n\n\n\n<p class=\"has-medium-font-size\">Les Concerts de Midi et Demi sont donn\u00e9s par les dipl\u00f4m\u00e9s, les \u00e9tudiants des niveaux sup\u00e9rieurs et les professeurs de l\u2019\u00c9cole Normale de Musique de Paris.<\/p>\n\n\n\n<p>Ils sont coordonn\u00e9s et pr\u00e9sent\u00e9s par St\u00e9phane Fri\u00e9d\u00e9rich.<\/p>\n\n\n\n<p class=\"has-medium-font-size\"><em>Entr\u00e9e libre sous r\u00e9serve des places disponibles.<\/em><\/p>\n\n\n\n<div style=\"height:45px\" aria-hidden=\"true\" class=\"wp-block-spacer\"><\/div>\n\n\n\n<p class=\"has-medium-font-size\"><\/p>\n\n\n\n<h3 class=\"wp-block-heading\">Le programme<\/h3>\n\n\n\n<p class=\"has-medium-font-size\"><strong>Louisa Sophia JEFFERSON, piano&nbsp;<\/strong><\/p>\n\n\n\n<p>Piotr Iliytch Tcha\u00efkovski&nbsp;: Octobre, extrait des Saisons<\/p>\n\n\n\n<p>Franz Liszt&nbsp;: Feux Follets, extrait des Etudes d\u2019Ex\u00e9cution Transcendante&nbsp;<\/p>\n\n\n\n<p class=\"has-medium-font-size\">Johann Sebastian Bach \/ Johannes Brahms : Chaconne pour la main gauche<\/p>\n\n\n\n<p class=\"has-medium-font-size\"><strong>Kotaro SHIGEMORI, piano<\/strong><\/p>\n\n\n\n<p>Jean-Philippe Rameau&nbsp;: Gavotte et Six Doubles<\/p>\n\n\n\n<p>Robert Schumann&nbsp;: Humoresque op.20<\/p>\n\n\n\n<h3 class=\"wp-block-heading\">Louisa Sophia JEFFERSON, piano<\/h3>\n\n\n\n<p><strong>Louisa Sophia Jefferson<\/strong>&nbsp;est n\u00e9e en 2005, \u00e0 Hambourg, d\u2019une famille germano-p\u00e9ruvienne.<br>Influenc\u00e9e vers la musique par ses trois soeurs a\u00een\u00e9es, elle d\u00e9buta par le violon d\u00e8s l\u2019\u00e2ge de 4 ans. Puis, un an plus tard, elle d\u00e9couvrit le piano qu\u2019elle a pratiqu\u00e9 simultan\u00e9ment avec le violon, pendant 7 ans. Ludmila Botchkovskaya lui a enseign\u00e9 les bases en piano. Puis, de 2017 \u00e0 2019, elle a suivi les cours d\u2019enseignement de piano au HFMT (Universit\u00e9 de musique de Hambourg), avec la fille de Ludmila, Julia Botchkovskaya, gr\u00e2ce \u00e0 une bourse de l\u2019Acad\u00e9mie Andreas Franke. En 2019, suite d\u2019un rencontre \u00e0 un master-class avec la professeur Rena Shereshevskaya, elle est entr\u00e9e dans sa classe d\u2019abord au Conservatoire R\u00e9gional de Rueil-Malmaison et apr\u00e8s \u00e0 l\u2019Ecole Normale de Musique de Paris Alfred Cortot.<\/p>\n\n\n\n<p>Lors de sa premi\u00e8re exp\u00e9rience sur sc\u00e8ne, pour le concours Steinway &amp; Sons dans la Laeiszhalle de Hambourg, \u00e0 l\u2019\u00e2ge de 6 ans, elle a obtenu le 2\u00e8me prix. Dans cette m\u00eame salle, elle a jou\u00e9 chaque ann\u00e9e, jusqu\u2019\u00e0 ses 13 ans, comme laur\u00e9ate du concours LTM (concours des jeunes musiciens de Hambourg). En m\u00eame temps, elle a particip\u00e9 plusieurs fois avec succ\u00e8s au concours \u2018Jugend musiziert\u2019, dans diff\u00e9rentes villes en Allemagne.<\/p>\n\n\n\n<p>Apr\u00e8s avoir remport\u00e9 un concours \u00e0 Vienne, en Autriche, elle a \u00e9t\u00e9 invit\u00e9e \u00e0 participer \u00e0 des festivals \u00e0 Amsterdam, Copenhague et Viatskie Poliany, en Russie. En 2017, elle a donn\u00e9 ses premiers concerts en solo dans des ch\u00e2teaux, dans la r\u00e9gion de Hambourg. Et, la m\u00eame ann\u00e9e, elle a fait ses d\u00e9buts orchestraux sous la direction de Tigran Mikaelyan et un autre sous la direction de Cord Garben. En 2019, elle a re\u00e7u deux prix dans sa ville natale, l\u2019un lors du concours Chinese-German Young Piano Comp\u00e9tition et l\u2019autre \u00e0 l\u2019occasion de la Wiener Klassik Sonderpreis au concours Steinway &amp; Sons. Elle a aussi eu l\u2019honneur de jouer pour M. Bashkirov, du master class \u00e0 Riga. En 2022, elle a particip\u00e9 \u00e0 la pr\u00e9sentation de pianos Steinway 8\u00d78, \u00e0 Hambourg. Et, en ao\u00fbt de la m\u00eame ann\u00e9e, elle \u00e9tait au sein du groupe \u2018D\u00e9couverte de Jeunes Artistes\u2019 au festival de Saint-Ursanne, en Suisse.<\/p>\n\n\n\n<h3 class=\"wp-block-heading\">Kotaro SHIGEMORI, piano<\/h3>\n\n\n\n<p>Kotaro Shigemori est n\u00e9 en 2000. Il a commenc\u00e9 \u00e0 jouer du piano \u00e0 l\u2019\u00e2ge de six ans avec sa m\u00e8re. Son talent s\u2019est \u00e9panoui d\u00e8s son plus jeune \u00e2ge. Par la suite, il a remport\u00e9 de nombreux concours de piano junior.<\/p>\n\n\n\n<p>Il a obtenu son dipl\u00f4me en tant qu\u2019\u00e9tudiant boursier du d\u00e9partement de musique de Toho Gakuen, sous la direction de Katsurako Mikami et Michiko Okamoto. Il s\u2019est \u00e9galement inscrit au programme de \u00ab&nbsp;Dipl\u00f4me de soliste&nbsp;\u00bb \u00e0 Toho Gakuen. Actuellement, il poursuit ses \u00e9tudes \u00e0 l\u2019\u00c9cole Normale de Musique de Paris \u00ab Alfred Cortot \u00bb avec Rena Shereshevskaya.<\/p>\n\n\n\n<p>Il a remport\u00e9 plusieurs prix dans divers concours au Japon, notamment le quatri\u00e8me prix au Concours International Marguerite-Long-Jacques-Thibaud en 2022, ainsi que le Prix d\u2019argent au Concours International de Piano Chopin dans la cat\u00e9gorie professionnelle asiatique en 2018, et il a \u00e9t\u00e9 le plus jeune finaliste du Concours international de piano Shigeru Kawai en 2017.<\/p>\n\n\n\n<p>Il a particip\u00e9 au Concours international de piano Van Cliburn 2025 au Texas, aux \u00c9tats-Unis.<\/p>\n\n\n\n<p>R\u00e9cemment, il s\u2019est produit en r\u00e9cital et avec des orchestres prestigieux dans les grandes salles du Japon, telles que la salle Suntory, la salle Oji, l\u2019Aoyama Memorial Baroque Saal, et d\u2019autres. Il a jou\u00e9 avec l\u2019Orchestre Philharmonique de Tokyo, l\u2019Orchestre Ensemble Kanazawa, l\u2019Orchestre Symphonique Central d\u2019Aichi, et l\u2019Orchestre de la Garde R\u00e9publicaine \u00e0 Paris.<\/p>\n\n\n\n<p>En 2023, Kotaro a \u00e9t\u00e9 s\u00e9lectionn\u00e9 comme \u00e9tudiant boursier de la Fondation Ezaki. En 2024, il est devenu boursier de la Rohm Music Foundation ainsi que de la Fondation de recrutement comm\u00e9moratif Ezoe.<\/p>\n\n\n\n\n\n<h3 class=\"wp-block-heading\">\u00c0 propos<\/h3>\n\n\n\n<p class=\"has-medium-font-size\">Pr\u00e8s de 70 Concerts de Midi et Demi sont donn\u00e9s chaque ann\u00e9e \u00e0 la&nbsp;<a href=\"https:\/\/sallecortot.com\/\">Salle Cortot<\/a>&nbsp;par les \u00e9tudiants des niveaux sup\u00e9rieurs de l\u2019\u00c9cole normale de musique de Paris.<br><br>Apr\u00e8s plus de 40 ans d\u2019existence, ces concerts sont une v\u00e9ritable institution et attirent leur propre public d\u2019habitu\u00e9s. Ils sont pr\u00e9sent\u00e9 par le journaliste musical St\u00e9phane Fri\u00e9d\u00e9rich.<\/p>\n\n\n\n<p class=\"has-medium-font-size\"><em>Entr\u00e9e libre sous r\u00e9serve des places disponibles.<\/em><\/p>\n\n\n\n<div style=\"height:45px\" aria-hidden=\"true\" class=\"wp-block-spacer\"><\/div>\n\n\n\n\n\n<h3 class=\"wp-block-heading\">Organisateur<\/h3>\n\n\n\n\n\n<figure class=\"wp-block-image size-large is-resized\"><img decoding=\"async\" src=\"https:\/\/sallecortot.com\/wp-content\/uploads\/2024\/08\/LOGO-3-LIGNES-BLANC-1024x251.png\" alt=\"\u00c9cole normale de Musique de Paris Alfred Cortot\" class=\"wp-image-1353\" style=\"width:254px;height:auto\"\/><\/figure>\n\n\n\n<p><\/p>\n","protected":false},"excerpt":{"rendered":"<p>Concert de midi et demi avec Louisa Sophia JEFFERSON, piano &amp; Kotaro SHIGEMORI, piano Les Concerts de Midi et Demi [&hellip;]<\/p>\n","protected":false},"featured_media":10931,"template":"","meta":{"_acf_changed":false},"event_category":[168],"class_list":["post-10933","event","type-event","status-publish","has-post-thumbnail","hentry","event_category-concerts-de-midi-et-demi"],"acf":{"presentation":"","musicians":"","program":"","host":"","date":"2025-10-14 12:30:00","time_start":"12:30","time_end":null,"end_date":null,"location_name":"","location_address":"","phone":"","link":null,"booking_link":"","price_from":"<p>Entr\u00e9e libre.<\/p>\n","hide_price":false,"teachers":null,"event_type":"","datetime":"2025-10-14 12:30:00","end_datetime":"2025-10-14 13:30:00","booking_infos":"","source_post_id":"7015"},"yoast_head":"<!-- This site is optimized with the Yoast SEO plugin v27.5 - https:\/\/yoast.com\/product\/yoast-seo-wordpress\/ -->\n<title>Concert de midi et demi avec Louisa Sophia JEFFERSON, piano &amp; Kotaro SHIGEMORI, piano - Ecole Normale de Musique de Paris<\/title>\n<meta name=\"robots\" content=\"index, follow, max-snippet:-1, max-image-preview:large, max-video-preview:-1\" \/>\n<link rel=\"canonical\" href=\"https:\/\/www.ecolenormalecortot.com\/en\/event\/concert-de-midi-et-demi-avec-toma-bervetsky-violon-alice-power-piano\/\" \/>\n<meta property=\"og:locale\" content=\"en_US\" \/>\n<meta property=\"og:type\" content=\"article\" \/>\n<meta property=\"og:title\" content=\"Concert de midi et demi avec Louisa Sophia JEFFERSON, piano &amp; Kotaro SHIGEMORI, piano - Ecole Normale de Musique de Paris\" \/>\n<meta property=\"og:description\" content=\"Concert de midi et demi avec Louisa Sophia JEFFERSON, piano &amp; Kotaro SHIGEMORI, piano Les Concerts de Midi et Demi [&hellip;]\" \/>\n<meta property=\"og:url\" content=\"https:\/\/www.ecolenormalecortot.com\/en\/event\/concert-de-midi-et-demi-avec-toma-bervetsky-violon-alice-power-piano\/\" \/>\n<meta property=\"og:site_name\" content=\"Ecole Normale de Musique de Paris\" \/>\n<meta property=\"article:modified_time\" content=\"2025-10-10T09:24:12+00:00\" \/>\n<meta property=\"og:image\" content=\"https:\/\/www.ecolenormalecortot.com\/wp-content\/uploads\/2025\/09\/14.10.png\" \/>\n\t<meta property=\"og:image:width\" content=\"1110\" \/>\n\t<meta property=\"og:image:height\" content=\"643\" \/>\n\t<meta property=\"og:image:type\" content=\"image\/png\" \/>\n<meta name=\"twitter:card\" content=\"summary_large_image\" \/>\n<meta name=\"twitter:label1\" content=\"Est. reading time\" \/>\n\t<meta name=\"twitter:data1\" content=\"4 minutes\" \/>\n<script type=\"application\/ld+json\" class=\"yoast-schema-graph\">{\"@context\":\"https:\\\/\\\/schema.org\",\"@graph\":[{\"@type\":\"WebPage\",\"@id\":\"https:\\\/\\\/www.ecolenormalecortot.com\\\/en\\\/event\\\/concert-de-midi-et-demi-avec-toma-bervetsky-violon-alice-power-piano\\\/\",\"url\":\"https:\\\/\\\/www.ecolenormalecortot.com\\\/en\\\/event\\\/concert-de-midi-et-demi-avec-toma-bervetsky-violon-alice-power-piano\\\/\",\"name\":\"Concert de midi et demi avec Louisa Sophia JEFFERSON, piano &amp; Kotaro SHIGEMORI, piano - Ecole Normale de Musique de Paris\",\"isPartOf\":{\"@id\":\"https:\\\/\\\/www.ecolenormalecortot.com\\\/en\\\/#website\"},\"primaryImageOfPage\":{\"@id\":\"https:\\\/\\\/www.ecolenormalecortot.com\\\/en\\\/event\\\/concert-de-midi-et-demi-avec-toma-bervetsky-violon-alice-power-piano\\\/#primaryimage\"},\"image\":{\"@id\":\"https:\\\/\\\/www.ecolenormalecortot.com\\\/en\\\/event\\\/concert-de-midi-et-demi-avec-toma-bervetsky-violon-alice-power-piano\\\/#primaryimage\"},\"thumbnailUrl\":\"https:\\\/\\\/www.ecolenormalecortot.com\\\/wp-content\\\/uploads\\\/2025\\\/09\\\/14.10.png\",\"datePublished\":\"2025-09-18T09:51:23+00:00\",\"dateModified\":\"2025-10-10T09:24:12+00:00\",\"breadcrumb\":{\"@id\":\"https:\\\/\\\/www.ecolenormalecortot.com\\\/en\\\/event\\\/concert-de-midi-et-demi-avec-toma-bervetsky-violon-alice-power-piano\\\/#breadcrumb\"},\"inLanguage\":\"en-US\",\"potentialAction\":[{\"@type\":\"ReadAction\",\"target\":[\"https:\\\/\\\/www.ecolenormalecortot.com\\\/en\\\/event\\\/concert-de-midi-et-demi-avec-toma-bervetsky-violon-alice-power-piano\\\/\"]}]},{\"@type\":\"ImageObject\",\"inLanguage\":\"en-US\",\"@id\":\"https:\\\/\\\/www.ecolenormalecortot.com\\\/en\\\/event\\\/concert-de-midi-et-demi-avec-toma-bervetsky-violon-alice-power-piano\\\/#primaryimage\",\"url\":\"https:\\\/\\\/www.ecolenormalecortot.com\\\/wp-content\\\/uploads\\\/2025\\\/09\\\/14.10.png\",\"contentUrl\":\"https:\\\/\\\/www.ecolenormalecortot.com\\\/wp-content\\\/uploads\\\/2025\\\/09\\\/14.10.png\",\"width\":1110,\"height\":643},{\"@type\":\"BreadcrumbList\",\"@id\":\"https:\\\/\\\/www.ecolenormalecortot.com\\\/en\\\/event\\\/concert-de-midi-et-demi-avec-toma-bervetsky-violon-alice-power-piano\\\/#breadcrumb\",\"itemListElement\":[{\"@type\":\"ListItem\",\"position\":1,\"name\":\"Accueil\",\"item\":\"https:\\\/\\\/www.ecolenormalecortot.com\\\/en\\\/\"},{\"@type\":\"ListItem\",\"position\":2,\"name\":\"\u00c9v\u00e8nements\",\"item\":\"https:\\\/\\\/www.ecolenormalecortot.com\\\/en\\\/event\\\/\"},{\"@type\":\"ListItem\",\"position\":3,\"name\":\"Concert de midi et demi avec Louisa Sophia JEFFERSON, piano &amp; Kotaro SHIGEMORI, piano\"}]},{\"@type\":\"WebSite\",\"@id\":\"https:\\\/\\\/www.ecolenormalecortot.com\\\/en\\\/#website\",\"url\":\"https:\\\/\\\/www.ecolenormalecortot.com\\\/en\\\/\",\"name\":\"Ecole Normale de Musique de Paris\",\"description\":\"\",\"publisher\":{\"@id\":\"https:\\\/\\\/www.ecolenormalecortot.com\\\/en\\\/#organization\"},\"potentialAction\":[{\"@type\":\"SearchAction\",\"target\":{\"@type\":\"EntryPoint\",\"urlTemplate\":\"https:\\\/\\\/www.ecolenormalecortot.com\\\/en\\\/?s={search_term_string}\"},\"query-input\":{\"@type\":\"PropertyValueSpecification\",\"valueRequired\":true,\"valueName\":\"search_term_string\"}}],\"inLanguage\":\"en-US\"},{\"@type\":\"Organization\",\"@id\":\"https:\\\/\\\/www.ecolenormalecortot.com\\\/en\\\/#organization\",\"name\":\"Ecole Normale de Musique de Paris\",\"url\":\"https:\\\/\\\/www.ecolenormalecortot.com\\\/en\\\/\",\"logo\":{\"@type\":\"ImageObject\",\"inLanguage\":\"en-US\",\"@id\":\"https:\\\/\\\/www.ecolenormalecortot.com\\\/en\\\/#\\\/schema\\\/logo\\\/image\\\/\",\"url\":\"https:\\\/\\\/www.ecolenormalecortot.com\\\/wp-content\\\/uploads\\\/2023\\\/02\\\/android-chrome-512x512-1.png\",\"contentUrl\":\"https:\\\/\\\/www.ecolenormalecortot.com\\\/wp-content\\\/uploads\\\/2023\\\/02\\\/android-chrome-512x512-1.png\",\"width\":512,\"height\":512,\"caption\":\"Ecole Normale de Musique de Paris\"},\"image\":{\"@id\":\"https:\\\/\\\/www.ecolenormalecortot.com\\\/en\\\/#\\\/schema\\\/logo\\\/image\\\/\"}}]}<\/script>\n<!-- \/ Yoast SEO plugin. -->","yoast_head_json":{"title":"Concert de midi et demi avec Louisa Sophia JEFFERSON, piano &amp; Kotaro SHIGEMORI, piano - Ecole Normale de Musique de Paris","robots":{"index":"index","follow":"follow","max-snippet":"max-snippet:-1","max-image-preview":"max-image-preview:large","max-video-preview":"max-video-preview:-1"},"canonical":"https:\/\/www.ecolenormalecortot.com\/en\/event\/concert-de-midi-et-demi-avec-toma-bervetsky-violon-alice-power-piano\/","og_locale":"en_US","og_type":"article","og_title":"Concert de midi et demi avec Louisa Sophia JEFFERSON, piano &amp; Kotaro SHIGEMORI, piano - Ecole Normale de Musique de Paris","og_description":"Concert de midi et demi avec Louisa Sophia JEFFERSON, piano &amp; Kotaro SHIGEMORI, piano Les Concerts de Midi et Demi [&hellip;]","og_url":"https:\/\/www.ecolenormalecortot.com\/en\/event\/concert-de-midi-et-demi-avec-toma-bervetsky-violon-alice-power-piano\/","og_site_name":"Ecole Normale de Musique de Paris","article_modified_time":"2025-10-10T09:24:12+00:00","og_image":[{"width":1110,"height":643,"url":"https:\/\/www.ecolenormalecortot.com\/wp-content\/uploads\/2025\/09\/14.10.png","type":"image\/png"}],"twitter_card":"summary_large_image","twitter_misc":{"Est. reading time":"4 minutes"},"schema":{"@context":"https:\/\/schema.org","@graph":[{"@type":"WebPage","@id":"https:\/\/www.ecolenormalecortot.com\/en\/event\/concert-de-midi-et-demi-avec-toma-bervetsky-violon-alice-power-piano\/","url":"https:\/\/www.ecolenormalecortot.com\/en\/event\/concert-de-midi-et-demi-avec-toma-bervetsky-violon-alice-power-piano\/","name":"Concert de midi et demi avec Louisa Sophia JEFFERSON, piano &amp; Kotaro SHIGEMORI, piano - Ecole Normale de Musique de Paris","isPartOf":{"@id":"https:\/\/www.ecolenormalecortot.com\/en\/#website"},"primaryImageOfPage":{"@id":"https:\/\/www.ecolenormalecortot.com\/en\/event\/concert-de-midi-et-demi-avec-toma-bervetsky-violon-alice-power-piano\/#primaryimage"},"image":{"@id":"https:\/\/www.ecolenormalecortot.com\/en\/event\/concert-de-midi-et-demi-avec-toma-bervetsky-violon-alice-power-piano\/#primaryimage"},"thumbnailUrl":"https:\/\/www.ecolenormalecortot.com\/wp-content\/uploads\/2025\/09\/14.10.png","datePublished":"2025-09-18T09:51:23+00:00","dateModified":"2025-10-10T09:24:12+00:00","breadcrumb":{"@id":"https:\/\/www.ecolenormalecortot.com\/en\/event\/concert-de-midi-et-demi-avec-toma-bervetsky-violon-alice-power-piano\/#breadcrumb"},"inLanguage":"en-US","potentialAction":[{"@type":"ReadAction","target":["https:\/\/www.ecolenormalecortot.com\/en\/event\/concert-de-midi-et-demi-avec-toma-bervetsky-violon-alice-power-piano\/"]}]},{"@type":"ImageObject","inLanguage":"en-US","@id":"https:\/\/www.ecolenormalecortot.com\/en\/event\/concert-de-midi-et-demi-avec-toma-bervetsky-violon-alice-power-piano\/#primaryimage","url":"https:\/\/www.ecolenormalecortot.com\/wp-content\/uploads\/2025\/09\/14.10.png","contentUrl":"https:\/\/www.ecolenormalecortot.com\/wp-content\/uploads\/2025\/09\/14.10.png","width":1110,"height":643},{"@type":"BreadcrumbList","@id":"https:\/\/www.ecolenormalecortot.com\/en\/event\/concert-de-midi-et-demi-avec-toma-bervetsky-violon-alice-power-piano\/#breadcrumb","itemListElement":[{"@type":"ListItem","position":1,"name":"Accueil","item":"https:\/\/www.ecolenormalecortot.com\/en\/"},{"@type":"ListItem","position":2,"name":"\u00c9v\u00e8nements","item":"https:\/\/www.ecolenormalecortot.com\/en\/event\/"},{"@type":"ListItem","position":3,"name":"Concert de midi et demi avec Louisa Sophia JEFFERSON, piano &amp; Kotaro SHIGEMORI, piano"}]},{"@type":"WebSite","@id":"https:\/\/www.ecolenormalecortot.com\/en\/#website","url":"https:\/\/www.ecolenormalecortot.com\/en\/","name":"Ecole Normale de Musique de Paris","description":"","publisher":{"@id":"https:\/\/www.ecolenormalecortot.com\/en\/#organization"},"potentialAction":[{"@type":"SearchAction","target":{"@type":"EntryPoint","urlTemplate":"https:\/\/www.ecolenormalecortot.com\/en\/?s={search_term_string}"},"query-input":{"@type":"PropertyValueSpecification","valueRequired":true,"valueName":"search_term_string"}}],"inLanguage":"en-US"},{"@type":"Organization","@id":"https:\/\/www.ecolenormalecortot.com\/en\/#organization","name":"Ecole Normale de Musique de Paris","url":"https:\/\/www.ecolenormalecortot.com\/en\/","logo":{"@type":"ImageObject","inLanguage":"en-US","@id":"https:\/\/www.ecolenormalecortot.com\/en\/#\/schema\/logo\/image\/","url":"https:\/\/www.ecolenormalecortot.com\/wp-content\/uploads\/2023\/02\/android-chrome-512x512-1.png","contentUrl":"https:\/\/www.ecolenormalecortot.com\/wp-content\/uploads\/2023\/02\/android-chrome-512x512-1.png","width":512,"height":512,"caption":"Ecole Normale de Musique de Paris"},"image":{"@id":"https:\/\/www.ecolenormalecortot.com\/en\/#\/schema\/logo\/image\/"}}]}},"_links":{"self":[{"href":"https:\/\/www.ecolenormalecortot.com\/en\/wp-json\/wp\/v2\/event\/10933","targetHints":{"allow":["GET"]}}],"collection":[{"href":"https:\/\/www.ecolenormalecortot.com\/en\/wp-json\/wp\/v2\/event"}],"about":[{"href":"https:\/\/www.ecolenormalecortot.com\/en\/wp-json\/wp\/v2\/types\/event"}],"wp:featuredmedia":[{"embeddable":true,"href":"https:\/\/www.ecolenormalecortot.com\/en\/wp-json\/wp\/v2\/media\/10931"}],"wp:attachment":[{"href":"https:\/\/www.ecolenormalecortot.com\/en\/wp-json\/wp\/v2\/media?parent=10933"}],"wp:term":[{"taxonomy":"event_category","embeddable":true,"href":"https:\/\/www.ecolenormalecortot.com\/en\/wp-json\/wp\/v2\/event_category?post=10933"}],"curies":[{"name":"wp","href":"https:\/\/api.w.org\/{rel}","templated":true}]}}