{"id":10921,"date":"2025-09-18T11:50:53","date_gmt":"2025-09-18T09:50:53","guid":{"rendered":"https:\/\/www.ecolenormalecortot.com\/event\/concert-de-midi-et-demi-avec-chengyi-chen-piano\/"},"modified":"2025-09-18T11:50:53","modified_gmt":"2025-09-18T09:50:53","slug":"concert-de-midi-et-demi-avec-chengyi-chen-piano","status":"publish","type":"event","link":"https:\/\/www.ecolenormalecortot.com\/en\/event\/concert-de-midi-et-demi-avec-chengyi-chen-piano\/","title":{"rendered":"Concert de midi et demi avec Chengyi CHEN, piano"},"content":{"rendered":"\n<p class=\"has-medium-font-size\">Les Concerts de Midi et Demi sont donn\u00e9s par les dipl\u00f4m\u00e9s, les \u00e9tudiants des niveaux sup\u00e9rieurs et les professeurs de l\u2019\u00c9cole Normale de Musique de Paris.<\/p>\n\n\n\n<p class=\"has-medium-font-size\">Ils sont coordonn\u00e9s et pr\u00e9sent\u00e9s par St\u00e9phane Fri\u00e9d\u00e9rich.<\/p>\n\n\n\n<p class=\"has-medium-font-size\"><em>Entr\u00e9e libre sous r\u00e9serve des places disponibles.<\/em><\/p>\n\n\n\n<div style=\"height:74px\" aria-hidden=\"true\" class=\"wp-block-spacer\"><\/div>\n\n\n\n<h3 class=\"wp-block-heading\">Le programme<\/h3>\n\n\n\n<p class=\"has-medium-font-size\">Johann Sebastian Bach\u202f: Pr\u00e9lude et Fugue BWV 863&nbsp;<\/p>\n\n\n\n<p class=\"has-medium-font-size\">Joseph Haydn\u202f: Sonate n\u00b060 Hob.XVI:50&nbsp;<\/p>\n\n\n\n<p class=\"has-medium-font-size\">Fr\u00e9d\u00e9ric Chopin\u202f: Etude op.5 n\u00b025&nbsp;&nbsp;<\/p>\n\n\n\n<p class=\"has-medium-font-size\">C\u00e9sar Franck\u202f: Pr\u00e9lude, Choral et Fugue&nbsp;&nbsp;<\/p>\n\n\n\n<p class=\"has-medium-font-size\">Maurice Ravel\u202f: Scarbo extrait de <em>Gaspard de la Nuit\u00a0<\/em><\/p>\n\n\n\n<div style=\"height:74px\" aria-hidden=\"true\" class=\"wp-block-spacer\"><\/div>\n\n\n\n<h3 class=\"wp-block-heading\"><strong><strong>Chengyi CHEN, piano<\/strong><\/strong><\/h3>\n\n\n\n<p class=\"has-medium-font-size\">Chengyi Chen est n\u00e9 le 16 ao\u00fbt 2005 en Chine. Passionn\u00e9 de musique d\u00e8s son plus jeune \u00e2ge, il commence \u00e0 jouer du piano \u00e0 six ans. En 2017, il travaille avec Monsieur Zhang Peng, un \u00e9l\u00e8ve de Madame Fran\u00e7oise Buffet-Arsenijevic, et se distingue rapidement dans plusieurs comp\u00e9titions internationales, remportant notamment le 1er prix \u00e0 la Comp\u00e9tition Internationale de Musique des Jeunes Pianistes de Melbourne en 2017 et le 1er prix \u00e0 la Comp\u00e9tition Internationale de Musique de Changwon en 2021.<\/p>\n\n\n\n<p class=\"has-medium-font-size\">En 2022, il est admis \u00e0 l\u2019\u00c9cole Normale de Musique de Paris Alfred Cortot, o\u00f9 il continue de briller en remportant la Premi\u00e8re M\u00e9daille \u00e0 l\u2019unanimit\u00e9 au Concours International de Piano de Chatou en 2023. En 2024 il obtient son dipl\u00f4me du deuxi\u00e8me cycle sup\u00e9rieur avec mention tr\u00e8s bien ainsi que les F\u00e9licitations du Jury \u00e0 l\u2019Ecole Normale de Musique de Paris.<\/p>\n\n\n\n<div style=\"height:74px\" aria-hidden=\"true\" class=\"wp-block-spacer\"><\/div>\n\n\n\n\n\n<h3 class=\"wp-block-heading\">\u00c0 propos<\/h3>\n\n\n\n<p class=\"has-medium-font-size\">Pr\u00e8s de 70 Concerts de Midi et Demi sont donn\u00e9s chaque ann\u00e9e \u00e0 la&nbsp;<a href=\"https:\/\/sallecortot.com\/\">Salle Cortot<\/a>&nbsp;par les \u00e9tudiants des niveaux sup\u00e9rieurs de l\u2019\u00c9cole normale de musique de Paris.<br><br>Apr\u00e8s plus de 40 ans d\u2019existence, ces concerts sont une v\u00e9ritable institution et attirent leur propre public d\u2019habitu\u00e9s. Ils sont pr\u00e9sent\u00e9 par le journaliste musical St\u00e9phane Fri\u00e9d\u00e9rich.<\/p>\n\n\n\n<p class=\"has-medium-font-size\"><em>Entr\u00e9e libre sous r\u00e9serve des places disponibles.<\/em><\/p>\n\n\n\n<div style=\"height:74px\" aria-hidden=\"true\" class=\"wp-block-spacer\"><\/div>\n\n\n\n\n\n<h3 class=\"wp-block-heading\">Organisateur<\/h3>\n\n\n\n\n\n<figure class=\"wp-block-image size-large is-resized\"><img decoding=\"async\" src=\"https:\/\/sallecortot.com\/wp-content\/uploads\/2024\/08\/LOGO-3-LIGNES-BLANC-1024x251.png\" alt=\"\u00c9cole normale de Musique de Paris Alfred Cortot\" class=\"wp-image-1353\" style=\"width:254px;height:auto\"\/><\/figure>\n\n\n\n<p><\/p>\n","protected":false},"excerpt":{"rendered":"<p>Les Concerts de Midi et Demi sont donn\u00e9s par les dipl\u00f4m\u00e9s, les \u00e9tudiants des niveaux sup\u00e9rieurs et les professeurs de [&hellip;]<\/p>\n","protected":false},"featured_media":10919,"template":"","meta":{"_acf_changed":false},"event_category":[168],"class_list":["post-10921","event","type-event","status-publish","has-post-thumbnail","hentry","event_category-concerts-de-midi-et-demi"],"acf":{"presentation":"","musicians":"","program":"","host":"","date":"2025-10-02 12:30:00","time_start":"12:30","time_end":null,"end_date":null,"location_name":"","location_address":"","phone":"","link":null,"booking_link":"","price_from":"<p>Entr\u00e9e libre.<\/p>\n","hide_price":false,"teachers":null,"event_type":"","datetime":"2025-10-02 12:30:00","end_datetime":"2025-10-02 13:30:00","booking_infos":"","source_post_id":"6980"},"yoast_head":"<!-- This site is optimized with the Yoast SEO plugin v27.5 - https:\/\/yoast.com\/product\/yoast-seo-wordpress\/ -->\n<title>Concert de midi et demi avec Chengyi CHEN, piano - Ecole Normale de Musique de Paris<\/title>\n<meta name=\"robots\" content=\"index, follow, max-snippet:-1, max-image-preview:large, max-video-preview:-1\" \/>\n<link rel=\"canonical\" href=\"https:\/\/www.ecolenormalecortot.com\/en\/event\/concert-de-midi-et-demi-avec-chengyi-chen-piano\/\" \/>\n<meta property=\"og:locale\" content=\"en_US\" \/>\n<meta property=\"og:type\" content=\"article\" \/>\n<meta property=\"og:title\" content=\"Concert de midi et demi avec Chengyi CHEN, piano - Ecole Normale de Musique de Paris\" \/>\n<meta property=\"og:description\" content=\"Les Concerts de Midi et Demi sont donn\u00e9s par les dipl\u00f4m\u00e9s, les \u00e9tudiants des niveaux sup\u00e9rieurs et les professeurs de [&hellip;]\" \/>\n<meta property=\"og:url\" content=\"https:\/\/www.ecolenormalecortot.com\/en\/event\/concert-de-midi-et-demi-avec-chengyi-chen-piano\/\" \/>\n<meta property=\"og:site_name\" content=\"Ecole Normale de Musique de Paris\" \/>\n<meta name=\"twitter:card\" content=\"summary_large_image\" \/>\n<meta name=\"twitter:label1\" content=\"Est. reading time\" \/>\n\t<meta name=\"twitter:data1\" content=\"2 minutes\" \/>\n<script type=\"application\/ld+json\" class=\"yoast-schema-graph\">{\"@context\":\"https:\\\/\\\/schema.org\",\"@graph\":[{\"@type\":\"WebPage\",\"@id\":\"https:\\\/\\\/www.ecolenormalecortot.com\\\/en\\\/event\\\/concert-de-midi-et-demi-avec-chengyi-chen-piano\\\/\",\"url\":\"https:\\\/\\\/www.ecolenormalecortot.com\\\/en\\\/event\\\/concert-de-midi-et-demi-avec-chengyi-chen-piano\\\/\",\"name\":\"Concert de midi et demi avec Chengyi CHEN, piano - Ecole Normale de Musique de Paris\",\"isPartOf\":{\"@id\":\"https:\\\/\\\/www.ecolenormalecortot.com\\\/en\\\/#website\"},\"primaryImageOfPage\":{\"@id\":\"https:\\\/\\\/www.ecolenormalecortot.com\\\/en\\\/event\\\/concert-de-midi-et-demi-avec-chengyi-chen-piano\\\/#primaryimage\"},\"image\":{\"@id\":\"https:\\\/\\\/www.ecolenormalecortot.com\\\/en\\\/event\\\/concert-de-midi-et-demi-avec-chengyi-chen-piano\\\/#primaryimage\"},\"thumbnailUrl\":\"https:\\\/\\\/www.ecolenormalecortot.com\\\/wp-content\\\/uploads\\\/2025\\\/09\\\/CHEN-Chengyi-Piano-2-1110x643-1.png\",\"datePublished\":\"2025-09-18T09:50:53+00:00\",\"breadcrumb\":{\"@id\":\"https:\\\/\\\/www.ecolenormalecortot.com\\\/en\\\/event\\\/concert-de-midi-et-demi-avec-chengyi-chen-piano\\\/#breadcrumb\"},\"inLanguage\":\"en-US\",\"potentialAction\":[{\"@type\":\"ReadAction\",\"target\":[\"https:\\\/\\\/www.ecolenormalecortot.com\\\/en\\\/event\\\/concert-de-midi-et-demi-avec-chengyi-chen-piano\\\/\"]}]},{\"@type\":\"ImageObject\",\"inLanguage\":\"en-US\",\"@id\":\"https:\\\/\\\/www.ecolenormalecortot.com\\\/en\\\/event\\\/concert-de-midi-et-demi-avec-chengyi-chen-piano\\\/#primaryimage\",\"url\":\"https:\\\/\\\/www.ecolenormalecortot.com\\\/wp-content\\\/uploads\\\/2025\\\/09\\\/CHEN-Chengyi-Piano-2-1110x643-1.png\",\"contentUrl\":\"https:\\\/\\\/www.ecolenormalecortot.com\\\/wp-content\\\/uploads\\\/2025\\\/09\\\/CHEN-Chengyi-Piano-2-1110x643-1.png\",\"width\":1110,\"height\":643},{\"@type\":\"BreadcrumbList\",\"@id\":\"https:\\\/\\\/www.ecolenormalecortot.com\\\/en\\\/event\\\/concert-de-midi-et-demi-avec-chengyi-chen-piano\\\/#breadcrumb\",\"itemListElement\":[{\"@type\":\"ListItem\",\"position\":1,\"name\":\"Accueil\",\"item\":\"https:\\\/\\\/www.ecolenormalecortot.com\\\/en\\\/\"},{\"@type\":\"ListItem\",\"position\":2,\"name\":\"\u00c9v\u00e8nements\",\"item\":\"https:\\\/\\\/www.ecolenormalecortot.com\\\/en\\\/event\\\/\"},{\"@type\":\"ListItem\",\"position\":3,\"name\":\"Concert de midi et demi avec Chengyi CHEN, piano\"}]},{\"@type\":\"WebSite\",\"@id\":\"https:\\\/\\\/www.ecolenormalecortot.com\\\/en\\\/#website\",\"url\":\"https:\\\/\\\/www.ecolenormalecortot.com\\\/en\\\/\",\"name\":\"Ecole Normale de Musique de Paris\",\"description\":\"\",\"publisher\":{\"@id\":\"https:\\\/\\\/www.ecolenormalecortot.com\\\/en\\\/#organization\"},\"potentialAction\":[{\"@type\":\"SearchAction\",\"target\":{\"@type\":\"EntryPoint\",\"urlTemplate\":\"https:\\\/\\\/www.ecolenormalecortot.com\\\/en\\\/?s={search_term_string}\"},\"query-input\":{\"@type\":\"PropertyValueSpecification\",\"valueRequired\":true,\"valueName\":\"search_term_string\"}}],\"inLanguage\":\"en-US\"},{\"@type\":\"Organization\",\"@id\":\"https:\\\/\\\/www.ecolenormalecortot.com\\\/en\\\/#organization\",\"name\":\"Ecole Normale de Musique de Paris\",\"url\":\"https:\\\/\\\/www.ecolenormalecortot.com\\\/en\\\/\",\"logo\":{\"@type\":\"ImageObject\",\"inLanguage\":\"en-US\",\"@id\":\"https:\\\/\\\/www.ecolenormalecortot.com\\\/en\\\/#\\\/schema\\\/logo\\\/image\\\/\",\"url\":\"https:\\\/\\\/www.ecolenormalecortot.com\\\/wp-content\\\/uploads\\\/2023\\\/02\\\/android-chrome-512x512-1.png\",\"contentUrl\":\"https:\\\/\\\/www.ecolenormalecortot.com\\\/wp-content\\\/uploads\\\/2023\\\/02\\\/android-chrome-512x512-1.png\",\"width\":512,\"height\":512,\"caption\":\"Ecole Normale de Musique de Paris\"},\"image\":{\"@id\":\"https:\\\/\\\/www.ecolenormalecortot.com\\\/en\\\/#\\\/schema\\\/logo\\\/image\\\/\"}}]}<\/script>\n<!-- \/ Yoast SEO plugin. -->","yoast_head_json":{"title":"Concert de midi et demi avec Chengyi CHEN, piano - Ecole Normale de Musique de Paris","robots":{"index":"index","follow":"follow","max-snippet":"max-snippet:-1","max-image-preview":"max-image-preview:large","max-video-preview":"max-video-preview:-1"},"canonical":"https:\/\/www.ecolenormalecortot.com\/en\/event\/concert-de-midi-et-demi-avec-chengyi-chen-piano\/","og_locale":"en_US","og_type":"article","og_title":"Concert de midi et demi avec Chengyi CHEN, piano - Ecole Normale de Musique de Paris","og_description":"Les Concerts de Midi et Demi sont donn\u00e9s par les dipl\u00f4m\u00e9s, les \u00e9tudiants des niveaux sup\u00e9rieurs et les professeurs de [&hellip;]","og_url":"https:\/\/www.ecolenormalecortot.com\/en\/event\/concert-de-midi-et-demi-avec-chengyi-chen-piano\/","og_site_name":"Ecole Normale de Musique de Paris","twitter_card":"summary_large_image","twitter_misc":{"Est. reading time":"2 minutes"},"schema":{"@context":"https:\/\/schema.org","@graph":[{"@type":"WebPage","@id":"https:\/\/www.ecolenormalecortot.com\/en\/event\/concert-de-midi-et-demi-avec-chengyi-chen-piano\/","url":"https:\/\/www.ecolenormalecortot.com\/en\/event\/concert-de-midi-et-demi-avec-chengyi-chen-piano\/","name":"Concert de midi et demi avec Chengyi CHEN, piano - Ecole Normale de Musique de Paris","isPartOf":{"@id":"https:\/\/www.ecolenormalecortot.com\/en\/#website"},"primaryImageOfPage":{"@id":"https:\/\/www.ecolenormalecortot.com\/en\/event\/concert-de-midi-et-demi-avec-chengyi-chen-piano\/#primaryimage"},"image":{"@id":"https:\/\/www.ecolenormalecortot.com\/en\/event\/concert-de-midi-et-demi-avec-chengyi-chen-piano\/#primaryimage"},"thumbnailUrl":"https:\/\/www.ecolenormalecortot.com\/wp-content\/uploads\/2025\/09\/CHEN-Chengyi-Piano-2-1110x643-1.png","datePublished":"2025-09-18T09:50:53+00:00","breadcrumb":{"@id":"https:\/\/www.ecolenormalecortot.com\/en\/event\/concert-de-midi-et-demi-avec-chengyi-chen-piano\/#breadcrumb"},"inLanguage":"en-US","potentialAction":[{"@type":"ReadAction","target":["https:\/\/www.ecolenormalecortot.com\/en\/event\/concert-de-midi-et-demi-avec-chengyi-chen-piano\/"]}]},{"@type":"ImageObject","inLanguage":"en-US","@id":"https:\/\/www.ecolenormalecortot.com\/en\/event\/concert-de-midi-et-demi-avec-chengyi-chen-piano\/#primaryimage","url":"https:\/\/www.ecolenormalecortot.com\/wp-content\/uploads\/2025\/09\/CHEN-Chengyi-Piano-2-1110x643-1.png","contentUrl":"https:\/\/www.ecolenormalecortot.com\/wp-content\/uploads\/2025\/09\/CHEN-Chengyi-Piano-2-1110x643-1.png","width":1110,"height":643},{"@type":"BreadcrumbList","@id":"https:\/\/www.ecolenormalecortot.com\/en\/event\/concert-de-midi-et-demi-avec-chengyi-chen-piano\/#breadcrumb","itemListElement":[{"@type":"ListItem","position":1,"name":"Accueil","item":"https:\/\/www.ecolenormalecortot.com\/en\/"},{"@type":"ListItem","position":2,"name":"\u00c9v\u00e8nements","item":"https:\/\/www.ecolenormalecortot.com\/en\/event\/"},{"@type":"ListItem","position":3,"name":"Concert de midi et demi avec Chengyi CHEN, piano"}]},{"@type":"WebSite","@id":"https:\/\/www.ecolenormalecortot.com\/en\/#website","url":"https:\/\/www.ecolenormalecortot.com\/en\/","name":"Ecole Normale de Musique de Paris","description":"","publisher":{"@id":"https:\/\/www.ecolenormalecortot.com\/en\/#organization"},"potentialAction":[{"@type":"SearchAction","target":{"@type":"EntryPoint","urlTemplate":"https:\/\/www.ecolenormalecortot.com\/en\/?s={search_term_string}"},"query-input":{"@type":"PropertyValueSpecification","valueRequired":true,"valueName":"search_term_string"}}],"inLanguage":"en-US"},{"@type":"Organization","@id":"https:\/\/www.ecolenormalecortot.com\/en\/#organization","name":"Ecole Normale de Musique de Paris","url":"https:\/\/www.ecolenormalecortot.com\/en\/","logo":{"@type":"ImageObject","inLanguage":"en-US","@id":"https:\/\/www.ecolenormalecortot.com\/en\/#\/schema\/logo\/image\/","url":"https:\/\/www.ecolenormalecortot.com\/wp-content\/uploads\/2023\/02\/android-chrome-512x512-1.png","contentUrl":"https:\/\/www.ecolenormalecortot.com\/wp-content\/uploads\/2023\/02\/android-chrome-512x512-1.png","width":512,"height":512,"caption":"Ecole Normale de Musique de Paris"},"image":{"@id":"https:\/\/www.ecolenormalecortot.com\/en\/#\/schema\/logo\/image\/"}}]}},"_links":{"self":[{"href":"https:\/\/www.ecolenormalecortot.com\/en\/wp-json\/wp\/v2\/event\/10921","targetHints":{"allow":["GET"]}}],"collection":[{"href":"https:\/\/www.ecolenormalecortot.com\/en\/wp-json\/wp\/v2\/event"}],"about":[{"href":"https:\/\/www.ecolenormalecortot.com\/en\/wp-json\/wp\/v2\/types\/event"}],"wp:featuredmedia":[{"embeddable":true,"href":"https:\/\/www.ecolenormalecortot.com\/en\/wp-json\/wp\/v2\/media\/10919"}],"wp:attachment":[{"href":"https:\/\/www.ecolenormalecortot.com\/en\/wp-json\/wp\/v2\/media?parent=10921"}],"wp:term":[{"taxonomy":"event_category","embeddable":true,"href":"https:\/\/www.ecolenormalecortot.com\/en\/wp-json\/wp\/v2\/event_category?post=10921"}],"curies":[{"name":"wp","href":"https:\/\/api.w.org\/{rel}","templated":true}]}}