{"id":10918,"date":"2025-09-18T11:50:43","date_gmt":"2025-09-18T09:50:43","guid":{"rendered":"https:\/\/www.ecolenormalecortot.com\/event\/concert-de-midi-et-demi-avec-alice-power-prix-cortot-2025\/"},"modified":"2025-09-18T11:50:43","modified_gmt":"2025-09-18T09:50:43","slug":"concert-de-midi-et-demi-avec-alice-power-prix-cortot-2025","status":"publish","type":"event","link":"https:\/\/www.ecolenormalecortot.com\/en\/event\/concert-de-midi-et-demi-avec-alice-power-prix-cortot-2025\/","title":{"rendered":"Concert de midi et demi avec Alice Power &#8211; Prix Cortot 2025"},"content":{"rendered":"\n<h3 class=\"wp-block-heading has-large-font-size\">Concert de midi et demi avec Alice Power, prix Cortot 2025<\/h3>\n\n\n\n<p class=\"has-medium-font-size\">Les Concerts de Midi et Demi sont donn\u00e9s par les dipl\u00f4m\u00e9s, les \u00e9tudiants des niveaux sup\u00e9rieurs et les professeurs de l\u2019\u00c9cole Normale de Musique de Paris.<\/p>\n\n\n\n<p>Ils sont coordonn\u00e9s et pr\u00e9sent\u00e9s par St\u00e9phane Fri\u00e9d\u00e9rich.<\/p>\n\n\n\n<p class=\"has-medium-font-size\"><em>Entr\u00e9e libre sous r\u00e9serve des places disponibles.<\/em><\/p>\n\n\n\n<div style=\"height:45px\" aria-hidden=\"true\" class=\"wp-block-spacer\"><\/div>\n\n\n\n<p class=\"has-medium-font-size\"><\/p>\n\n\n\n<h3 class=\"wp-block-heading\">Le programme<\/h3>\n\n\n\n<p class=\"has-medium-font-size\">Ludwig van Beethoven\u202f: Sonate n\u00b021 op.53 \u201cWaldstein\u201d&nbsp;<\/p>\n\n\n\n<p class=\"has-medium-font-size\">Fr\u00e9d\u00e9ric Chopin\u202f: Pr\u00e9ludes op.28 (extraits)&nbsp;<\/p>\n\n\n\n<p class=\"has-medium-font-size\">Johann Sebastian Bach\u202f: Fantaisie et Fugue chromatique BWV 903&nbsp;<\/p>\n\n\n\n<p class=\"has-medium-font-size\">Fr\u00e9d\u00e9ric Chopin\u202f: Fantaisie op.49&nbsp;<\/p>\n\n\n\n<div style=\"height:45px\" aria-hidden=\"true\" class=\"wp-block-spacer\"><\/div>\n\n\n\n<h3 class=\"wp-block-heading\"><strong>Alice POWER, piano\u00a0<\/strong>&#8211; Prix Cortot\u00a02025<\/h3>\n\n\n<div class=\"wp-block-image\">\n<figure class=\"alignleft size-full is-resized\"><a href=\"https:\/\/www.alicepower.com\/\" target=\"_blank\" rel=\" noreferrer noopener\"><img decoding=\"async\" src=\"https:\/\/sallecortot.com\/wp-content\/uploads\/2025\/07\/image-start2-edited-1.jpg\" alt=\"\" class=\"wp-image-6589\" style=\"width:168px;height:auto\"\/><\/a><\/figure>\n<\/div>\n\n\n<p style=\"font-size:17px\">N\u00e9e en 2000 dans une famille de musiciens professionnels, <strong><a href=\"https:\/\/www.alicepower.com\/\" target=\"_blank\" rel=\"noreferrer noopener\">Alice Power<\/a><\/strong> est une pianiste su\u00e9doise dont le parcours musical d\u00e9bute d\u00e8s l\u2019\u00e2ge de cinq ans, guid\u00e9e par sa m\u00e8re et sa grandm\u00e8re. Sa rencontre d\u00e9cisive avec la pianiste et p\u00e9dagogue renomm\u00e9 Rena Shereshevskaya l\u2019am\u00e8ne \u00e0 int\u00e9grer en 2021 l\u2019\u00c9cole Normale de Musique de Paris Alfred Cortot. En mai 2025 elle remporte le Prix Cortot 2025 \u00e0 l\u2019unanimit\u00e9 et re\u00e7oit au m\u00eame temps son Artist Diploma avec la Mention Tr\u00e9s Bien et les f\u00e9licitations du jury de l\u2019\u00c9cole Normale de Musique de Paris Alfred Cortot.<\/p>\n\n\n\n<p style=\"font-size:17px\">Laur\u00e9ate de nombreux concours internationaux en France, Su\u00e8de, Italie, G\u00e9orgie, Allemagne oucencore Espagne, elle se produit en 2017 avec l\u2019Orchestre Philharmonique de Stockholm \u00e0 l\u2019occasion de l\u2019ouverture annuelle du gouvernement su\u00e9dois, en pr\u00e9sence de la famille royale et du parlement.<\/p>\n\n\n\n<p style=\"font-size:17px\">Alice s&#8217;est produite dans la plupart des plus grandes salles de Su\u00e8de, \u00e0 la Salle Cortot \u00e0 Paris, au Rosey Concert Hall en Suisse, \u00e0 la Maison de la Radio de Wroclaw, \u00e0 la Maison d&#8217;\u00e9t\u00e9 de Fr\u00e9d\u00e9ric Chopin en Pologne, au Palais Royal de Su\u00e8de, ainsi qu&#8217;en Chine, en Angleterre, en Roumanie, en Jordanie, en Italie, en Norv\u00e8ge, en G\u00e9orgie, \u00e0 Chypre, en France &#8211; avec l&#8217;Orchestre philharmonique de Stockholm, l&#8217;Orchestre philharmonique de l&#8217;Universit\u00e9 de Wroclaw, l&#8217;Orchestre Vasteras Sinfonietta et se produit \u00e9galement r\u00e9guli\u00e8rement dans diff\u00e9rents groupes de musique de chambre.<\/p>\n\n\n\n<h2 class=\"wp-block-heading has-small-font-size\"><\/h2>\n\n\n\n<p style=\"font-size:17px\">Alice a collabor\u00e9 avec des artistes de renom tels que Renaud Capu\u00e7on, G\u00e1bor Tak\u00e1cs-Nagy, Rafael Payare, Christian Lindberg ou Marc Soustrot. En 2023 Alice est invit\u00e9e \u00e0 participer \u00e0 un concert de gala \u00e0 Stockholm pour c\u00e9l\u00e9brer les 80 ans de la princesse Christina (s\u0153ur du Roi Carl Gustaf de Su\u00e8de). Invit\u00e9e r\u00e9guli\u00e8re des festivals internationaux en Europe, elle cultive \u00e9galement une passion pour la musique de chambre et participe \u00e0 plusieurs formations couvrant des r\u00e9pertoires vari\u00e9s, du classique au rock.<\/p>\n\n\n\n<p style=\"font-size:17px\">Depuis 2011, Alice est \u00e9galement l&#8217;invit\u00e9e du c\u00e9l\u00e8bre spectacle su\u00e9dois \u00ab Rhapsody in Rock \u00bb, cr\u00e9\u00e9 par le pianiste et compositeur Robert Wells. Ensemble, ils ont tourn\u00e9 pendant de nombreuses ann\u00e9es et se sont produits dans la plupart des grandes salles de concert et ar\u00e8nes su\u00e9doises, ainsi qu&#8217;en Angleterre et en Chine, et ont particip\u00e9 \u00e0 de nombreuses \u00e9missions de t\u00e9l\u00e9vision internationales.<\/p>\n\n\n\n<p style=\"font-size:17px\">En 2023 elle obtient un Master en musicologie et interpr\u00e9tation du piano en juin 2023 de l\u2019Universit\u00e9 de Versailles et l\u2019\u00c9cole Normale de Musique de Paris Alfred Cortot, avec un m\u00e9moire consacr\u00e9 \u00e0 J.S. Bach et la rh\u00e9torique musicale. Avant de venir \u00e0 Paris, Alice est \u00e9galement form\u00e9e \u00e0 l\u2019Acad\u00e9mie norv\u00e9gienne de musique d\u2019Oslo (classe de M.Shirinyan) puis au Coll\u00e8ge Royal de Musique de Stockholm, et en 2024, elle \u00e9tait l\u2019une des solistes de l\u2019International Menuhin Music Academy en Suisse. En 2025 elle fait partie de tels festivals que le Nohant Festival Chopin, Gstaad Menuhin Festival &amp; Academy (invit\u00e9e par Sir Andr\u00e1s Schiff \u00e0 rejoindre l\u2019acad\u00e9mie de l\u2019\u00e9t\u00e9 2025), ainsi que des festivals en Su\u00e8de.<\/p>\n\n\n\n<p style=\"font-size:17px\">Aujourd&#8217;hui, elle travaille avec Rena Shereshevskaya \u00e0 Paris et se produit activement en Europe. En 2026 Alice sort son premier album pour le label \u00ab La Dolce Volta \u00bb en France.<\/p>\n\n\n\n<p class=\"has-small-font-size\"><strong><a href=\"https:\/\/www.alicepower.com\/\" target=\"_blank\" rel=\"noreferrer noopener\">En savoir plus<\/a><\/strong><\/p>\n\n\n\n<ul class=\"wp-block-social-links has-small-icon-size is-layout-flex wp-block-social-links-is-layout-flex\"><li class=\"wp-social-link wp-social-link-facebook  wp-block-social-link\"><a rel=\"noopener nofollow\" target=\"_blank\" href=\"https:\/\/www.facebook.com\/alice.power.3192\/\" class=\"wp-block-social-link-anchor\"><svg width=\"24\" height=\"24\" viewBox=\"0 0 24 24\" version=\"1.1\" xmlns=\"http:\/\/www.w3.org\/2000\/svg\" aria-hidden=\"true\" focusable=\"false\"><path d=\"M12 2C6.5 2 2 6.5 2 12c0 5 3.7 9.1 8.4 9.9v-7H7.9V12h2.5V9.8c0-2.5 1.5-3.9 3.8-3.9 1.1 0 2.2.2 2.2.2v2.5h-1.3c-1.2 0-1.6.8-1.6 1.6V12h2.8l-.4 2.9h-2.3v7C18.3 21.1 22 17 22 12c0-5.5-4.5-10-10-10z\"><\/path><\/svg><span class=\"wp-block-social-link-label screen-reader-text\">Facebook<\/span><\/a><\/li>\n\n<li class=\"wp-social-link wp-social-link-instagram  wp-block-social-link\"><a rel=\"noopener nofollow\" target=\"_blank\" href=\"https:\/\/www.instagram.com\/pianoalice\/\" class=\"wp-block-social-link-anchor\"><svg width=\"24\" height=\"24\" viewBox=\"0 0 24 24\" version=\"1.1\" xmlns=\"http:\/\/www.w3.org\/2000\/svg\" aria-hidden=\"true\" focusable=\"false\"><path d=\"M12,4.622c2.403,0,2.688,0.009,3.637,0.052c0.877,0.04,1.354,0.187,1.671,0.31c0.42,0.163,0.72,0.358,1.035,0.673 c0.315,0.315,0.51,0.615,0.673,1.035c0.123,0.317,0.27,0.794,0.31,1.671c0.043,0.949,0.052,1.234,0.052,3.637 s-0.009,2.688-0.052,3.637c-0.04,0.877-0.187,1.354-0.31,1.671c-0.163,0.42-0.358,0.72-0.673,1.035 c-0.315,0.315-0.615,0.51-1.035,0.673c-0.317,0.123-0.794,0.27-1.671,0.31c-0.949,0.043-1.233,0.052-3.637,0.052 s-2.688-0.009-3.637-0.052c-0.877-0.04-1.354-0.187-1.671-0.31c-0.42-0.163-0.72-0.358-1.035-0.673 c-0.315-0.315-0.51-0.615-0.673-1.035c-0.123-0.317-0.27-0.794-0.31-1.671C4.631,14.688,4.622,14.403,4.622,12 s0.009-2.688,0.052-3.637c0.04-0.877,0.187-1.354,0.31-1.671c0.163-0.42,0.358-0.72,0.673-1.035 c0.315-0.315,0.615-0.51,1.035-0.673c0.317-0.123,0.794-0.27,1.671-0.31C9.312,4.631,9.597,4.622,12,4.622 M12,3 C9.556,3,9.249,3.01,8.289,3.054C7.331,3.098,6.677,3.25,6.105,3.472C5.513,3.702,5.011,4.01,4.511,4.511 c-0.5,0.5-0.808,1.002-1.038,1.594C3.25,6.677,3.098,7.331,3.054,8.289C3.01,9.249,3,9.556,3,12c0,2.444,0.01,2.751,0.054,3.711 c0.044,0.958,0.196,1.612,0.418,2.185c0.23,0.592,0.538,1.094,1.038,1.594c0.5,0.5,1.002,0.808,1.594,1.038 c0.572,0.222,1.227,0.375,2.185,0.418C9.249,20.99,9.556,21,12,21s2.751-0.01,3.711-0.054c0.958-0.044,1.612-0.196,2.185-0.418 c0.592-0.23,1.094-0.538,1.594-1.038c0.5-0.5,0.808-1.002,1.038-1.594c0.222-0.572,0.375-1.227,0.418-2.185 C20.99,14.751,21,14.444,21,12s-0.01-2.751-0.054-3.711c-0.044-0.958-0.196-1.612-0.418-2.185c-0.23-0.592-0.538-1.094-1.038-1.594 c-0.5-0.5-1.002-0.808-1.594-1.038c-0.572-0.222-1.227-0.375-2.185-0.418C14.751,3.01,14.444,3,12,3L12,3z M12,7.378 c-2.552,0-4.622,2.069-4.622,4.622S9.448,16.622,12,16.622s4.622-2.069,4.622-4.622S14.552,7.378,12,7.378z M12,15 c-1.657,0-3-1.343-3-3s1.343-3,3-3s3,1.343,3,3S13.657,15,12,15z M16.804,6.116c-0.596,0-1.08,0.484-1.08,1.08 s0.484,1.08,1.08,1.08c0.596,0,1.08-0.484,1.08-1.08S17.401,6.116,16.804,6.116z\"><\/path><\/svg><span class=\"wp-block-social-link-label screen-reader-text\">Instagram<\/span><\/a><\/li><\/ul>\n\n\n\n<div style=\"height:45px\" aria-hidden=\"true\" class=\"wp-block-spacer\"><\/div>\n\n\n\n\n\n<h3 class=\"wp-block-heading\">\u00c0 propos<\/h3>\n\n\n\n<p class=\"has-medium-font-size\">Pr\u00e8s de 70 Concerts de Midi et Demi sont donn\u00e9s chaque ann\u00e9e \u00e0 la&nbsp;<a href=\"https:\/\/sallecortot.com\/\">Salle Cortot<\/a>&nbsp;par les \u00e9tudiants des niveaux sup\u00e9rieurs de l\u2019\u00c9cole normale de musique de Paris.<br><br>Apr\u00e8s plus de 40 ans d\u2019existence, ces concerts sont une v\u00e9ritable institution et attirent leur propre public d\u2019habitu\u00e9s. Ils sont pr\u00e9sent\u00e9 par le journaliste musical St\u00e9phane Fri\u00e9d\u00e9rich.<\/p>\n\n\n\n<p class=\"has-medium-font-size\"><em>Entr\u00e9e libre sous r\u00e9serve des places disponibles.<\/em><\/p>\n\n\n\n<div style=\"height:45px\" aria-hidden=\"true\" class=\"wp-block-spacer\"><\/div>\n\n\n\n\n\n<h3 class=\"wp-block-heading\">Organisateur<\/h3>\n\n\n\n\n\n<figure class=\"wp-block-image size-large is-resized\"><img decoding=\"async\" src=\"https:\/\/sallecortot.com\/wp-content\/uploads\/2024\/08\/LOGO-3-LIGNES-BLANC-1024x251.png\" alt=\"\u00c9cole normale de Musique de Paris Alfred Cortot\" class=\"wp-image-1353\" style=\"width:254px;height:auto\"\/><\/figure>\n\n\n\n<p><\/p>\n","protected":false},"excerpt":{"rendered":"<p>Concert de midi et demi avec Alice Power, prix Cortot 2025 Les Concerts de Midi et Demi sont donn\u00e9s par [&hellip;]<\/p>\n","protected":false},"featured_media":10916,"template":"","meta":{"_acf_changed":false},"event_category":[168],"class_list":["post-10918","event","type-event","status-publish","has-post-thumbnail","hentry","event_category-concerts-de-midi-et-demi"],"acf":{"presentation":"","musicians":"","program":"","host":"","date":"2025-10-01 12:30:00","time_start":"12:30","time_end":null,"end_date":null,"location_name":"","location_address":"","phone":"","link":null,"booking_link":"","price_from":"<p>Entr\u00e9e libre.<\/p>\n","hide_price":false,"teachers":null,"event_type":"","datetime":"2025-10-01 12:30:00","end_datetime":"2025-10-01 13:30:00","booking_infos":"","source_post_id":"6976"},"yoast_head":"<!-- This site is optimized with the Yoast SEO plugin v27.5 - https:\/\/yoast.com\/product\/yoast-seo-wordpress\/ -->\n<title>Concert de midi et demi avec Alice Power - Prix Cortot 2025 - Ecole Normale de Musique de Paris<\/title>\n<meta name=\"robots\" content=\"index, follow, max-snippet:-1, max-image-preview:large, max-video-preview:-1\" \/>\n<link rel=\"canonical\" href=\"https:\/\/www.ecolenormalecortot.com\/en\/event\/concert-de-midi-et-demi-avec-alice-power-prix-cortot-2025\/\" \/>\n<meta property=\"og:locale\" content=\"en_US\" \/>\n<meta property=\"og:type\" content=\"article\" \/>\n<meta property=\"og:title\" content=\"Concert de midi et demi avec Alice Power - Prix Cortot 2025 - Ecole Normale de Musique de Paris\" \/>\n<meta property=\"og:description\" content=\"Concert de midi et demi avec Alice Power, prix Cortot 2025 Les Concerts de Midi et Demi sont donn\u00e9s par [&hellip;]\" \/>\n<meta property=\"og:url\" content=\"https:\/\/www.ecolenormalecortot.com\/en\/event\/concert-de-midi-et-demi-avec-alice-power-prix-cortot-2025\/\" \/>\n<meta property=\"og:site_name\" content=\"Ecole Normale de Musique de Paris\" \/>\n<meta name=\"twitter:card\" content=\"summary_large_image\" \/>\n<meta name=\"twitter:label1\" content=\"Est. reading time\" \/>\n\t<meta name=\"twitter:data1\" content=\"4 minutes\" \/>\n<script type=\"application\/ld+json\" class=\"yoast-schema-graph\">{\"@context\":\"https:\\\/\\\/schema.org\",\"@graph\":[{\"@type\":\"WebPage\",\"@id\":\"https:\\\/\\\/www.ecolenormalecortot.com\\\/en\\\/event\\\/concert-de-midi-et-demi-avec-alice-power-prix-cortot-2025\\\/\",\"url\":\"https:\\\/\\\/www.ecolenormalecortot.com\\\/en\\\/event\\\/concert-de-midi-et-demi-avec-alice-power-prix-cortot-2025\\\/\",\"name\":\"Concert de midi et demi avec Alice Power - Prix Cortot 2025 - Ecole Normale de Musique de Paris\",\"isPartOf\":{\"@id\":\"https:\\\/\\\/www.ecolenormalecortot.com\\\/en\\\/#website\"},\"primaryImageOfPage\":{\"@id\":\"https:\\\/\\\/www.ecolenormalecortot.com\\\/en\\\/event\\\/concert-de-midi-et-demi-avec-alice-power-prix-cortot-2025\\\/#primaryimage\"},\"image\":{\"@id\":\"https:\\\/\\\/www.ecolenormalecortot.com\\\/en\\\/event\\\/concert-de-midi-et-demi-avec-alice-power-prix-cortot-2025\\\/#primaryimage\"},\"thumbnailUrl\":\"https:\\\/\\\/www.ecolenormalecortot.com\\\/wp-content\\\/uploads\\\/2025\\\/09\\\/Alice-Power-prix-cortot.png\",\"datePublished\":\"2025-09-18T09:50:43+00:00\",\"breadcrumb\":{\"@id\":\"https:\\\/\\\/www.ecolenormalecortot.com\\\/en\\\/event\\\/concert-de-midi-et-demi-avec-alice-power-prix-cortot-2025\\\/#breadcrumb\"},\"inLanguage\":\"en-US\",\"potentialAction\":[{\"@type\":\"ReadAction\",\"target\":[\"https:\\\/\\\/www.ecolenormalecortot.com\\\/en\\\/event\\\/concert-de-midi-et-demi-avec-alice-power-prix-cortot-2025\\\/\"]}]},{\"@type\":\"ImageObject\",\"inLanguage\":\"en-US\",\"@id\":\"https:\\\/\\\/www.ecolenormalecortot.com\\\/en\\\/event\\\/concert-de-midi-et-demi-avec-alice-power-prix-cortot-2025\\\/#primaryimage\",\"url\":\"https:\\\/\\\/www.ecolenormalecortot.com\\\/wp-content\\\/uploads\\\/2025\\\/09\\\/Alice-Power-prix-cortot.png\",\"contentUrl\":\"https:\\\/\\\/www.ecolenormalecortot.com\\\/wp-content\\\/uploads\\\/2025\\\/09\\\/Alice-Power-prix-cortot.png\",\"width\":1110,\"height\":643},{\"@type\":\"BreadcrumbList\",\"@id\":\"https:\\\/\\\/www.ecolenormalecortot.com\\\/en\\\/event\\\/concert-de-midi-et-demi-avec-alice-power-prix-cortot-2025\\\/#breadcrumb\",\"itemListElement\":[{\"@type\":\"ListItem\",\"position\":1,\"name\":\"Accueil\",\"item\":\"https:\\\/\\\/www.ecolenormalecortot.com\\\/en\\\/\"},{\"@type\":\"ListItem\",\"position\":2,\"name\":\"\u00c9v\u00e8nements\",\"item\":\"https:\\\/\\\/www.ecolenormalecortot.com\\\/en\\\/event\\\/\"},{\"@type\":\"ListItem\",\"position\":3,\"name\":\"Concert de midi et demi avec Alice Power &#8211; Prix Cortot 2025\"}]},{\"@type\":\"WebSite\",\"@id\":\"https:\\\/\\\/www.ecolenormalecortot.com\\\/en\\\/#website\",\"url\":\"https:\\\/\\\/www.ecolenormalecortot.com\\\/en\\\/\",\"name\":\"Ecole Normale de Musique de Paris\",\"description\":\"\",\"publisher\":{\"@id\":\"https:\\\/\\\/www.ecolenormalecortot.com\\\/en\\\/#organization\"},\"potentialAction\":[{\"@type\":\"SearchAction\",\"target\":{\"@type\":\"EntryPoint\",\"urlTemplate\":\"https:\\\/\\\/www.ecolenormalecortot.com\\\/en\\\/?s={search_term_string}\"},\"query-input\":{\"@type\":\"PropertyValueSpecification\",\"valueRequired\":true,\"valueName\":\"search_term_string\"}}],\"inLanguage\":\"en-US\"},{\"@type\":\"Organization\",\"@id\":\"https:\\\/\\\/www.ecolenormalecortot.com\\\/en\\\/#organization\",\"name\":\"Ecole Normale de Musique de Paris\",\"url\":\"https:\\\/\\\/www.ecolenormalecortot.com\\\/en\\\/\",\"logo\":{\"@type\":\"ImageObject\",\"inLanguage\":\"en-US\",\"@id\":\"https:\\\/\\\/www.ecolenormalecortot.com\\\/en\\\/#\\\/schema\\\/logo\\\/image\\\/\",\"url\":\"https:\\\/\\\/www.ecolenormalecortot.com\\\/wp-content\\\/uploads\\\/2023\\\/02\\\/android-chrome-512x512-1.png\",\"contentUrl\":\"https:\\\/\\\/www.ecolenormalecortot.com\\\/wp-content\\\/uploads\\\/2023\\\/02\\\/android-chrome-512x512-1.png\",\"width\":512,\"height\":512,\"caption\":\"Ecole Normale de Musique de Paris\"},\"image\":{\"@id\":\"https:\\\/\\\/www.ecolenormalecortot.com\\\/en\\\/#\\\/schema\\\/logo\\\/image\\\/\"}}]}<\/script>\n<!-- \/ Yoast SEO plugin. -->","yoast_head_json":{"title":"Concert de midi et demi avec Alice Power - Prix Cortot 2025 - Ecole Normale de Musique de Paris","robots":{"index":"index","follow":"follow","max-snippet":"max-snippet:-1","max-image-preview":"max-image-preview:large","max-video-preview":"max-video-preview:-1"},"canonical":"https:\/\/www.ecolenormalecortot.com\/en\/event\/concert-de-midi-et-demi-avec-alice-power-prix-cortot-2025\/","og_locale":"en_US","og_type":"article","og_title":"Concert de midi et demi avec Alice Power - Prix Cortot 2025 - Ecole Normale de Musique de Paris","og_description":"Concert de midi et demi avec Alice Power, prix Cortot 2025 Les Concerts de Midi et Demi sont donn\u00e9s par [&hellip;]","og_url":"https:\/\/www.ecolenormalecortot.com\/en\/event\/concert-de-midi-et-demi-avec-alice-power-prix-cortot-2025\/","og_site_name":"Ecole Normale de Musique de Paris","twitter_card":"summary_large_image","twitter_misc":{"Est. reading time":"4 minutes"},"schema":{"@context":"https:\/\/schema.org","@graph":[{"@type":"WebPage","@id":"https:\/\/www.ecolenormalecortot.com\/en\/event\/concert-de-midi-et-demi-avec-alice-power-prix-cortot-2025\/","url":"https:\/\/www.ecolenormalecortot.com\/en\/event\/concert-de-midi-et-demi-avec-alice-power-prix-cortot-2025\/","name":"Concert de midi et demi avec Alice Power - Prix Cortot 2025 - Ecole Normale de Musique de Paris","isPartOf":{"@id":"https:\/\/www.ecolenormalecortot.com\/en\/#website"},"primaryImageOfPage":{"@id":"https:\/\/www.ecolenormalecortot.com\/en\/event\/concert-de-midi-et-demi-avec-alice-power-prix-cortot-2025\/#primaryimage"},"image":{"@id":"https:\/\/www.ecolenormalecortot.com\/en\/event\/concert-de-midi-et-demi-avec-alice-power-prix-cortot-2025\/#primaryimage"},"thumbnailUrl":"https:\/\/www.ecolenormalecortot.com\/wp-content\/uploads\/2025\/09\/Alice-Power-prix-cortot.png","datePublished":"2025-09-18T09:50:43+00:00","breadcrumb":{"@id":"https:\/\/www.ecolenormalecortot.com\/en\/event\/concert-de-midi-et-demi-avec-alice-power-prix-cortot-2025\/#breadcrumb"},"inLanguage":"en-US","potentialAction":[{"@type":"ReadAction","target":["https:\/\/www.ecolenormalecortot.com\/en\/event\/concert-de-midi-et-demi-avec-alice-power-prix-cortot-2025\/"]}]},{"@type":"ImageObject","inLanguage":"en-US","@id":"https:\/\/www.ecolenormalecortot.com\/en\/event\/concert-de-midi-et-demi-avec-alice-power-prix-cortot-2025\/#primaryimage","url":"https:\/\/www.ecolenormalecortot.com\/wp-content\/uploads\/2025\/09\/Alice-Power-prix-cortot.png","contentUrl":"https:\/\/www.ecolenormalecortot.com\/wp-content\/uploads\/2025\/09\/Alice-Power-prix-cortot.png","width":1110,"height":643},{"@type":"BreadcrumbList","@id":"https:\/\/www.ecolenormalecortot.com\/en\/event\/concert-de-midi-et-demi-avec-alice-power-prix-cortot-2025\/#breadcrumb","itemListElement":[{"@type":"ListItem","position":1,"name":"Accueil","item":"https:\/\/www.ecolenormalecortot.com\/en\/"},{"@type":"ListItem","position":2,"name":"\u00c9v\u00e8nements","item":"https:\/\/www.ecolenormalecortot.com\/en\/event\/"},{"@type":"ListItem","position":3,"name":"Concert de midi et demi avec Alice Power &#8211; Prix Cortot 2025"}]},{"@type":"WebSite","@id":"https:\/\/www.ecolenormalecortot.com\/en\/#website","url":"https:\/\/www.ecolenormalecortot.com\/en\/","name":"Ecole Normale de Musique de Paris","description":"","publisher":{"@id":"https:\/\/www.ecolenormalecortot.com\/en\/#organization"},"potentialAction":[{"@type":"SearchAction","target":{"@type":"EntryPoint","urlTemplate":"https:\/\/www.ecolenormalecortot.com\/en\/?s={search_term_string}"},"query-input":{"@type":"PropertyValueSpecification","valueRequired":true,"valueName":"search_term_string"}}],"inLanguage":"en-US"},{"@type":"Organization","@id":"https:\/\/www.ecolenormalecortot.com\/en\/#organization","name":"Ecole Normale de Musique de Paris","url":"https:\/\/www.ecolenormalecortot.com\/en\/","logo":{"@type":"ImageObject","inLanguage":"en-US","@id":"https:\/\/www.ecolenormalecortot.com\/en\/#\/schema\/logo\/image\/","url":"https:\/\/www.ecolenormalecortot.com\/wp-content\/uploads\/2023\/02\/android-chrome-512x512-1.png","contentUrl":"https:\/\/www.ecolenormalecortot.com\/wp-content\/uploads\/2023\/02\/android-chrome-512x512-1.png","width":512,"height":512,"caption":"Ecole Normale de Musique de Paris"},"image":{"@id":"https:\/\/www.ecolenormalecortot.com\/en\/#\/schema\/logo\/image\/"}}]}},"_links":{"self":[{"href":"https:\/\/www.ecolenormalecortot.com\/en\/wp-json\/wp\/v2\/event\/10918","targetHints":{"allow":["GET"]}}],"collection":[{"href":"https:\/\/www.ecolenormalecortot.com\/en\/wp-json\/wp\/v2\/event"}],"about":[{"href":"https:\/\/www.ecolenormalecortot.com\/en\/wp-json\/wp\/v2\/types\/event"}],"wp:featuredmedia":[{"embeddable":true,"href":"https:\/\/www.ecolenormalecortot.com\/en\/wp-json\/wp\/v2\/media\/10916"}],"wp:attachment":[{"href":"https:\/\/www.ecolenormalecortot.com\/en\/wp-json\/wp\/v2\/media?parent=10918"}],"wp:term":[{"taxonomy":"event_category","embeddable":true,"href":"https:\/\/www.ecolenormalecortot.com\/en\/wp-json\/wp\/v2\/event_category?post=10918"}],"curies":[{"name":"wp","href":"https:\/\/api.w.org\/{rel}","templated":true}]}}