{"id":10753,"date":"2025-06-16T13:18:56","date_gmt":"2025-06-16T11:18:56","guid":{"rendered":"https:\/\/www.ecolenormalecortot.com\/?post_type=event&#038;p=10753"},"modified":"2025-07-01T16:31:34","modified_gmt":"2025-07-01T14:31:34","slug":"academie-de-musique-francaise-pour-piano-du-1-au-5-juillet","status":"publish","type":"event","link":"https:\/\/www.ecolenormalecortot.com\/en\/event\/academie-de-musique-francaise-pour-piano-du-1-au-5-juillet\/","title":{"rendered":"French Music Piano Academy | July 1 to 5"},"content":{"rendered":"\n<p>L&#8217;Acad\u00e9mie de musique fran\u00e7aise pour piano accueille des pianistes fran\u00e7ais et internationaux de haut niveau souhaitant approfondir leur connaissance du r\u00e9pertoire de musique fran\u00e7aise pour piano.<\/p>\n\n\n\n<p>Une immersion unique au c\u0153ur du patrimoine musical fran\u00e7ais, en compagnie d&#8217;\u00e9minents interpr\u00e8tes de ce r\u00e9pertoire exceptionnel.&nbsp;<em><a href=\"https:\/\/www.ecolenormalecortot.com\/en\/academie-de-musique-francaise-pour-piano-1-5-juillet-2025\/\">(en savoir plus)<\/a><\/em><\/p>\n\n\n\n<p>Pour les passionn\u00e9s qui souhaitent assister aux activit\u00e9s sans y participer activement, deux formules sont propos\u00e9es : <\/p>\n\n\n\n<p><strong>Forfait \u00ab&nbsp;Auditeur&nbsp;\u00bb<\/strong><\/p>\n\n\n\n<ul class=\"wp-block-list\">\n<li>Acc\u00e8s aux cours individuels <em><a href=\"https:\/\/www.ecolenormalecortot.com\/wp-content\/uploads\/2025\/06\/PLANNING-GENERAL-SALLESPROFS.pdf\">(voir planning)<\/a><\/em><\/li>\n\n\n\n<li>Acc\u00e8s aux 4 masterclasses<\/li>\n\n\n\n<li>Visite guid\u00e9e au mus\u00e9e Marmottan<\/li>\n\n\n\n<li>Place r\u00e9serv\u00e9e pour le concert final et invitation au verre de cl\u00f4ture en pr\u00e9sence des artistes<br><strong>Tarif : 75 \u20ac<\/strong>&nbsp;(<em>gratuit pour les \u00e9tudiants de l\u2019\u00c9cole<\/em>)<\/li>\n<\/ul>\n\n\n\n<p><strong>Forfait \u00ab&nbsp;Grand public&nbsp;\u00bb<\/strong><\/p>\n\n\n\n<ul class=\"wp-block-list\">\n<li>Acc\u00e8s aux 4 masterclasses<\/li>\n\n\n\n<li>Place r\u00e9serv\u00e9e pour le concert final et Invitation au verre de cl\u00f4ture en pr\u00e9sence des artistes<br><strong>Tarif : 50 \u20ac<\/strong>&nbsp;(<em>gratuit pour les \u00e9tudiants de l\u2019\u00c9cole<\/em>)<\/li>\n<\/ul>\n\n\n\n<p><strong>Programme<\/strong><\/p>\n\n\n\n<p>Mardi 1er juillet |&nbsp;18h<br><strong>Visite au Mus\u00e9e Marmottan<\/strong><\/p>\n\n\n\n<p>Mercredi 2 juillet | 17 h<br><strong>Masterclass |Bruno Rigutto<\/strong><\/p>\n\n\n\n<p>Jeudi 3 juillet | 14h30<br><strong>Masterclass <strong>autour d\u2019Albert Roussel | <\/strong>Fran\u00e7oise Thinat<\/strong><\/p>\n\n\n\n<p>Jeudi 3 juillet | 17 h<br><strong>Masterclass | Hortense Cartier-Bresson<\/strong><\/p>\n\n\n\n<p>Vendredi 4 juillet | 17 h<br><strong>Masterclass | Anne Queffelec<\/strong><\/p>\n\n\n\n<p>Samedi 5 juillet | 12h30<br><strong>Concert de cl\u00f4ture de l\u2019Acad\u00e9mie<\/strong><br><em>suivi d\u2019un verre en compagnie des artistes<\/em><\/p>\n\n\n\n<div class=\"wp-block-buttons is-layout-flex wp-block-buttons-is-layout-flex\">\n<div class=\"wp-block-button has-custom-width wp-block-button__width-50\"><a class=\"wp-block-button__link has-white-color has-text-color has-background has-link-color wp-element-button\" href=\"https:\/\/www.billetweb.fr\/academie-de-musique-francaise-pour-piano-2025\" style=\"border-radius:16px;background-color:#1a9d3c\"><strong>R\u00c9SERVER<\/strong><\/a><\/div>\n<\/div>\n\n\n\n<p><\/p>\n\n\n\n<p><\/p>\n","protected":false},"excerpt":{"rendered":"<p>L&#8217;Acad\u00e9mie de musique fran\u00e7aise pour piano accueille des pianistes fran\u00e7ais et internationaux de haut niveau souhaitant approfondir leur connaissance du [&hellip;]<\/p>\n","protected":false},"featured_media":10421,"template":"","meta":{"_acf_changed":false},"event_category":[],"class_list":["post-10753","event","type-event","status-publish","has-post-thumbnail","hentry"],"acf":{"presentation":"","musicians":"","program":"","host":"","date":"2025-07-01 09:00:00","time_start":"","time_end":"","end_date":"2025-07-05 15:00:00","location_name":"","location_address":"","phone":"","link":[""],"booking_link":"","price_from":"Entr\u00e9e libre","hide_price":true,"teachers":"","event_type":"","datetime":"","end_datetime":"","booking_infos":"","source_post_id":""},"yoast_head":"<!-- This site is optimized with the Yoast SEO plugin v27.5 - https:\/\/yoast.com\/product\/yoast-seo-wordpress\/ -->\n<title>French Music Piano Academy | July 1 to 5 - Ecole Normale de Musique de Paris<\/title>\n<meta name=\"robots\" content=\"index, follow, max-snippet:-1, max-image-preview:large, max-video-preview:-1\" \/>\n<link rel=\"canonical\" href=\"https:\/\/www.ecolenormalecortot.com\/en\/event\/academie-de-musique-francaise-pour-piano-du-1-au-5-juillet\/\" \/>\n<meta property=\"og:locale\" content=\"en_US\" \/>\n<meta property=\"og:type\" content=\"article\" \/>\n<meta property=\"og:title\" content=\"French Music Piano Academy | July 1 to 5 - Ecole Normale de Musique de Paris\" \/>\n<meta property=\"og:description\" content=\"L&#8217;Acad\u00e9mie de musique fran\u00e7aise pour piano accueille des pianistes fran\u00e7ais et internationaux de haut niveau souhaitant approfondir leur connaissance du [&hellip;]\" \/>\n<meta property=\"og:url\" content=\"https:\/\/www.ecolenormalecortot.com\/en\/event\/academie-de-musique-francaise-pour-piano-du-1-au-5-juillet\/\" \/>\n<meta property=\"og:site_name\" content=\"Ecole Normale de Musique de Paris\" \/>\n<meta property=\"article:modified_time\" content=\"2025-07-01T14:31:34+00:00\" \/>\n<meta property=\"og:image\" content=\"https:\/\/www.ecolenormalecortot.com\/wp-content\/uploads\/2025\/06\/AMFP2025-2_635x400-scaled.jpg\" \/>\n\t<meta property=\"og:image:width\" content=\"2560\" \/>\n\t<meta property=\"og:image:height\" content=\"1612\" \/>\n\t<meta property=\"og:image:type\" content=\"image\/jpeg\" \/>\n<meta name=\"twitter:card\" content=\"summary_large_image\" \/>\n<meta name=\"twitter:label1\" content=\"Est. reading time\" \/>\n\t<meta name=\"twitter:data1\" content=\"2 minutes\" \/>\n<script type=\"application\/ld+json\" class=\"yoast-schema-graph\">{\"@context\":\"https:\\\/\\\/schema.org\",\"@graph\":[{\"@type\":\"WebPage\",\"@id\":\"https:\\\/\\\/www.ecolenormalecortot.com\\\/en\\\/event\\\/academie-de-musique-francaise-pour-piano-du-1-au-5-juillet\\\/\",\"url\":\"https:\\\/\\\/www.ecolenormalecortot.com\\\/en\\\/event\\\/academie-de-musique-francaise-pour-piano-du-1-au-5-juillet\\\/\",\"name\":\"French Music Piano Academy | July 1 to 5 - Ecole Normale de Musique de Paris\",\"isPartOf\":{\"@id\":\"https:\\\/\\\/www.ecolenormalecortot.com\\\/en\\\/#website\"},\"primaryImageOfPage\":{\"@id\":\"https:\\\/\\\/www.ecolenormalecortot.com\\\/en\\\/event\\\/academie-de-musique-francaise-pour-piano-du-1-au-5-juillet\\\/#primaryimage\"},\"image\":{\"@id\":\"https:\\\/\\\/www.ecolenormalecortot.com\\\/en\\\/event\\\/academie-de-musique-francaise-pour-piano-du-1-au-5-juillet\\\/#primaryimage\"},\"thumbnailUrl\":\"https:\\\/\\\/www.ecolenormalecortot.com\\\/wp-content\\\/uploads\\\/2025\\\/06\\\/AMFP2025-2_635x400-scaled.jpg\",\"datePublished\":\"2025-06-16T11:18:56+00:00\",\"dateModified\":\"2025-07-01T14:31:34+00:00\",\"breadcrumb\":{\"@id\":\"https:\\\/\\\/www.ecolenormalecortot.com\\\/en\\\/event\\\/academie-de-musique-francaise-pour-piano-du-1-au-5-juillet\\\/#breadcrumb\"},\"inLanguage\":\"en-US\",\"potentialAction\":[{\"@type\":\"ReadAction\",\"target\":[\"https:\\\/\\\/www.ecolenormalecortot.com\\\/en\\\/event\\\/academie-de-musique-francaise-pour-piano-du-1-au-5-juillet\\\/\"]}]},{\"@type\":\"ImageObject\",\"inLanguage\":\"en-US\",\"@id\":\"https:\\\/\\\/www.ecolenormalecortot.com\\\/en\\\/event\\\/academie-de-musique-francaise-pour-piano-du-1-au-5-juillet\\\/#primaryimage\",\"url\":\"https:\\\/\\\/www.ecolenormalecortot.com\\\/wp-content\\\/uploads\\\/2025\\\/06\\\/AMFP2025-2_635x400-scaled.jpg\",\"contentUrl\":\"https:\\\/\\\/www.ecolenormalecortot.com\\\/wp-content\\\/uploads\\\/2025\\\/06\\\/AMFP2025-2_635x400-scaled.jpg\",\"width\":2560,\"height\":1612},{\"@type\":\"BreadcrumbList\",\"@id\":\"https:\\\/\\\/www.ecolenormalecortot.com\\\/en\\\/event\\\/academie-de-musique-francaise-pour-piano-du-1-au-5-juillet\\\/#breadcrumb\",\"itemListElement\":[{\"@type\":\"ListItem\",\"position\":1,\"name\":\"Accueil\",\"item\":\"https:\\\/\\\/www.ecolenormalecortot.com\\\/en\\\/\"},{\"@type\":\"ListItem\",\"position\":2,\"name\":\"\u00c9v\u00e8nements\",\"item\":\"https:\\\/\\\/www.ecolenormalecortot.com\\\/en\\\/event\\\/\"},{\"@type\":\"ListItem\",\"position\":3,\"name\":\"French Music Piano Academy | July 1 to 5\"}]},{\"@type\":\"WebSite\",\"@id\":\"https:\\\/\\\/www.ecolenormalecortot.com\\\/en\\\/#website\",\"url\":\"https:\\\/\\\/www.ecolenormalecortot.com\\\/en\\\/\",\"name\":\"Ecole Normale de Musique de Paris\",\"description\":\"\",\"publisher\":{\"@id\":\"https:\\\/\\\/www.ecolenormalecortot.com\\\/en\\\/#organization\"},\"potentialAction\":[{\"@type\":\"SearchAction\",\"target\":{\"@type\":\"EntryPoint\",\"urlTemplate\":\"https:\\\/\\\/www.ecolenormalecortot.com\\\/en\\\/?s={search_term_string}\"},\"query-input\":{\"@type\":\"PropertyValueSpecification\",\"valueRequired\":true,\"valueName\":\"search_term_string\"}}],\"inLanguage\":\"en-US\"},{\"@type\":\"Organization\",\"@id\":\"https:\\\/\\\/www.ecolenormalecortot.com\\\/en\\\/#organization\",\"name\":\"Ecole Normale de Musique de Paris\",\"url\":\"https:\\\/\\\/www.ecolenormalecortot.com\\\/en\\\/\",\"logo\":{\"@type\":\"ImageObject\",\"inLanguage\":\"en-US\",\"@id\":\"https:\\\/\\\/www.ecolenormalecortot.com\\\/en\\\/#\\\/schema\\\/logo\\\/image\\\/\",\"url\":\"https:\\\/\\\/www.ecolenormalecortot.com\\\/wp-content\\\/uploads\\\/2023\\\/02\\\/android-chrome-512x512-1.png\",\"contentUrl\":\"https:\\\/\\\/www.ecolenormalecortot.com\\\/wp-content\\\/uploads\\\/2023\\\/02\\\/android-chrome-512x512-1.png\",\"width\":512,\"height\":512,\"caption\":\"Ecole Normale de Musique de Paris\"},\"image\":{\"@id\":\"https:\\\/\\\/www.ecolenormalecortot.com\\\/en\\\/#\\\/schema\\\/logo\\\/image\\\/\"}}]}<\/script>\n<!-- \/ Yoast SEO plugin. -->","yoast_head_json":{"title":"French Music Piano Academy | July 1 to 5 - Ecole Normale de Musique de Paris","robots":{"index":"index","follow":"follow","max-snippet":"max-snippet:-1","max-image-preview":"max-image-preview:large","max-video-preview":"max-video-preview:-1"},"canonical":"https:\/\/www.ecolenormalecortot.com\/en\/event\/academie-de-musique-francaise-pour-piano-du-1-au-5-juillet\/","og_locale":"en_US","og_type":"article","og_title":"French Music Piano Academy | July 1 to 5 - Ecole Normale de Musique de Paris","og_description":"L&#8217;Acad\u00e9mie de musique fran\u00e7aise pour piano accueille des pianistes fran\u00e7ais et internationaux de haut niveau souhaitant approfondir leur connaissance du [&hellip;]","og_url":"https:\/\/www.ecolenormalecortot.com\/en\/event\/academie-de-musique-francaise-pour-piano-du-1-au-5-juillet\/","og_site_name":"Ecole Normale de Musique de Paris","article_modified_time":"2025-07-01T14:31:34+00:00","og_image":[{"width":2560,"height":1612,"url":"https:\/\/www.ecolenormalecortot.com\/wp-content\/uploads\/2025\/06\/AMFP2025-2_635x400-scaled.jpg","type":"image\/jpeg"}],"twitter_card":"summary_large_image","twitter_misc":{"Est. reading time":"2 minutes"},"schema":{"@context":"https:\/\/schema.org","@graph":[{"@type":"WebPage","@id":"https:\/\/www.ecolenormalecortot.com\/en\/event\/academie-de-musique-francaise-pour-piano-du-1-au-5-juillet\/","url":"https:\/\/www.ecolenormalecortot.com\/en\/event\/academie-de-musique-francaise-pour-piano-du-1-au-5-juillet\/","name":"French Music Piano Academy | July 1 to 5 - Ecole Normale de Musique de Paris","isPartOf":{"@id":"https:\/\/www.ecolenormalecortot.com\/en\/#website"},"primaryImageOfPage":{"@id":"https:\/\/www.ecolenormalecortot.com\/en\/event\/academie-de-musique-francaise-pour-piano-du-1-au-5-juillet\/#primaryimage"},"image":{"@id":"https:\/\/www.ecolenormalecortot.com\/en\/event\/academie-de-musique-francaise-pour-piano-du-1-au-5-juillet\/#primaryimage"},"thumbnailUrl":"https:\/\/www.ecolenormalecortot.com\/wp-content\/uploads\/2025\/06\/AMFP2025-2_635x400-scaled.jpg","datePublished":"2025-06-16T11:18:56+00:00","dateModified":"2025-07-01T14:31:34+00:00","breadcrumb":{"@id":"https:\/\/www.ecolenormalecortot.com\/en\/event\/academie-de-musique-francaise-pour-piano-du-1-au-5-juillet\/#breadcrumb"},"inLanguage":"en-US","potentialAction":[{"@type":"ReadAction","target":["https:\/\/www.ecolenormalecortot.com\/en\/event\/academie-de-musique-francaise-pour-piano-du-1-au-5-juillet\/"]}]},{"@type":"ImageObject","inLanguage":"en-US","@id":"https:\/\/www.ecolenormalecortot.com\/en\/event\/academie-de-musique-francaise-pour-piano-du-1-au-5-juillet\/#primaryimage","url":"https:\/\/www.ecolenormalecortot.com\/wp-content\/uploads\/2025\/06\/AMFP2025-2_635x400-scaled.jpg","contentUrl":"https:\/\/www.ecolenormalecortot.com\/wp-content\/uploads\/2025\/06\/AMFP2025-2_635x400-scaled.jpg","width":2560,"height":1612},{"@type":"BreadcrumbList","@id":"https:\/\/www.ecolenormalecortot.com\/en\/event\/academie-de-musique-francaise-pour-piano-du-1-au-5-juillet\/#breadcrumb","itemListElement":[{"@type":"ListItem","position":1,"name":"Accueil","item":"https:\/\/www.ecolenormalecortot.com\/en\/"},{"@type":"ListItem","position":2,"name":"\u00c9v\u00e8nements","item":"https:\/\/www.ecolenormalecortot.com\/en\/event\/"},{"@type":"ListItem","position":3,"name":"French Music Piano Academy | July 1 to 5"}]},{"@type":"WebSite","@id":"https:\/\/www.ecolenormalecortot.com\/en\/#website","url":"https:\/\/www.ecolenormalecortot.com\/en\/","name":"Ecole Normale de Musique de Paris","description":"","publisher":{"@id":"https:\/\/www.ecolenormalecortot.com\/en\/#organization"},"potentialAction":[{"@type":"SearchAction","target":{"@type":"EntryPoint","urlTemplate":"https:\/\/www.ecolenormalecortot.com\/en\/?s={search_term_string}"},"query-input":{"@type":"PropertyValueSpecification","valueRequired":true,"valueName":"search_term_string"}}],"inLanguage":"en-US"},{"@type":"Organization","@id":"https:\/\/www.ecolenormalecortot.com\/en\/#organization","name":"Ecole Normale de Musique de Paris","url":"https:\/\/www.ecolenormalecortot.com\/en\/","logo":{"@type":"ImageObject","inLanguage":"en-US","@id":"https:\/\/www.ecolenormalecortot.com\/en\/#\/schema\/logo\/image\/","url":"https:\/\/www.ecolenormalecortot.com\/wp-content\/uploads\/2023\/02\/android-chrome-512x512-1.png","contentUrl":"https:\/\/www.ecolenormalecortot.com\/wp-content\/uploads\/2023\/02\/android-chrome-512x512-1.png","width":512,"height":512,"caption":"Ecole Normale de Musique de Paris"},"image":{"@id":"https:\/\/www.ecolenormalecortot.com\/en\/#\/schema\/logo\/image\/"}}]}},"_links":{"self":[{"href":"https:\/\/www.ecolenormalecortot.com\/en\/wp-json\/wp\/v2\/event\/10753","targetHints":{"allow":["GET"]}}],"collection":[{"href":"https:\/\/www.ecolenormalecortot.com\/en\/wp-json\/wp\/v2\/event"}],"about":[{"href":"https:\/\/www.ecolenormalecortot.com\/en\/wp-json\/wp\/v2\/types\/event"}],"wp:featuredmedia":[{"embeddable":true,"href":"https:\/\/www.ecolenormalecortot.com\/en\/wp-json\/wp\/v2\/media\/10421"}],"wp:attachment":[{"href":"https:\/\/www.ecolenormalecortot.com\/en\/wp-json\/wp\/v2\/media?parent=10753"}],"wp:term":[{"taxonomy":"event_category","embeddable":true,"href":"https:\/\/www.ecolenormalecortot.com\/en\/wp-json\/wp\/v2\/event_category?post=10753"}],"curies":[{"name":"wp","href":"https:\/\/api.w.org\/{rel}","templated":true}]}}