{"id":10329,"date":"2025-05-27T16:22:00","date_gmt":"2025-05-27T14:22:00","guid":{"rendered":"https:\/\/www.ecolenormalecortot.com\/?post_type=event&#038;p=10329"},"modified":"2025-05-27T16:22:01","modified_gmt":"2025-05-27T14:22:01","slug":"opening-of-the-jazz-department","status":"publish","type":"event","link":"https:\/\/www.ecolenormalecortot.com\/en\/event\/opening-of-the-jazz-department\/","title":{"rendered":"Opening of the Jazz Department"},"content":{"rendered":"\n<p>The \u00c9cole Normale de Musique de Paris Opens a New Chapter: Launch of the Jazz Department in October 2025. <br><br>Applications are open until July, but early registration is strongly recommended\u2014especially for students applying for scholarships.<\/p>\n\n\n\n<h3 class=\"wp-block-heading\">A Specialized Program for Emerging Jazz Professionals and Students of the School<\/h3>\n\n\n\n<p>We offer advanced-level classes in jazz piano, jazz vocals, jazz double bass, jazz drums, and jazz saxophone. These are designed for musicians already active in their professional careers or nearing the end of their higher education studies.<br>This program continues the School&#8217;s tradition of excellence, already well-established through our advanced classical music courses.<\/p>\n\n\n\n<h3 class=\"wp-block-heading\">A Flexible Program Designed for Working Artists<\/h3>\n\n\n\n<p>Our advanced classes allow artists to refine their instrumental skills within a structure tailored to their needs, in an exceptional musical environment.<br>Each student receives&nbsp;<strong>one hour of private instruction per week<\/strong>&nbsp;(excluding school holidays), totaling&nbsp;<strong>32 hours per academic year<\/strong>.<\/p>\n\n\n\n<h3 class=\"wp-block-heading\">A World-Renowned Faculty<\/h3>\n\n\n\n<p>The Jazz Department is supported by an outstanding team of professors, recognized for both their artistic careers and their commitment to education.<\/p>\n\n\n\n<div class=\"wp-block-columns is-layout-flex wp-container-core-columns-is-layout-9d6595d7 wp-block-columns-is-layout-flex\">\n<div class=\"wp-block-column is-layout-flow wp-block-column-is-layout-flow\">\n<figure class=\"wp-block-image size-large\"><img loading=\"lazy\" decoding=\"async\" width=\"782\" height=\"1024\" src=\"https:\/\/www.ecolenormalecortot.com\/wp-content\/uploads\/2025\/04\/Image-1-2-782x1024.jpg\" alt=\"\" class=\"wp-image-9965\" srcset=\"https:\/\/www.ecolenormalecortot.com\/wp-content\/uploads\/2025\/04\/Image-1-2-782x1024.jpg 782w, https:\/\/www.ecolenormalecortot.com\/wp-content\/uploads\/2025\/04\/Image-1-2-229x300.jpg 229w, https:\/\/www.ecolenormalecortot.com\/wp-content\/uploads\/2025\/04\/Image-1-2-768x1006.jpg 768w, https:\/\/www.ecolenormalecortot.com\/wp-content\/uploads\/2025\/04\/Image-1-2.jpg 1080w\" sizes=\"auto, (max-width: 782px) 100vw, 782px\" \/><figcaption class=\"wp-element-caption\"><strong>Bojan Z<\/strong><\/figcaption><\/figure>\n\n\n\n<p class=\"has-text-align-left\"><strong>Bojan Zulfikarpasic<\/strong>\u00a0is a Franco-Serbian pianist with an international career. Trained in Belgrade and later in the United States with Clare Fischer, he moved to France in 1988 and studied at the CIM (Centre d\u2019Informations Musicales). Winner of the\u00a0First Soloist Prize\u00a0at the La D\u00e9fense Jazz Competition in 1990, he soon joined Henri Texier, collaborated with Michel Portal, and developed a distinctive path blending\u00a0jazz, Balkan music, and improvisation. He has performed at major international festivals such as\u00a0Marciac, Montreal, and North Sea Jazz, and worked with renowned artists like\u00a0Scott Colley\u00a0and\u00a0Nasheet Waits.<\/p>\n\n\n\n<p><\/p>\n\n\n\n<figure class=\"wp-block-image size-full\"><img loading=\"lazy\" decoding=\"async\" width=\"1124\" height=\"1503\" src=\"https:\/\/www.ecolenormalecortot.com\/wp-content\/uploads\/2025\/05\/Unknown-1.jpeg\" alt=\"\" class=\"wp-image-10310\" srcset=\"https:\/\/www.ecolenormalecortot.com\/wp-content\/uploads\/2025\/05\/Unknown-1.jpeg 1124w, https:\/\/www.ecolenormalecortot.com\/wp-content\/uploads\/2025\/05\/Unknown-1-224x300.jpeg 224w, https:\/\/www.ecolenormalecortot.com\/wp-content\/uploads\/2025\/05\/Unknown-1-766x1024.jpeg 766w, https:\/\/www.ecolenormalecortot.com\/wp-content\/uploads\/2025\/05\/Unknown-1-768x1027.jpeg 768w\" sizes=\"auto, (max-width: 1124px) 100vw, 1124px\" \/><figcaption class=\"wp-element-caption\"><strong>St\u00e9phane Audard<\/strong><\/figcaption><\/figure>\n\n\n\n<p><strong>St\u00e9phane Audard<\/strong>\u00a0is a guitarist, arranger, educator, and musicologist. He studied music at the Conservatory of Chamb\u00e9ry and has recorded with artists such as\u00a0Michel Legrand\u00a0and\u00a0Ludovic de Preissac. He writes arrangements for numerous\u00a0big bands and orchestras, and teaches at the\u00a0Paris CRR (Regional Conservatory). He also coordinates the\u00a0jazz department\u00a0at the Conservatory of the 11th arrondissement of Paris. In 2024, he earned a\u00a0PhD in musicology, with a dissertation on the\u00a0history of jazz education. Now a\u00a0qualified associate professor, he teaches at\u00a0Sorbonne University\u00a0and\u00a0Paris Cit\u00e9 University, and is a\u00a0research associate at IReMus (Institute for Research on Musicology).<\/p>\n<\/div>\n\n\n\n<div class=\"wp-block-column is-layout-flow wp-block-column-is-layout-flow\">\n<figure class=\"wp-block-image size-full\"><img loading=\"lazy\" decoding=\"async\" width=\"461\" height=\"603\" src=\"https:\/\/www.ecolenormalecortot.com\/wp-content\/uploads\/2025\/04\/Image-2.jpg\" alt=\"\" class=\"wp-image-9963\" srcset=\"https:\/\/www.ecolenormalecortot.com\/wp-content\/uploads\/2025\/04\/Image-2.jpg 461w, https:\/\/www.ecolenormalecortot.com\/wp-content\/uploads\/2025\/04\/Image-2-229x300.jpg 229w\" sizes=\"auto, (max-width: 461px) 100vw, 461px\" \/><figcaption class=\"wp-element-caption\"><strong>Yaron Herman<\/strong><\/figcaption><\/figure>\n\n\n\n<p><strong>Yaron Herman<\/strong>\u00a0is a Franco-Israeli pianist and composer, acclaimed for his innovative approach that blends\u00a0jazz, classical music, and contemporary sounds. From an early age, he developed a personal style marked by\u00a0virtuosity, freedom, and melodic sensitivity. He was awarded a\u00a0Victoire du Jazz\u00a0in 2008 and the\u00a0Adami Jazz Talent Prize. Yaron Herman has served as\u00a0president of the piano jury at the Montreux Jazz Festival\u00a0and was a\u00a0mentor at the Montreux Jazz Academy. He performs regularly on major stages across\u00a0Europe, the United States, and Asia.<br><br><br><\/p>\n\n\n\n<p><\/p>\n\n\n\n<figure class=\"wp-block-image size-large\"><img loading=\"lazy\" decoding=\"async\" width=\"764\" height=\"1024\" src=\"https:\/\/www.ecolenormalecortot.com\/wp-content\/uploads\/2025\/05\/Image-6-2-764x1024.jpg\" alt=\"\" class=\"wp-image-10220\" srcset=\"https:\/\/www.ecolenormalecortot.com\/wp-content\/uploads\/2025\/05\/Image-6-2-764x1024.jpg 764w, https:\/\/www.ecolenormalecortot.com\/wp-content\/uploads\/2025\/05\/Image-6-2-224x300.jpg 224w, https:\/\/www.ecolenormalecortot.com\/wp-content\/uploads\/2025\/05\/Image-6-2-768x1030.jpg 768w, https:\/\/www.ecolenormalecortot.com\/wp-content\/uploads\/2025\/05\/Image-6-2-1146x1536.jpg 1146w, https:\/\/www.ecolenormalecortot.com\/wp-content\/uploads\/2025\/05\/Image-6-2-1527x2048.jpg 1527w, https:\/\/www.ecolenormalecortot.com\/wp-content\/uploads\/2025\/05\/Image-6-2-1320x1770.jpg 1320w, https:\/\/www.ecolenormalecortot.com\/wp-content\/uploads\/2025\/05\/Image-6-2-scaled.jpg 1909w\" sizes=\"auto, (max-width: 764px) 100vw, 764px\" \/><figcaption class=\"wp-element-caption\"><strong>Joe Sanders<\/strong><\/figcaption><\/figure>\n\n\n\n<p><strong>Joe Sanders<\/strong>, born in Milwaukee, Wisconsin, is an American\u00a0double bassist, composer, and multi-instrumentalist. Trained at the\u00a0-Brubeck Institute\u00a0and the Thelonious Monk Institute, he has established himself as one of the most in-demand bassists of his generation. He has collaborated with major figures in contemporary jazz such as Gerald Clayton,\u00a0Charles Lloyd, Joshua Redman,\u00a0Kendrick Scott, and\u00a0Ben Wendel.As a bandleader, he has released three albums:\u00a0<em>Introducing Joe Sanders<\/em>\u00a0(2011),\u00a0<em>Humanity<\/em>\u00a0(2017), and\u00a0<em>Parallels<\/em>\u00a0(2024). Based in\u00a0southern France\u00a0since 2014, he continues to perform on international stages while developing his own artistic projects.<\/p>\n<\/div>\n\n\n\n<div class=\"wp-block-column is-layout-flow wp-block-column-is-layout-flow\">\n<figure class=\"wp-block-image size-full\"><img loading=\"lazy\" decoding=\"async\" width=\"638\" height=\"835\" src=\"https:\/\/www.ecolenormalecortot.com\/wp-content\/uploads\/2025\/04\/Image-3-1.jpg\" alt=\"\" class=\"wp-image-9969\" srcset=\"https:\/\/www.ecolenormalecortot.com\/wp-content\/uploads\/2025\/04\/Image-3-1.jpg 638w, https:\/\/www.ecolenormalecortot.com\/wp-content\/uploads\/2025\/04\/Image-3-1-229x300.jpg 229w\" sizes=\"auto, (max-width: 638px) 100vw, 638px\" \/><figcaption class=\"wp-element-caption\"><strong>Claudia Solal<\/strong><\/figcaption><\/figure>\n\n\n\n<p><strong>Claudia Solal<\/strong>\u00a0is a vocalist, singer-songwriter, and improviser with a distinctive and adventurous voice. For over 25 years, she has performed on major stages in France and internationally. At the crossroads of\u00a0composition and improvisation, she has developed a unique vocal language she describes as\u00a0\u201coffshore songs.\u201d Her numerous projects with artists such as\u00a0Benjamin Moussay,\u00a0Didier Petit, and\u00a0Beno\u00eet Delbecq have been acclaimed by the press (T\u00e9l\u00e9rama,\u00a0Choc Jazzmag,\u00a0Grand Prix of the Acad\u00e9mie Charles Cros). A committed educator, she also teaches voice at the\u00a0PSPBB (P\u00f4le Sup\u00e9rieur Paris Boulogne-Billancourt).<\/p>\n\n\n\n<p><\/p>\n\n\n\n<figure class=\"wp-block-image size-full is-resized\"><img loading=\"lazy\" decoding=\"async\" width=\"341\" height=\"481\" src=\"https:\/\/www.ecolenormalecortot.com\/wp-content\/uploads\/2025\/05\/Image-7-1.jpg\" alt=\"\" class=\"wp-image-10228\" style=\"width:247px;height:auto\" srcset=\"https:\/\/www.ecolenormalecortot.com\/wp-content\/uploads\/2025\/05\/Image-7-1.jpg 341w, https:\/\/www.ecolenormalecortot.com\/wp-content\/uploads\/2025\/05\/Image-7-1-213x300.jpg 213w\" sizes=\"auto, (max-width: 341px) 100vw, 341px\" \/><figcaption class=\"wp-element-caption\"><strong>David Linx<\/strong><\/figcaption><\/figure>\n\n\n\n<p><strong>David Linx<\/strong>, a leading figure in European vocal jazz, has recorded over\u00a025 albums\u00a0as a leader or co-leader, while collaborating with major artists such as\u00a0Toots Thielemans, Paolo Fresu,\u00a0Ivan Lins,\u00a0Maria Jo\u00e3o,\u00a0Natalie Dessay, and Michel Portal. His groundbreaking project\u00a0<em>A Lover\u2019s Question<\/em>, based on texts by\u00a0James Baldwin, brought him international recognition. Since 1992, his long-standing duo with pianist\u00a0Diederik Wissels\u00a0has been widely acclaimed for its\u00a0innovative contribution to contemporary vocal jazz. A highly regarded educator, he has taught since 1995 at the Royal Conservatory of Brussels, and is a frequent guest in major European institutions.<\/p>\n<\/div>\n<\/div>\n\n\n\n<div class=\"wp-block-columns is-layout-flex wp-container-core-columns-is-layout-9d6595d7 wp-block-columns-is-layout-flex\">\n<div class=\"wp-block-column is-layout-flow wp-block-column-is-layout-flow\">\n<figure class=\"wp-block-image size-full\"><img loading=\"lazy\" decoding=\"async\" width=\"886\" height=\"1168\" src=\"https:\/\/www.ecolenormalecortot.com\/wp-content\/uploads\/2025\/05\/Image-2-3.jpg\" alt=\"\" class=\"wp-image-10204\" srcset=\"https:\/\/www.ecolenormalecortot.com\/wp-content\/uploads\/2025\/05\/Image-2-3.jpg 886w, https:\/\/www.ecolenormalecortot.com\/wp-content\/uploads\/2025\/05\/Image-2-3-228x300.jpg 228w, https:\/\/www.ecolenormalecortot.com\/wp-content\/uploads\/2025\/05\/Image-2-3-777x1024.jpg 777w, https:\/\/www.ecolenormalecortot.com\/wp-content\/uploads\/2025\/05\/Image-2-3-768x1012.jpg 768w\" sizes=\"auto, (max-width: 886px) 100vw, 886px\" \/><figcaption class=\"wp-element-caption\"><strong>Gauthier Garrigue<\/strong><\/figcaption><\/figure>\n\n\n\n<p><strong>Gauthier Garrigue<\/strong>\u00a0is a French drummer and guitarist. He graduated from the Conservatory of Perpignan\u00a0in 2002 and moved to Paris in 2007, where he has collaborated with numerous ensembles and musicians on the jazz scene, including\u00a0Yuval Amihai Ensemble,\u00a0Flash Pig,\u00a0David Enhco,\u00a0Paul Lay, and\u00a0Logan Richardson. Very active, he has performed with many leading figures of French and international jazz and toured worldwide (Europe, Asia, Africa, Canada) at prestigious festivals such as\u00a0Jazz in Marciac,\u00a0Jazz \u00e0 S\u00e8te, the\u00a0Victoria Jazz Festival, and the\u00a0Belgrade Jazz Festival. Since 2008, he has taught at the\u00a0Bill Evans Piano Academy\u00a0in Paris.<\/p>\n<\/div>\n\n\n\n<div class=\"wp-block-column is-layout-flow wp-block-column-is-layout-flow\">\n<figure class=\"wp-block-image size-full\"><img loading=\"lazy\" decoding=\"async\" width=\"665\" height=\"878\" src=\"https:\/\/www.ecolenormalecortot.com\/wp-content\/uploads\/2025\/05\/Image-4-2.jpg\" alt=\"\" class=\"wp-image-10210\" srcset=\"https:\/\/www.ecolenormalecortot.com\/wp-content\/uploads\/2025\/05\/Image-4-2.jpg 665w, https:\/\/www.ecolenormalecortot.com\/wp-content\/uploads\/2025\/05\/Image-4-2-227x300.jpg 227w\" sizes=\"auto, (max-width: 665px) 100vw, 665px\" \/><figcaption class=\"wp-element-caption\"><strong>\u00c9mile Parisien<\/strong><\/figcaption><\/figure>\n\n\n\n<p><strong>\u00c9mile Parisien<\/strong>\u00a0is a French jazz saxophonist. He trained in Marciac and then at the Conservatory of Toulouse before moving to Paris in 2000, where he founded his own quartet in 2004 with\u00a0Julien Tou\u00e9ry,\u00a0Ivan G\u00e9lugne, and\u00a0Sylvain Darrifourcq. His playing, at the crossroads of jazz and contemporary music, has led him to collaborate with major figures such as\u00a0Michel Portal,\u00a0Vincent Peirani, and\u00a0Joachim K\u00fchn. Winner of numerous awards including the\u00a0Django Reinhardt Prize (2012)\u00a0and Victoires du Jazz (2014), he has established himself as a key figure in European jazz.<\/p>\n<\/div>\n\n\n\n<div class=\"wp-block-column is-layout-flow wp-block-column-is-layout-flow\">\n<p><\/p>\n<\/div>\n<\/div>\n\n\n\n<h3 class=\"wp-block-heading\">A Creative and Inspiring Environment<\/h3>\n\n\n\n<p>Jazz students have full access to the School\u2019s studios and rehearsal rooms and actively participate in the School\u2019s artistic life, including performances at the&nbsp;<strong>Salle Cortot<\/strong>.<\/p>\n\n\n\n<p>A&nbsp;<strong>Jazz Festival<\/strong>&nbsp;is planned for the 2025\u20132026 season to showcase emerging jazz talent and projects led by our students and faculty.<\/p>\n\n\n\n<h3 class=\"wp-block-heading\">A Comprehensive Curriculum<\/h3>\n\n\n\n<p>In addition to individual instrumental lessons, students may also benefit from:<\/p>\n\n\n\n<ul class=\"wp-block-list\">\n<li><strong>Free access to classical music courses<\/strong>\u00a0(music theory, music history, analysis), to enrich their musical background.<\/li>\n\n\n\n<li><strong>Jazz-specific theoretical courses<\/strong>\u00a0(harmony, composition, jazz culture) led by\u00a0<strong>St\u00e9phane Audart<\/strong>.<\/li>\n\n\n\n<li><strong>Tai Chi classes<\/strong>,\u00a0<strong>a physiotherapist<\/strong>, and the\u00a0<strong>Digital Chair Program<\/strong>, all available to students.<\/li>\n\n\n\n<li><strong>Workshops and masterclasses<\/strong>\u00a0throughout the year (e.g.,\u00a0<em>\u201cKeyboard Harmonization\u201d<\/em>\u00a0by Isabelle Duha, or\u00a0<em>\u201cPoetry and Performance\u201d<\/em>\u00a0workshops with Fran\u00e7ois Leroux).<\/li>\n<\/ul>\n\n\n\n<p>The school is open&nbsp;<strong>every day, Monday through Sunday<\/strong>.<\/p>\n\n\n\n<h3 class=\"wp-block-heading\">Tuition and Scholarships<\/h3>\n\n\n\n<p>The annual cost of the program is&nbsp;<strong>\u20ac7,520<\/strong>, plus:<\/p>\n\n\n\n<ul class=\"wp-block-list\">\n<li>\u20ac400 registration fee for EU students<\/li>\n\n\n\n<li>\u20ac600 registration fee for non-EU students<\/li>\n<\/ul>\n\n\n\n<p>A&nbsp;<strong>scholarship program<\/strong>&nbsp;is available upon request and subject to review. Students must first&nbsp;<strong>pre-register online<\/strong>&nbsp;via the School\u2019s website. Once they receive their student ID number, they can complete the online scholarship application form. Two review sessions are held, with the first taking place at the&nbsp;<strong>end of May<\/strong>. Applicants receive prompt feedback following this session.<\/p>\n\n\n\n<hr class=\"wp-block-separator has-alpha-channel-opacity\"\/>\n\n\n\n<h3 class=\"wp-block-heading\"><\/h3>\n","protected":false},"excerpt":{"rendered":"<p>The \u00c9cole Normale de Musique de Paris Opens a New Chapter: Launch of the Jazz Department in October 2025. Applications [&hellip;]<\/p>\n","protected":false},"featured_media":0,"template":"","meta":{"_acf_changed":false},"event_category":[],"class_list":["post-10329","event","type-event","status-publish","hentry"],"acf":{"presentation":"","musicians":"","program":"","host":"","date":"","time_start":"","time_end":"","end_date":"","location_name":"","location_address":"","phone":"","link":"","booking_link":"","price_from":"","hide_price":false,"teachers":"","event_type":"","datetime":"","end_datetime":"","booking_infos":"","source_post_id":""},"yoast_head":"<!-- This site is optimized with the Yoast SEO plugin v27.5 - https:\/\/yoast.com\/product\/yoast-seo-wordpress\/ -->\n<title>Opening of the Jazz Department - Ecole Normale de Musique de Paris<\/title>\n<meta name=\"robots\" content=\"index, follow, max-snippet:-1, max-image-preview:large, max-video-preview:-1\" \/>\n<link rel=\"canonical\" href=\"https:\/\/www.ecolenormalecortot.com\/en\/event\/opening-of-the-jazz-department\/\" \/>\n<meta property=\"og:locale\" content=\"en_US\" \/>\n<meta property=\"og:type\" content=\"article\" \/>\n<meta property=\"og:title\" content=\"Opening of the Jazz Department - Ecole Normale de Musique de Paris\" \/>\n<meta property=\"og:description\" content=\"The \u00c9cole Normale de Musique de Paris Opens a New Chapter: Launch of the Jazz Department in October 2025. Applications [&hellip;]\" \/>\n<meta property=\"og:url\" content=\"https:\/\/www.ecolenormalecortot.com\/en\/event\/opening-of-the-jazz-department\/\" \/>\n<meta property=\"og:site_name\" content=\"Ecole Normale de Musique de Paris\" \/>\n<meta property=\"article:modified_time\" content=\"2025-05-27T14:22:01+00:00\" \/>\n<meta property=\"og:image\" content=\"https:\/\/www.ecolenormalecortot.com\/wp-content\/uploads\/2025\/04\/Image-1-2.jpg\" \/>\n\t<meta property=\"og:image:width\" content=\"1080\" \/>\n\t<meta property=\"og:image:height\" content=\"1415\" \/>\n\t<meta property=\"og:image:type\" content=\"image\/jpeg\" \/>\n<meta name=\"twitter:card\" content=\"summary_large_image\" \/>\n<meta name=\"twitter:label1\" content=\"Est. reading time\" \/>\n\t<meta name=\"twitter:data1\" content=\"8 minutes\" \/>\n<script type=\"application\/ld+json\" class=\"yoast-schema-graph\">{\"@context\":\"https:\\\/\\\/schema.org\",\"@graph\":[{\"@type\":\"WebPage\",\"@id\":\"https:\\\/\\\/www.ecolenormalecortot.com\\\/en\\\/event\\\/opening-of-the-jazz-department\\\/\",\"url\":\"https:\\\/\\\/www.ecolenormalecortot.com\\\/en\\\/event\\\/opening-of-the-jazz-department\\\/\",\"name\":\"Opening of the Jazz Department - Ecole Normale de Musique de Paris\",\"isPartOf\":{\"@id\":\"https:\\\/\\\/www.ecolenormalecortot.com\\\/en\\\/#website\"},\"primaryImageOfPage\":{\"@id\":\"https:\\\/\\\/www.ecolenormalecortot.com\\\/en\\\/event\\\/opening-of-the-jazz-department\\\/#primaryimage\"},\"image\":{\"@id\":\"https:\\\/\\\/www.ecolenormalecortot.com\\\/en\\\/event\\\/opening-of-the-jazz-department\\\/#primaryimage\"},\"thumbnailUrl\":\"https:\\\/\\\/www.ecolenormalecortot.com\\\/wp-content\\\/uploads\\\/2025\\\/04\\\/Image-1-2-782x1024.jpg\",\"datePublished\":\"2025-05-27T14:22:00+00:00\",\"dateModified\":\"2025-05-27T14:22:01+00:00\",\"breadcrumb\":{\"@id\":\"https:\\\/\\\/www.ecolenormalecortot.com\\\/en\\\/event\\\/opening-of-the-jazz-department\\\/#breadcrumb\"},\"inLanguage\":\"en-US\",\"potentialAction\":[{\"@type\":\"ReadAction\",\"target\":[\"https:\\\/\\\/www.ecolenormalecortot.com\\\/en\\\/event\\\/opening-of-the-jazz-department\\\/\"]}]},{\"@type\":\"ImageObject\",\"inLanguage\":\"en-US\",\"@id\":\"https:\\\/\\\/www.ecolenormalecortot.com\\\/en\\\/event\\\/opening-of-the-jazz-department\\\/#primaryimage\",\"url\":\"https:\\\/\\\/www.ecolenormalecortot.com\\\/wp-content\\\/uploads\\\/2025\\\/04\\\/Image-1-2-782x1024.jpg\",\"contentUrl\":\"https:\\\/\\\/www.ecolenormalecortot.com\\\/wp-content\\\/uploads\\\/2025\\\/04\\\/Image-1-2-782x1024.jpg\"},{\"@type\":\"BreadcrumbList\",\"@id\":\"https:\\\/\\\/www.ecolenormalecortot.com\\\/en\\\/event\\\/opening-of-the-jazz-department\\\/#breadcrumb\",\"itemListElement\":[{\"@type\":\"ListItem\",\"position\":1,\"name\":\"Accueil\",\"item\":\"https:\\\/\\\/www.ecolenormalecortot.com\\\/en\\\/\"},{\"@type\":\"ListItem\",\"position\":2,\"name\":\"\u00c9v\u00e8nements\",\"item\":\"https:\\\/\\\/www.ecolenormalecortot.com\\\/en\\\/event\\\/\"},{\"@type\":\"ListItem\",\"position\":3,\"name\":\"Opening of the Jazz Department\"}]},{\"@type\":\"WebSite\",\"@id\":\"https:\\\/\\\/www.ecolenormalecortot.com\\\/en\\\/#website\",\"url\":\"https:\\\/\\\/www.ecolenormalecortot.com\\\/en\\\/\",\"name\":\"Ecole Normale de Musique de Paris\",\"description\":\"\",\"publisher\":{\"@id\":\"https:\\\/\\\/www.ecolenormalecortot.com\\\/en\\\/#organization\"},\"potentialAction\":[{\"@type\":\"SearchAction\",\"target\":{\"@type\":\"EntryPoint\",\"urlTemplate\":\"https:\\\/\\\/www.ecolenormalecortot.com\\\/en\\\/?s={search_term_string}\"},\"query-input\":{\"@type\":\"PropertyValueSpecification\",\"valueRequired\":true,\"valueName\":\"search_term_string\"}}],\"inLanguage\":\"en-US\"},{\"@type\":\"Organization\",\"@id\":\"https:\\\/\\\/www.ecolenormalecortot.com\\\/en\\\/#organization\",\"name\":\"Ecole Normale de Musique de Paris\",\"url\":\"https:\\\/\\\/www.ecolenormalecortot.com\\\/en\\\/\",\"logo\":{\"@type\":\"ImageObject\",\"inLanguage\":\"en-US\",\"@id\":\"https:\\\/\\\/www.ecolenormalecortot.com\\\/en\\\/#\\\/schema\\\/logo\\\/image\\\/\",\"url\":\"https:\\\/\\\/www.ecolenormalecortot.com\\\/wp-content\\\/uploads\\\/2023\\\/02\\\/android-chrome-512x512-1.png\",\"contentUrl\":\"https:\\\/\\\/www.ecolenormalecortot.com\\\/wp-content\\\/uploads\\\/2023\\\/02\\\/android-chrome-512x512-1.png\",\"width\":512,\"height\":512,\"caption\":\"Ecole Normale de Musique de Paris\"},\"image\":{\"@id\":\"https:\\\/\\\/www.ecolenormalecortot.com\\\/en\\\/#\\\/schema\\\/logo\\\/image\\\/\"}}]}<\/script>\n<!-- \/ Yoast SEO plugin. -->","yoast_head_json":{"title":"Opening of the Jazz Department - Ecole Normale de Musique de Paris","robots":{"index":"index","follow":"follow","max-snippet":"max-snippet:-1","max-image-preview":"max-image-preview:large","max-video-preview":"max-video-preview:-1"},"canonical":"https:\/\/www.ecolenormalecortot.com\/en\/event\/opening-of-the-jazz-department\/","og_locale":"en_US","og_type":"article","og_title":"Opening of the Jazz Department - Ecole Normale de Musique de Paris","og_description":"The \u00c9cole Normale de Musique de Paris Opens a New Chapter: Launch of the Jazz Department in October 2025. Applications [&hellip;]","og_url":"https:\/\/www.ecolenormalecortot.com\/en\/event\/opening-of-the-jazz-department\/","og_site_name":"Ecole Normale de Musique de Paris","article_modified_time":"2025-05-27T14:22:01+00:00","og_image":[{"width":1080,"height":1415,"url":"https:\/\/www.ecolenormalecortot.com\/wp-content\/uploads\/2025\/04\/Image-1-2.jpg","type":"image\/jpeg"}],"twitter_card":"summary_large_image","twitter_misc":{"Est. reading time":"8 minutes"},"schema":{"@context":"https:\/\/schema.org","@graph":[{"@type":"WebPage","@id":"https:\/\/www.ecolenormalecortot.com\/en\/event\/opening-of-the-jazz-department\/","url":"https:\/\/www.ecolenormalecortot.com\/en\/event\/opening-of-the-jazz-department\/","name":"Opening of the Jazz Department - Ecole Normale de Musique de Paris","isPartOf":{"@id":"https:\/\/www.ecolenormalecortot.com\/en\/#website"},"primaryImageOfPage":{"@id":"https:\/\/www.ecolenormalecortot.com\/en\/event\/opening-of-the-jazz-department\/#primaryimage"},"image":{"@id":"https:\/\/www.ecolenormalecortot.com\/en\/event\/opening-of-the-jazz-department\/#primaryimage"},"thumbnailUrl":"https:\/\/www.ecolenormalecortot.com\/wp-content\/uploads\/2025\/04\/Image-1-2-782x1024.jpg","datePublished":"2025-05-27T14:22:00+00:00","dateModified":"2025-05-27T14:22:01+00:00","breadcrumb":{"@id":"https:\/\/www.ecolenormalecortot.com\/en\/event\/opening-of-the-jazz-department\/#breadcrumb"},"inLanguage":"en-US","potentialAction":[{"@type":"ReadAction","target":["https:\/\/www.ecolenormalecortot.com\/en\/event\/opening-of-the-jazz-department\/"]}]},{"@type":"ImageObject","inLanguage":"en-US","@id":"https:\/\/www.ecolenormalecortot.com\/en\/event\/opening-of-the-jazz-department\/#primaryimage","url":"https:\/\/www.ecolenormalecortot.com\/wp-content\/uploads\/2025\/04\/Image-1-2-782x1024.jpg","contentUrl":"https:\/\/www.ecolenormalecortot.com\/wp-content\/uploads\/2025\/04\/Image-1-2-782x1024.jpg"},{"@type":"BreadcrumbList","@id":"https:\/\/www.ecolenormalecortot.com\/en\/event\/opening-of-the-jazz-department\/#breadcrumb","itemListElement":[{"@type":"ListItem","position":1,"name":"Accueil","item":"https:\/\/www.ecolenormalecortot.com\/en\/"},{"@type":"ListItem","position":2,"name":"\u00c9v\u00e8nements","item":"https:\/\/www.ecolenormalecortot.com\/en\/event\/"},{"@type":"ListItem","position":3,"name":"Opening of the Jazz Department"}]},{"@type":"WebSite","@id":"https:\/\/www.ecolenormalecortot.com\/en\/#website","url":"https:\/\/www.ecolenormalecortot.com\/en\/","name":"Ecole Normale de Musique de Paris","description":"","publisher":{"@id":"https:\/\/www.ecolenormalecortot.com\/en\/#organization"},"potentialAction":[{"@type":"SearchAction","target":{"@type":"EntryPoint","urlTemplate":"https:\/\/www.ecolenormalecortot.com\/en\/?s={search_term_string}"},"query-input":{"@type":"PropertyValueSpecification","valueRequired":true,"valueName":"search_term_string"}}],"inLanguage":"en-US"},{"@type":"Organization","@id":"https:\/\/www.ecolenormalecortot.com\/en\/#organization","name":"Ecole Normale de Musique de Paris","url":"https:\/\/www.ecolenormalecortot.com\/en\/","logo":{"@type":"ImageObject","inLanguage":"en-US","@id":"https:\/\/www.ecolenormalecortot.com\/en\/#\/schema\/logo\/image\/","url":"https:\/\/www.ecolenormalecortot.com\/wp-content\/uploads\/2023\/02\/android-chrome-512x512-1.png","contentUrl":"https:\/\/www.ecolenormalecortot.com\/wp-content\/uploads\/2023\/02\/android-chrome-512x512-1.png","width":512,"height":512,"caption":"Ecole Normale de Musique de Paris"},"image":{"@id":"https:\/\/www.ecolenormalecortot.com\/en\/#\/schema\/logo\/image\/"}}]}},"_links":{"self":[{"href":"https:\/\/www.ecolenormalecortot.com\/en\/wp-json\/wp\/v2\/event\/10329","targetHints":{"allow":["GET"]}}],"collection":[{"href":"https:\/\/www.ecolenormalecortot.com\/en\/wp-json\/wp\/v2\/event"}],"about":[{"href":"https:\/\/www.ecolenormalecortot.com\/en\/wp-json\/wp\/v2\/types\/event"}],"wp:attachment":[{"href":"https:\/\/www.ecolenormalecortot.com\/en\/wp-json\/wp\/v2\/media?parent=10329"}],"wp:term":[{"taxonomy":"event_category","embeddable":true,"href":"https:\/\/www.ecolenormalecortot.com\/en\/wp-json\/wp\/v2\/event_category?post=10329"}],"curies":[{"name":"wp","href":"https:\/\/api.w.org\/{rel}","templated":true}]}}